{"id":5831,"date":"2026-01-28T15:01:29","date_gmt":"2026-01-28T18:01:29","guid":{"rendered":"https:\/\/www.cesar.org.br\/painel\/?post_type=insight&#038;p=5831"},"modified":"2026-04-16T10:36:31","modified_gmt":"2026-04-16T13:36:31","slug":"investimento-social-privado-e-motor-inovador-na-educacao","status":"publish","type":"insight","link":"https:\/\/www.cesar.org.br\/painel\/insight\/investimento-social-privado-e-motor-inovador-na-educacao\/","title":{"rendered":"Como o investimento social privado pode impulsionar novos modelos de educa\u00e7\u00e3o?"},"content":{"rendered":"<p data-pm-slice=\"0 0 []\">Nos \u00faltimos anos, falar sobre educa\u00e7\u00e3o no Brasil deixou de ser somente discutir notas, m\u00e9todos de ensino ou carga hor\u00e1ria. A pauta, agora, passou a envolver o futuro de territ\u00f3rios inteiros, a <strong>prepara\u00e7\u00e3o de jovens para novas profiss\u00f5es<\/strong> e a urg\u00eancia de reduzir desigualdades que impedem milh\u00f5es de acessar oportunidades reais.<\/p>\n<p>Nesse cen\u00e1rio, o investimento social privado (ISP) se destaca como uma pe\u00e7a que faltava, n\u00e3o como substituto das pol\u00edticas p\u00fablicas, mas como uma for\u00e7a que impulsiona, conecta e acelera o que precisa acontecer.<\/p>\n<p>O mais interessante \u00e9 que o ISP n\u00e3o atua sozinho. Quando se articula com organiza\u00e7\u00f5es como o <a href=\"https:\/\/www.cesar.org.br\/quem-somos\" target=\"_blank\" rel=\"noopener\">CESAR<\/a>, ele deixa de ser s\u00f3 aporte financeiro e passa a ser capacidade t\u00e9cnica, intelig\u00eancia territorial e inova\u00e7\u00e3o trabalhando juntas para fortalecer trajet\u00f3rias de estudantes, educadores e comunidades.<\/p>\n<p>Ou seja, \u00e9 sobre criar pontes entre o potencial das pessoas e o que o mercado realmente demanda, unindo desenvolvimento social e tecnologia. E, se voc\u00ea acompanha os desafios da educa\u00e7\u00e3o brasileira e quer entender como esse movimento est\u00e1 abrindo portas, mudando narrativas e gerando impacto que se mede na pr\u00e1tica, este conte\u00fado ser\u00e1 \u00f3timo para voc\u00ea. Continue lendo!<\/p>\n<h2>O que torna o investimento social privado diferente da filantropia tradicional?<\/h2>\n<p>O investimento social privado (ISP) \u00e9 a pr\u00e1tica em que<strong> empresas, institutos e funda\u00e7\u00f5es direcionam recursos, <\/strong>financeiros, humanos ou tecnol\u00f3gicos, para projetos sociais estruturados.<\/p>\n<p>Diferente de a\u00e7\u00f5es espor\u00e1dicas, o ISP funciona como uma estrat\u00e9gia de desenvolvimento, com objetivos definidos, metas claras e foco em impacto mensur\u00e1vel.<\/p>\n<p>O que diferencia o ISP da filantropia tradicional \u00e9 justamente essa atua\u00e7\u00e3o sistem\u00e1tica. Enquanto iniciativas filantr\u00f3picas costumam responder a urg\u00eancias pontuais, o ISP trabalha com planejamento de longo prazo, acompanhamento cont\u00ednuo e resultados verific\u00e1veis. N\u00e3o \u00e9 apenas uma doa\u00e7\u00e3o: \u00e9 uma constru\u00e7\u00e3o estruturada de solu\u00e7\u00f5es sociais. O CESAR, enquanto ICT (institui\u00e7\u00e3o cient\u00edfica, tecnol\u00f3gica e de inova\u00e7\u00e3o), cumpre um papel essencial: conectar diferentes atores e transformar necessidades territoriais em solu\u00e7\u00f5es estruturadas.<\/p>\n<h3>Investimento social privado na pr\u00e1tica<\/h3>\n<p>A governan\u00e7a tamb\u00e9m \u00e9 um ponto importante para destacarmos. Projetos de ISP s\u00e3o conduzidos com processos s\u00f3lidos de <strong>accountability, transpar\u00eancia e monitoramento<\/strong>.<\/p>\n<p>Dados s\u00e3o coletados, indicadores s\u00e3o analisados e o desenho dos programas \u00e9 ajustado conforme necess\u00e1rio, garantindo efici\u00eancia e credibilidade para todos os parceiros envolvidos.<\/p>\n<p>Outro diferencial importante \u00e9 a vis\u00e3o territorial. O ISP parte de diagn\u00f3sticos locais, escuta comunidades e envolve educadores,<br \/>\ngestores e organiza\u00e7\u00f5es em cada etapa.<\/p>\n<p>Isso evita iniciativas gen\u00e9ricas e assegura que os programas dialoguem com necessidades reais, aumentando ades\u00e3o, impacto e sustentabilidade.<\/p>\n<p>Assim, mais do que mitigar problemas imediatos, o ISP contribui para fortalecer capacidades locais, apoiar pol\u00edticas p\u00fablicas e ampliar oportunidades de forma cont\u00ednua. \u00c9 uma abordagem que transforma contextos porque combina planejamento, evid\u00eancias e corresponsabilidade, elementos essenciais para gerar <a href=\"https:\/\/www.cesar.org.br\/w\/inclusao-produtiva-educacao-empreendedora-e-oportunidades\" target=\"_blank\" rel=\"noopener\">impacto social e inclus\u00e3o!<\/a><\/p>\n<p><a href=\"https:\/\/materiais.cesar.org.br\/ebook-educacao-digital\"><img loading=\"lazy\" decoding=\"async\" class=\"aligncenter wp-image-5672 size-large\" src=\"https:\/\/www.cesar.org.br\/painel\/wp-content\/uploads\/2025\/10\/enxoval-ebook-edu-digital-linkedin-1024x535.png\" alt=\"\" width=\"1024\" height=\"535\" srcset=\"https:\/\/www.cesar.org.br\/painel\/wp-content\/uploads\/2025\/10\/enxoval-ebook-edu-digital-linkedin-1024x535.png 1024w, https:\/\/www.cesar.org.br\/painel\/wp-content\/uploads\/2025\/10\/enxoval-ebook-edu-digital-linkedin-300x157.png 300w, https:\/\/www.cesar.org.br\/painel\/wp-content\/uploads\/2025\/10\/enxoval-ebook-edu-digital-linkedin-768x401.png 768w, https:\/\/www.cesar.org.br\/painel\/wp-content\/uploads\/2025\/10\/enxoval-ebook-edu-digital-linkedin.png 1200w\" sizes=\"auto, (max-width: 1024px) 100vw, 1024px\" \/><\/a><\/p>\n<h2>Por que apostar em ISP estrat\u00e9gico para impulsionar a educa\u00e7\u00e3o inovadora?<\/h2>\n<p>Quando o investimento social privado \u00e9 planejado com inten\u00e7\u00e3o e foco, ele deixa de ser apenas financiamento e passa a participar da constru\u00e7\u00e3o das solu\u00e7\u00f5es. Institutos, funda\u00e7\u00f5es e fundos atuam lado a lado com quem conhece o territ\u00f3rio e com institui\u00e7\u00f5es t\u00e9cnicas \u2014 como o CESAR \u2014 para<strong> desenvolver iniciativas que fazem sentido no dia a dia das pessoas<\/strong>.<\/p>\n<p>Essa parceria permite criar projetos que atendem demandas reais, ampliam o acesso \u00e0 tecnologia e conectam jovens a oportunidades concretas.<\/p>\n<p>Em vez de a\u00e7\u00f5es isoladas, o ISP estrat\u00e9gico ajuda a fortalecer capacidades locais e preparar caminhos mais consistentes para quem depende da educa\u00e7\u00e3o para avan\u00e7ar.<\/p>\n<p>Em resumo, essa integra\u00e7\u00e3o estrat\u00e9gica possibilita:<\/p>\n<ul>\n<li>Modelos educacionais mais pr\u00e1ticos e replic\u00e1veis;<\/li>\n<li><a href=\"https:\/\/www.cesar.org.br\/w\/empregabilidade-jovem-impacto-social-com-inclusao-digital\" target=\"_blank\" rel=\"noopener\">Inclus\u00e3o digital<\/a>;<\/li>\n<li>Forma\u00e7\u00e3o tecnol\u00f3gica alinhada ao mercado;<\/li>\n<li>Programas conectados \u00e0s compet\u00eancias que as empresas j\u00e1 buscam hoje.<\/li>\n<\/ul>\n<h2>Inova\u00e7\u00e3o em educa\u00e7\u00e3o: como funda\u00e7\u00f5es e ICTs lideram solu\u00e7\u00f5es colaborativas<\/h2>\n<p>Quando funda\u00e7\u00f5es, ICTs e governos trabalham juntas, a educa\u00e7\u00e3o avan\u00e7a de forma mais r\u00e1pida e consistente. Cada parte contribui com conhecimentos diferentes, seja t\u00e9cnico, territorial, social ou institucional, e <strong>\u00e9 dessa soma que surgem solu\u00e7\u00f5es realmente aplic\u00e1veis ao dia a dia<\/strong>.<\/p>\n<p>O CESAR, maior centro de inova\u00e7\u00e3o e conhecimento do Brasil, atua como ponte entre esses atores, traduzindo desafios dos territ\u00f3rios em projetos estruturados e vi\u00e1veis.<\/p>\n<p>Essa uni\u00e3o cria um ecossistema colaborativo: funda\u00e7\u00f5es que financiam, <a href=\"https:\/\/www.cesar.org.br\/w\/maximizando-o-potencial-inovador-o-papel-dos-icts-em-projetos-de-inovacao\" target=\"_blank\" rel=\"noopener\">ICTs que desenvolvem tecnologia<\/a>, governos que viabilizam pol\u00edticas p\u00fablicas e lideran\u00e7as locais que conectam tudo ao contexto do territ\u00f3rio. \u00c9 essa articula\u00e7\u00e3o que d\u00e1 vida a projetos capazes de sair do papel e gerar mudan\u00e7as concretas.<\/p>\n<p>Com isso, pol\u00edticas p\u00fablicas ganham for\u00e7a, iniciativas chegam a regi\u00f5es antes pouco atendidas e a tecnologia passa a fazer parte do cotidiano escolar de forma natural e \u00fatil.<\/p>\n<p>No fim, a presen\u00e7a de edtechs, lideran\u00e7as locais e comunidades amplia ainda mais o alcance e garante que as solu\u00e7\u00f5es respeitem as especificidades de cada lugar, um ponto decisivo para gerar impacto real.<\/p>\n<h2>Inclus\u00e3o digital e empregabilidade: prioridades do ISP em educa\u00e7\u00e3o<\/h2>\n<p>O foco do ISP voltado \u00e0 inova\u00e7\u00e3o educacional \u00e9 preparar jovens para o mundo digital, e isso vai muito al\u00e9m de ter internet dispon\u00edvel. Envolve entregar caminhos reais para que cada pessoa estudante consiga se desenvolver, experimentar novas possibilidades e<strong> se aproximar do mercado de trabalho<\/strong>.<\/p>\n<p>Nas iniciativas conduzidas pelo CESAR, jovens de territ\u00f3rios vulner\u00e1veis encontram trilhas formativas que conversam com o futuro do trabalho e com o que as empresas j\u00e1 est\u00e3o buscando. Isso ajuda a abrir portas, ampliar escolhas e fortalecer tanto a empregabilidade quanto o desenvolvimento das comunidades onde vivem.<\/p>\n<p>Essa jornada envolve passos que fazem diferen\u00e7a no dia a dia da pessoa estudante, como:<\/p>\n<ul>\n<li>Aprender o b\u00e1sico e o avan\u00e7ado da forma\u00e7\u00e3o t\u00e9cnica;<\/li>\n<li>Desenvolver habilidades digitais que o mercado j\u00e1 utiliza;<\/li>\n<li>Fortalecer compet\u00eancias socioemocionais para atuar em equipe;<\/li>\n<li>Participar de metodologias ativas que estimulam autonomia;<\/li>\n<li>Se conectar com oportunidades reais de trabalho.<\/li>\n<\/ul>\n<h2>Escuta ativa e articula\u00e7\u00e3o territorial no desenho de programas de impacto<\/h2>\n<p>Nenhum programa educacional se sustenta sem entender de verdade o territ\u00f3rio onde vai atuar. \u00c9 por isso que a escuta ativa se torna um pilar essencial do investimento social privado.<\/p>\n<p>Antes de qualquer a\u00e7\u00e3o, \u00e9 preciso conversar com comunidades, gestores, fam\u00edlias e educadores,<strong> mergulhar na rotina local e identificar necessidades reais.<\/strong><\/p>\n<p>Quando esse processo \u00e9 levado a s\u00e9rio, os programas ganham ader\u00eancia, respeitam particularidades, criam v\u00ednculos fortes com quem vive o territ\u00f3rio e permanecem vivos por muito mais tempo.<\/p>\n<p>No fim, \u00e9 a escuta qualificada que transforma boas inten\u00e7\u00f5es em pol\u00edticas e projetos que realmente fazem sentido para quem mais precisa.<\/p>\n<h2>Mensura\u00e7\u00e3o de impacto e accountability: como avaliar o sucesso do ISP<\/h2>\n<p>No investimento social privado, medir impacto n\u00e3o \u00e9 um detalhe, \u00e9 o que garante que cada iniciativa realmente entrega valor para as pessoas e para o territ\u00f3rio.<\/p>\n<p>A mensura\u00e7\u00e3o come\u00e7a com um desenho claro de objetivos, segue com a defini\u00e7\u00e3o dos indicadores certos e depende de <strong>acompanhamento cont\u00ednuo para ajustar rotas ao longo do caminho.<\/strong><\/p>\n<p>A avalia\u00e7\u00e3o costuma reunir dados quantitativos e qualitativos, combinando m\u00e9tricas que permitem enxergar resultados imediatos e efeitos de longo prazo.<\/p>\n<p>Entre os indicadores mais utilizados est\u00e3o empregabilidade, perman\u00eancia e retorno \u00e0 escolariza\u00e7\u00e3o, desenvolvimento de compet\u00eancias t\u00e9cnicas e socioemocionais, autonomia dos participantes e mudan\u00e7as consolidadas no territ\u00f3rio.<\/p>\n<p>Quando essas informa\u00e7\u00f5es s\u00e3o analisadas de forma estruturada, \u00e9 poss\u00edvel identificar o que funciona, o que precisa ser aprimorado e como ampliar o alcance das a\u00e7\u00f5es.<\/p>\n<p>Por fim, a pr\u00e1tica de accountability, prestar contas com transpar\u00eancia, refor\u00e7a a confian\u00e7a entre financiadores, implementadores e comunidades. Ela evidencia aprendizados, mostra evolu\u00e7\u00e3o dos programas e garante que o ISP permane\u00e7a alinhado \u00e0s necessidades reais das pessoas que busca apoiar.<\/p>\n<h2>Cases que mostram o poder do ISP aplicado \u00e0 inova\u00e7\u00e3o educacional<\/h2>\n<p>Para al\u00e9m da teoria, alguns programas j\u00e1 demonstram na pr\u00e1tica como o investimento social privado, quando bem estruturado e conectado ao territ\u00f3rio, muda trajet\u00f3rias e amplia oportunidades. Separamos dois exemplos \u00f3timos, que ilustram diferentes caminhos para fortalecer a forma\u00e7\u00e3o tecnol\u00f3gica e ampliar inclus\u00e3o. Veja mais!<\/p>\n<h3><a href=\"https:\/\/www.cesar.org.br\/w\/florescendo-talentos-parcerias-estrategicas-para-acesso-a-educacao-tecnologica-em-larga-escala\" target=\"_blank\" rel=\"noopener\">Case Florescendo Talentos: forma\u00e7\u00e3o t\u00e9cnica em TI com intelig\u00eancia territorial<\/a><\/h3>\n<p>Criado pelo CESAR em parceria com o Governo de Pernambuco, o Florescendo Talentos mostra como o alinhamento entre setor p\u00fablico, ICTs e comunidade gera resultados consistentes.<\/p>\n<p>O programa combina <strong>metodologias ativas, trilhas t\u00e9cnicas de TI e tutoria cont\u00ednua<\/strong>, sempre respeitando o contexto e a cultura de cada escola.<\/p>\n<p>Com isso, jovens passam a ter acesso a uma forma\u00e7\u00e3o tecnol\u00f3gica estruturada, ampliam suas chances de inser\u00e7\u00e3o produtiva e fortalecem seu v\u00ednculo com oportunidades da pr\u00f3pria regi\u00e3o. Esse case \u00e9 um exemplo de como a intelig\u00eancia territorial torna a inova\u00e7\u00e3o mais acess\u00edvel e relevante.<\/p>\n<p><iframe loading=\"lazy\" title=\"Florescendo Talentos: parcerias estrat\u00e9gicas para acesso \u00e0 educa\u00e7\u00e3o tecnol\u00f3gica em larga escala\" width=\"500\" height=\"281\" src=\"https:\/\/www.youtube.com\/embed\/KKEK4IKm4IU?feature=oembed\" frameborder=\"0\" allow=\"accelerometer; autoplay; clipboard-write; encrypted-media; gyroscope; picture-in-picture; web-share\" referrerpolicy=\"strict-origin-when-cross-origin\" allowfullscreen><\/iframe><\/p>\n<h3><a href=\"https:\/\/www.cesar.org.br\/w\/programa-fast-educacao-tecnologica-e-inclusao-apoiada-por-parcerias-publico-privadas\" target=\"_blank\" rel=\"noopener\">Case FAST: inclus\u00e3o e diversidade por meio de forma\u00e7\u00e3o tecnol\u00f3gica gratuita<\/a><\/h3>\n<p>O FAST, tamb\u00e9m desenvolvido pelo CESAR,<strong> refor\u00e7a o papel do ISP na redu\u00e7\u00e3o de desigualdades<\/strong>. Voltado para grupos minorizados, o programa oferece forma\u00e7\u00e3o tecnol\u00f3gica gratuita e alinhada \u00e0s demandas reais do mercado, com uma abordagem pr\u00e1tica e colaborativa que fortalece autonomia e protagonismo.<\/p>\n<p>A iniciativa abre portas para pessoas historicamente exclu\u00eddas do setor de tecnologia, gerando impacto direto em empregabilidade e inclus\u00e3o produtiva. \u00c9 um case que demonstra como inova\u00e7\u00e3o e diversidade caminham juntas quando o investimento social \u00e9 pensado com intencionalidade.<\/p>\n<p><img loading=\"lazy\" decoding=\"async\" class=\"aligncenter wp-image-5980 size-large\" src=\"https:\/\/www.cesar.org.br\/painel\/wp-content\/uploads\/2025\/12\/FAST-1-1-1-1024x683.webp\" alt=\"\" width=\"1024\" height=\"683\" srcset=\"https:\/\/www.cesar.org.br\/painel\/wp-content\/uploads\/2025\/12\/FAST-1-1-1-1024x683.webp 1024w, https:\/\/www.cesar.org.br\/painel\/wp-content\/uploads\/2025\/12\/FAST-1-1-1-300x200.webp 300w, https:\/\/www.cesar.org.br\/painel\/wp-content\/uploads\/2025\/12\/FAST-1-1-1-768x512.webp 768w, https:\/\/www.cesar.org.br\/painel\/wp-content\/uploads\/2025\/12\/FAST-1-1-1.webp 1119w\" sizes=\"auto, (max-width: 1024px) 100vw, 1024px\" \/><\/p>\n<h2>O papel do CESAR como parceiro para solu\u00e7\u00f5es educacionais inovadoras<\/h2>\n<p>Como centro de refer\u00eancia em inova\u00e7\u00e3o, tecnologia e educa\u00e7\u00e3o, o CESAR atua desde o diagn\u00f3stico at\u00e9 a execu\u00e7\u00e3o e mensura\u00e7\u00e3o dos resultados. Nossos diferenciais incluem:<\/p>\n<ul>\n<li>Metodologias ativas propriet\u00e1rias;<\/li>\n<li>Intelig\u00eancia territorial aplicada;<\/li>\n<li>Expertise tecnol\u00f3gica;<\/li>\n<li>Capacidade de cocriar projetos escal\u00e1veis e de alto impacto;<\/li>\n<li>Acompanhamento cont\u00ednuo e avalia\u00e7\u00e3o estruturada.<\/li>\n<\/ul>\n<p>Quando essa articula\u00e7\u00e3o encontra parceiros com experi\u00eancia t\u00e9cnica, vis\u00e3o sist\u00eamica e capacidade de execu\u00e7\u00e3o, os projetos deixam de ser promessas e se transformam em caminhos reais para milhares de pessoas. Se voc\u00ea quer levar essa transforma\u00e7\u00e3o para a sua institui\u00e7\u00e3o, governo ou funda\u00e7\u00e3o,<strong> vale conhecer mais de perto como trabalhamos.<\/strong><\/p>\n<h4>Na p\u00e1gina de educa\u00e7\u00e3o do CESAR, voc\u00ea encontra nossas abordagens, solu\u00e7\u00f5es e cases que mostram na pr\u00e1tica como impulsionamos trajet\u00f3rias por meio de tecnologia, metodologias inovadoras e desenvolvimento territorial. <a href=\"https:\/\/www.cesar.org.br\/educacao\" target=\"_blank\" rel=\"noopener\">Acesse e descubra como atuamos no campo da educa\u00e7\u00e3o!<\/a><\/h4>\n","protected":false},"featured_media":6498,"template":"","categories":[2],"tags":[414,545,420],"formato_insights":[16],"class_list":["post-5831","insight","type-insight","status-publish","has-post-thumbnail","hentry","category-educacao","tag-inclusao-digital","tag-inclusao-socioprodutiva","tag-projetos-educacionais","formato_insights-artigo"],"acf":[],"_links":{"self":[{"href":"https:\/\/www.cesar.org.br\/painel\/wp-json\/wp\/v2\/insight\/5831","targetHints":{"allow":["GET"]}}],"collection":[{"href":"https:\/\/www.cesar.org.br\/painel\/wp-json\/wp\/v2\/insight"}],"about":[{"href":"https:\/\/www.cesar.org.br\/painel\/wp-json\/wp\/v2\/types\/insight"}],"wp:featuredmedia":[{"embeddable":true,"href":"https:\/\/www.cesar.org.br\/painel\/wp-json\/wp\/v2\/media\/6498"}],"wp:attachment":[{"href":"https:\/\/www.cesar.org.br\/painel\/wp-json\/wp\/v2\/media?parent=5831"}],"wp:term":[{"taxonomy":"category","embeddable":true,"href":"https:\/\/www.cesar.org.br\/painel\/wp-json\/wp\/v2\/categories?post=5831"},{"taxonomy":"post_tag","embeddable":true,"href":"https:\/\/www.cesar.org.br\/painel\/wp-json\/wp\/v2\/tags?post=5831"},{"taxonomy":"formato_insights","embeddable":true,"href":"https:\/\/www.cesar.org.br\/painel\/wp-json\/wp\/v2\/formato_insights?post=5831"}],"curies":[{"name":"wp","href":"https:\/\/api.w.org\/{rel}","templated":true}]}}