{"id":5649,"date":"2025-10-13T10:54:42","date_gmt":"2025-10-13T13:54:42","guid":{"rendered":"https:\/\/www.cesar.org.br\/painel\/?post_type=insight&#038;p=5649"},"modified":"2026-04-27T15:44:10","modified_gmt":"2026-04-27T18:44:10","slug":"empregabilidade-jovem-impacto-social-com-inclusao-digital","status":"publish","type":"insight","link":"https:\/\/www.cesar.org.br\/painel\/insight\/empregabilidade-jovem-impacto-social-com-inclusao-digital\/","title":{"rendered":"Empregabilidade jovem: Como promover impacto social com forma\u00e7\u00f5es de inclus\u00e3o digital?"},"content":{"rendered":"<p data-pm-slice=\"0 0 []\">O estudo Futuro do Trabalho 2023, do F\u00f3rum Econ\u00f4mico Mundial, prev\u00ea que at\u00e9 2027 cerca de 23% das ocupa\u00e7\u00f5es ser\u00e3o modificadas pela digitaliza\u00e7\u00e3o e automa\u00e7\u00e3o.<\/p>\n<p>Diante desse cen\u00e1rio, a inclus\u00e3o no mercado de trabalho vai al\u00e9m do acesso a materiais de estudo, demandando inclus\u00e3o digital. Em setores cada vez mais moldados pelas novas tecnologias, os jovens enfrentam desafios que requerem <strong>habilidades que o ensino tradicional, isoladamente, n\u00e3o consegue suprir.<\/strong><\/p>\n<p>Para n\u00e3o s\u00f3 ingressar, mas prosperar e construir carreiras de longo prazo, a capacita\u00e7\u00e3o digital tornou-se um divisor de \u00e1guas. Ela amplia a empregabilidade jovem e permite que aproveitem as melhores oportunidades em jornadas de trabalho modernas e segmentos din\u00e2micos.<\/p>\n<p>Nesse contexto, centros de inova\u00e7\u00e3o se destacam ao oferecer forma\u00e7\u00e3o alinhada \u00e0s necessidades do mercado por meio de <a href=\"https:\/\/www.cesar.org.br\/w\/como-startups-e-grandes-empresas-criam-valor-juntas-com-parcerias-estrategicas\" target=\"_blank\" rel=\"noopener\">parcerias estrat\u00e9gicas<\/a>.<\/p>\n<p>Essa forma\u00e7\u00e3o pr\u00e1tica e voltada \u00e0 realidade profissional tamb\u00e9m materializa a inclus\u00e3o digital, criando pontes s\u00f3lidas que conectam o talento jovem \u00e0s demandas atuais do mercado de trabalho. Continue explorando nossos insights!<\/p>\n<h2>O mercado de trabalho em transforma\u00e7\u00e3o: novas exig\u00eancias para o jovem<\/h2>\n<p>O mercado de trabalho est\u00e1 em constante transforma\u00e7\u00e3o, trazendo novas demandas e desafios para os jovens. As profiss\u00f5es do futuro j\u00e1 fazem parte do presente, <strong>impulsionadas pelo avan\u00e7o tecnol\u00f3gico, automa\u00e7\u00e3o e globaliza\u00e7\u00e3o<\/strong>.<\/p>\n<p>Esses fatores imp\u00f5em a necessidade de adquirir novas compet\u00eancias para acessar as melhores oportunidades, como o dom\u00ednio de plataformas digitais, programa\u00e7\u00e3o, an\u00e1lise de dados e pensamento cr\u00edtico.<\/p>\n<p>Al\u00e9m disso, habilidades socioemocionais \u2014 como comunica\u00e7\u00e3o, criatividade, trabalho em equipe e adaptabilidade \u2014 t\u00eam se tornado essenciais para que os jovens possam se destacar.<\/p>\n<p>Tudo isso torna a empregabilidade um desafio maior, refor\u00e7ando a import\u00e2ncia n\u00e3o s\u00f3 da <a href=\"https:\/\/www.cesar.org.br\/w\/educacao-digital-e-inclusao-com-parcerias-publico-privada\" target=\"_blank\" rel=\"noopener\">capacita\u00e7\u00e3o digital<\/a> individual, mas tamb\u00e9m da inclus\u00e3o digital como estrat\u00e9gia essencial para preparar toda a for\u00e7a de trabalho e promover o desenvolvimento social e econ\u00f4mico.<\/p>\n<h3>A import\u00e2ncia e o impacto da inclus\u00e3o digital nesse mercado de trabalho em transforma\u00e7\u00e3o<\/h3>\n<p>A inclus\u00e3o digital e a capacita\u00e7\u00e3o que tanto mencionamos v\u00e3o al\u00e9m do desenvolvimento individual dos jovens, desempenhando um papel estrat\u00e9gico na diminui\u00e7\u00e3o das desigualdades sociais e no fortalecimento da economia regional.<\/p>\n<p>Ao ampliar o acesso a tecnologias, informa\u00e7\u00f5es e redes, a inclus\u00e3o digital possibilita que talentos de diferentes origens superem barreiras socioecon\u00f4micas e tenham mais oportunidades.<\/p>\n<p>Simultaneamente, <strong>a capacita\u00e7\u00e3o digital impulsiona o ecossistema de inova\u00e7\u00e3o<\/strong>, atraindo investimentos e preparando uma for\u00e7a de trabalho flex\u00edvel, adaptada \u00e0s r\u00e1pidas mudan\u00e7as tecnol\u00f3gicas. Esse processo tamb\u00e9m contribui para a inclus\u00e3o social ao ampliar o acesso a oportunidades em comunidades historicamente exclusas, promovendo maior mobilidade social e sustentabilidade econ\u00f4mica.<\/p>\n<p>Dessa maneira, a inclus\u00e3o produtiva, centrada na<a href=\"https:\/\/www.cesar.org.br\/w\/o-papel-da-educacao-inovadora-para-profissoes-do-futuro-e-inclusao-tecnologica\" target=\"_blank\" rel=\"noopener\"> forma\u00e7\u00e3o tecnol\u00f3gica,<\/a> \u00e9 essencial para garantir que os benef\u00edcios da transforma\u00e7\u00e3o digital sejam acess\u00edveis a todos, promovendo um desenvolvimento regional e nacional mais justo e equilibrado.<\/p>\n<h2>A educa\u00e7\u00e3o que transforma: al\u00e9m da sala de aula tradicional<\/h2>\n<p>Para preparar novos talentos, a educa\u00e7\u00e3o dos jovens deve se reinventar para al\u00e9m dos m\u00e9todos tradicionais, incorporando pr\u00e1ticas inovadoras que utilizem tecnologias digitais e promovam uma aprendizagem ativa.<\/p>\n<p>Nesse sentido,<strong> institutos, centros de inova\u00e7\u00e3o e funda\u00e7\u00f5es lideram essa transforma\u00e7\u00e3o, propondo metodologias<\/strong> que estimulam a resolu\u00e7\u00e3o de problemas reais e fortalecem a conex\u00e3o direta com o mercado de trabalho.<\/p>\n<p>Essa aproxima\u00e7\u00e3o aproxima o ambiente educacional da realidade profissional, desenvolvendo habilidades essenciais para o mundo digital, como pensamento cr\u00edtico, colabora\u00e7\u00e3o e criatividade!<\/p>\n<p>Dito isso, projetos e parcerias como os do <a href=\"https:\/\/www.cesar.org.br\/quem-somos\" target=\"_blank\" rel=\"noopener\">CESAR<\/a> buscam formar cidad\u00e3os capazes de protagonizar suas pr\u00f3prias trajet\u00f3rias, preparando-os para os desafios e oportunidades do mercado tecnol\u00f3gico. E esses, voc\u00ea pode conferir a seguir:<\/p>\n<h2>Inclus\u00e3o produtiva na pr\u00e1tica: cases e resultados do CESAR<\/h2>\n<p>Nossa atua\u00e7\u00e3o como centro de inova\u00e7\u00e3o refer\u00eancia nacional demonstra como a inclus\u00e3o produtiva pode ser efetivada em escala! Por meio de projetos educacionais de alto impacto, o centro integra tecnologia de ponta, metodologias ativas e parcerias estrat\u00e9gicas para transformar a realidade de jovens em todo o Brasil.<\/p>\n<p>Dois exemplos marcantes s\u00e3o o Programa NAVE e o Programa FAST, que potencializam a capacita\u00e7\u00e3o digital e a gera\u00e7\u00e3o de renda para grupos tradicionalmente sub-representados no setor de tecnologia.<\/p>\n<p><iframe loading=\"lazy\" title=\"HackNave: Estudantes do programa NAVE transformam conhecimento em solu\u00e7\u00f5es\" width=\"500\" height=\"281\" src=\"https:\/\/www.youtube.com\/embed\/OLDXGGqou3E?feature=oembed\" frameborder=\"0\" allow=\"accelerometer; autoplay; clipboard-write; encrypted-media; gyroscope; picture-in-picture; web-share\" referrerpolicy=\"strict-origin-when-cross-origin\" allowfullscreen><\/iframe><\/p>\n<h3><a href=\"https:\/\/www.cesar.org.br\/w\/nave-transformando-educacao-e-preparando-jovens-para-a-economia-digital\" target=\"_blank\" rel=\"noopener\">Programa NAVE<\/a>: formando cidad\u00e3os cr\u00edticos para a economia digital<\/h3>\n<p>Nosso primeiro case de sucesso em inclus\u00e3o produtiva \u00e9 o Programa NAVE, reconhecido como modelo de ensino m\u00e9dio integrado \u00e0 forma\u00e7\u00e3o t\u00e9cnica, desenvolvido em parceria com o Instituto Futuros e governos estaduais.<\/p>\n<p>Trata-se de um programa que oferece <strong>cursos alinhados \u00e0s demandas da economia digital e criativa<\/strong>, onde estudantes vivenciam metodologias inovadoras como <a href=\"https:\/\/www.cesar.org.br\/w\/design-thinking\" target=\"_blank\" rel=\"noopener\">design thinking<\/a>, cultura maker, gamifica\u00e7\u00e3o e aprendizado baseado em projetos.<\/p>\n<p>O foco do NAVE \u00e9 desenvolver habilidades t\u00e9cnicas em \u00e1reas como programa\u00e7\u00e3o, games e multim\u00eddia, enquanto fortalece soft skills e o pensamento cr\u00edtico.<\/p>\n<blockquote><p>Com mais de 3.800 jovens formados, diversos pr\u00eamios nacionais e uma das maiores taxas de empregabilidade e acesso \u00e0 universidade do pa\u00eds, o sucesso do programa \u00e9 evidente.<\/p><\/blockquote>\n<p>Al\u00e9m disso, o NAVE \u00e9 refer\u00eancia para pol\u00edticas p\u00fablicas e inspira novas iniciativas em educa\u00e7\u00e3o profissional e tecnol\u00f3gica, mostrando que o modelo pode impactar positivamente a educa\u00e7\u00e3o e o mercado de trabalho em todo o Brasil.<\/p>\n<p>Essa combina\u00e7\u00e3o de inova\u00e7\u00e3o pedag\u00f3gica e alinhamento ao mercado cria uma trajet\u00f3ria s\u00f3lida para os jovens, preparando-os para os desafios e oportunidades da economia digital.<\/p>\n<h3><a href=\"https:\/\/www.cesar.org.br\/w\/programa-fast-educacao-tecnologica-e-inclusao-apoiada-por-parcerias-publico-privadas\" target=\"_blank\" rel=\"noopener\">FAST<\/a>: inclus\u00e3o e diversidade no ecossistema tecnol\u00f3gico<\/h3>\n<p>O Programa FAST, iniciativa da CESAR School em parceria com o Minist\u00e9rio da Ci\u00eancia, Tecnologia e Inova\u00e7\u00f5es e a Softex, oferece <strong>forma\u00e7\u00e3o tecnol\u00f3gica gratuita focada na inclus\u00e3o de grupos minorit\u00e1rios no ecossistema de tecnologia<\/strong>.<\/p>\n<p>S\u00e3o ofertadas duas trilhas para os jovens, uma para transi\u00e7\u00e3o de carreira e outra para acelera\u00e7\u00e3o, ambas voltadas ao desenvolvimento de habilidades t\u00e9cnicas e comportamentais altamente demandadas pelo <a href=\"https:\/\/www.cesar.org.br\/w\/gap-mercado\" target=\"_blank\" rel=\"noopener\">setor de TI.<\/a><\/p>\n<p>Ademais, a proposta pedag\u00f3gica utiliza metodologias ativas, como Problem-Based Learning e estudos de caso, incentivando o desenvolvimento de portf\u00f3lio, networking e intelig\u00eancia emocional.<\/p>\n<blockquote><p>Com uma significativa diversidade entre os participantes, o FAST j\u00e1 impactou centenas de estudantes em todo o Brasil, destacando-se pelos altos \u00edndices de empregabilidade dos formandos.<\/p><\/blockquote>\n<p>Por fim, podemos refletir sobre como a gratuidade e o suporte institucional garantem acesso a oportunidades reais, contribuindo para a diversidade e inclus\u00e3o de mulheres, pessoas negras, trans e n\u00e3o-bin\u00e1rias em um mercado tecnol\u00f3gico em crescimento. Isso posiciona o FAST como um exemplo de educa\u00e7\u00e3o inclusiva e de qualidade, que impulsiona o futuro do setor tecnol\u00f3gico no pa\u00eds.<\/p>\n<p>&nbsp;<\/p>\n<p><img loading=\"lazy\" decoding=\"async\" class=\"alignnone wp-image-5650 size-full\" src=\"https:\/\/www.cesar.org.br\/painel\/wp-content\/uploads\/2025\/11\/capilaridade-atendimento-fast-brasil.jpg\" alt=\"Capilaridade de atendimento do FAST no Brasil\" width=\"1024\" height=\"607\" srcset=\"https:\/\/www.cesar.org.br\/painel\/wp-content\/uploads\/2025\/11\/capilaridade-atendimento-fast-brasil.jpg 1024w, https:\/\/www.cesar.org.br\/painel\/wp-content\/uploads\/2025\/11\/capilaridade-atendimento-fast-brasil-300x178.jpg 300w, https:\/\/www.cesar.org.br\/painel\/wp-content\/uploads\/2025\/11\/capilaridade-atendimento-fast-brasil-768x455.jpg 768w\" sizes=\"auto, (max-width: 1024px) 100vw, 1024px\" \/><\/p>\n<h2>Da sala de aula ao mercado: caminhos para autonomia e gera\u00e7\u00e3o de renda<\/h2>\n<p>Quer contribuir e gerar impacto social? Conectar projetos educativos ao setor produtivo possibilita qualificar talentos em regi\u00f5es com baixa inclus\u00e3o digital. Por exemplo, investir em desenvolvimento de habilidades t\u00e9cnicas abre portas em startups e empresas de tecnologia,<strong> facilitando a inser\u00e7\u00e3o no mercado e promovendo o crescimento regional.<\/strong><\/p>\n<p>Ao apoiar modelos ativos de forma\u00e7\u00e3o, sua empresa contribui para formar profissionais preparados para desafios reais, capazes de inovar e gerar impacto em suas comunidades.<\/p>\n<p>E mais! A capacita\u00e7\u00e3o digital e a inclus\u00e3o produtiva fortalecem a autonomia desses profissionais e ampliam as possibilidades de gera\u00e7\u00e3o de renda, criando um ciclo de desenvolvimento social sustent\u00e1vel.<\/p>\n<p>Integrar educa\u00e7\u00e3o e mercado \u00e9 uma estrat\u00e9gia que fortalece o ecossistema de inova\u00e7\u00e3o e impulsiona a competitividade do seu neg\u00f3cio.<\/p>\n<h3>Baixe nosso eBook sobre as novas fronteiras da educa\u00e7\u00e3o digital<\/h3>\n<p>A experi\u00eancia do CESAR est\u00e1 reunida no eBook gratuito &#8216;<a href=\"https:\/\/materiais.cesar.org.br\/ebook-educacao-digital\" target=\"_blank\" rel=\"noopener\">Novas Fronteiras da Educa\u00e7\u00e3o Digital&#8217;<\/a>. O material apresenta cases, boas<br \/>\npr\u00e1ticas e diretrizes para a cria\u00e7\u00e3o de projetos educacionais inovadores e inclusivos, com impacto mensur\u00e1vel no desenvolvimento de jovens e transforma\u00e7\u00e3o social.<\/p>\n<p>\u00c9 fonte completa para quem deseja implementar a\u00e7\u00f5es de impacto positivo e contribuir para a evolu\u00e7\u00e3o da educa\u00e7\u00e3o brasileira. Fa\u00e7a o download gratuito e confira!<\/p>\n<p><img loading=\"lazy\" decoding=\"async\" class=\"aligncenter wp-image-5672 size-large\" src=\"https:\/\/www.cesar.org.br\/painel\/wp-content\/uploads\/2025\/10\/enxoval-ebook-edu-digital-linkedin-1024x535.png\" alt=\"\" width=\"1024\" height=\"535\" srcset=\"https:\/\/www.cesar.org.br\/painel\/wp-content\/uploads\/2025\/10\/enxoval-ebook-edu-digital-linkedin-1024x535.png 1024w, https:\/\/www.cesar.org.br\/painel\/wp-content\/uploads\/2025\/10\/enxoval-ebook-edu-digital-linkedin-300x157.png 300w, https:\/\/www.cesar.org.br\/painel\/wp-content\/uploads\/2025\/10\/enxoval-ebook-edu-digital-linkedin-768x401.png 768w, https:\/\/www.cesar.org.br\/painel\/wp-content\/uploads\/2025\/10\/enxoval-ebook-edu-digital-linkedin.png 1200w\" sizes=\"auto, (max-width: 1024px) 100vw, 1024px\" \/><\/p>\n<p>&nbsp;<\/p>\n","protected":false},"featured_media":6579,"template":"","categories":[2,4],"tags":[414,545],"formato_insights":[16],"class_list":["post-5649","insight","type-insight","status-publish","has-post-thumbnail","hentry","category-educacao","category-pessoas","tag-inclusao-digital","tag-inclusao-socioprodutiva","formato_insights-artigo"],"acf":[],"_links":{"self":[{"href":"https:\/\/www.cesar.org.br\/painel\/wp-json\/wp\/v2\/insight\/5649","targetHints":{"allow":["GET"]}}],"collection":[{"href":"https:\/\/www.cesar.org.br\/painel\/wp-json\/wp\/v2\/insight"}],"about":[{"href":"https:\/\/www.cesar.org.br\/painel\/wp-json\/wp\/v2\/types\/insight"}],"wp:featuredmedia":[{"embeddable":true,"href":"https:\/\/www.cesar.org.br\/painel\/wp-json\/wp\/v2\/media\/6579"}],"wp:attachment":[{"href":"https:\/\/www.cesar.org.br\/painel\/wp-json\/wp\/v2\/media?parent=5649"}],"wp:term":[{"taxonomy":"category","embeddable":true,"href":"https:\/\/www.cesar.org.br\/painel\/wp-json\/wp\/v2\/categories?post=5649"},{"taxonomy":"post_tag","embeddable":true,"href":"https:\/\/www.cesar.org.br\/painel\/wp-json\/wp\/v2\/tags?post=5649"},{"taxonomy":"formato_insights","embeddable":true,"href":"https:\/\/www.cesar.org.br\/painel\/wp-json\/wp\/v2\/formato_insights?post=5649"}],"curies":[{"name":"wp","href":"https:\/\/api.w.org\/{rel}","templated":true}]}}