{"id":5054,"date":"2025-07-28T10:30:15","date_gmt":"2025-07-28T13:30:15","guid":{"rendered":"https:\/\/www.cesar.org.br\/painel\/?post_type=insight&#038;p=5054"},"modified":"2026-04-27T11:55:19","modified_gmt":"2026-04-27T14:55:19","slug":"inclusao-produtiva-educacao-empreendedora-e-oportunidades","status":"publish","type":"insight","link":"https:\/\/www.cesar.org.br\/painel\/insight\/inclusao-produtiva-educacao-empreendedora-e-oportunidades\/","title":{"rendered":"Inclus\u00e3o produtiva: educa\u00e7\u00e3o empreendedora e oportunidades!"},"content":{"rendered":"<p data-pm-slice=\"0 0 []\">J\u00e1 parou para pensar na quantidade de jovens e adultos talentosos, mas que ainda n\u00e3o encontraram seu lugar no mercado de trabalho? Em um cen\u00e1rio onde a tecnologia avan\u00e7a a passos largos, a lacuna entre a oferta de empregos e as qualifica\u00e7\u00f5es da popula\u00e7\u00e3o brasileira se aprofunda, especialmente em comunidades mais vulner\u00e1veis. \u00c9 aqui que entra a inclus\u00e3o produtiva, uma ponte essencial para superar essa barreira.<\/p>\n<p>No post de hoje, vamos explorar como a educa\u00e7\u00e3o empreendedora e o desenvolvimento de compet\u00eancias digitais se tornam pilares fundamentais para a gera\u00e7\u00e3o de autonomia e renda. Voc\u00ea, gestor de projetos sociais ou de funda\u00e7\u00f5es e institutos ligados a empresas, descobrir\u00e1 como sua organiza\u00e7\u00e3o pode liderar essa transforma\u00e7\u00e3o por meio de parcerias estrat\u00e9gicas e programas de forma\u00e7\u00e3o de impacto. Confira!<\/p>\n<h2>A lacuna digital e a urg\u00eancia da inclus\u00e3o produtiva<\/h2>\n<p>O Brasil enfrenta um cen\u00e1rio no qual a <strong>dist\u00e2ncia entre as exig\u00eancias do mercado e a forma\u00e7\u00e3o de jovens e adultos cresce rapidamente<\/strong>. Em comunidades vulner\u00e1veis, essa lacuna \u00e9 ainda maior devido \u00e0 limita\u00e7\u00e3o de acesso \u00e0 tecnologia, infraestrutura e educa\u00e7\u00e3o de qualidade.<\/p>\n<p>A transforma\u00e7\u00e3o digital exige prepara\u00e7\u00e3o t\u00e9cnica e uma postura empreendedora, com foco em autonomia, lideran\u00e7a e criatividade. Vencer essa lacuna significa gerar oportunidades reais de renda, protagonismo e desenvolvimento socioecon\u00f4mico.<\/p>\n<p>Programas baseados em educa\u00e7\u00e3o empreendedora informacional s\u00e3o fundamentais para garantir que talentos de diferentes contextos ingressem no novo mercado de trabalho. O CESAR &#8211; Centro de Estudos e Sistemas Avan\u00e7ados do Recife atua nesse cen\u00e1rio, criando trilhas formativas personalizadas que unem tecnologia, inclus\u00e3o produtiva e impacto social!<\/p>\n<blockquote><p><a href=\"https:\/\/www.cesar.org.br\/w\/inovacao-corporativa-estrategias-para-superar-a-resistencia\" target=\"_blank\" rel=\"noopener\">Inova\u00e7\u00e3o corporativa: como superar a mentalidade conservadora e criar ambientes de experimenta\u00e7\u00e3o?<\/a><\/p><\/blockquote>\n<h2>Inclus\u00e3o produtiva e educa\u00e7\u00e3o empreendedora: entendendo os conceitos<\/h2>\n<p>Antes de falarmos sobre estrat\u00e9gias, \u00e9 importante entendermos o que realmente significam a inclus\u00e3o produtiva e a educa\u00e7\u00e3o empreendedora.<\/p>\n<p>A inclus\u00e3o produtiva vai al\u00e9m de simplesmente gerar empregos! Trata-se de <strong>proporcionar oportunidades para pessoas em situa\u00e7\u00e3o de vulnerabilidade<\/strong>, integrando-as ao mundo do trabalho e do empreendedorismo de maneira sustent\u00e1vel, para que possam alcan\u00e7ar autonomia e qualidade de vida.<\/p>\n<p>J\u00e1 a educa\u00e7\u00e3o empreendedora \u00e9 a base para esse processo. Ela vai al\u00e9m de ensinar habilidades t\u00e9cnicas, sendo essencial para desenvolver compet\u00eancias socioemocionais e um mindset inovador. Com isso, as pessoas s\u00e3o capacitadas n\u00e3o s\u00f3 a criar solu\u00e7\u00f5es e gerar valor, mas tamb\u00e9m a se adaptar \u00e0s constantes mudan\u00e7as do mercado e a resolver problemas de forma criativa e eficaz.<\/p>\n<h2>Forma\u00e7\u00e3o empreendedora: caminhos para autonomia e renda<\/h2>\n<p>A forma\u00e7\u00e3o empreendedora vai al\u00e9m de ensinar a criar neg\u00f3cios. Ela desenvolve compet\u00eancias essenciais como <strong>autonomia, pensamento cr\u00edtico, criatividade e resili\u00eancia<\/strong>. Essas habilidades s\u00e3o decisivas para que jovens e adultos consigam oportunidades, tanto no emprego formal quanto ao empreender projetos pr\u00f3prios.<\/p>\n<p>O CESAR estrutura suas <a href=\"https:\/\/www.cesar.org.br\/w\/trilhas-modulares-e-seu-impacto-social-desenhando-formacoes\" target=\"_blank\" rel=\"noopener\">trilhas modulares<\/a> para promover protagonismo e mindset inovador, incentivando cada participante a buscar gera\u00e7\u00e3o de renda e resolver desafios socioecon\u00f4micos. Os programas conectam teoria e pr\u00e1tica, mostrando caminhos reais para transformar ideias em solu\u00e7\u00f5es e valor social.<\/p>\n<p>Forma\u00e7\u00f5es alinhadas ao contexto local tornam cada aprendiz mais preparado para contribuir com o desenvolvimento econ\u00f4mico e enfrentar desafios do dia a dia, tornando-se agente ativo na transforma\u00e7\u00e3o da pr\u00f3pria realidade.<\/p>\n<h2>Desenvolvendo compet\u00eancias digitais para empregabilidade<\/h2>\n<p>No contexto atual, dominar <strong>compet\u00eancias digitais \u00e9 t\u00e3o importante quanto aprender a ler e escrever<\/strong>. O mercado exige muito mais do que o uso b\u00e1sico de ferramentas. Programa\u00e7\u00e3o, an\u00e1lise de dados, design digital e pensamento computacional figuram entre as habilidades mais requisitadas para profissionais do futuro.<\/p>\n<p>O CESAR integra essas compet\u00eancias de forma estrat\u00e9gica em suas trilhas formativas, capacitando os participantes para se destacarem em cen\u00e1rios de transforma\u00e7\u00e3o acelerada. Jovens e adultos ganham autonomia, ampliam sua empregabilidade e podem acessar carreiras inovadoras, mesmo partindo de contextos desfavor\u00e1veis.<\/p>\n<p>A forma\u00e7\u00e3o em tecnologia abre portas para crescimento profissional e transforma vidas, criando novas perspectivas para fam\u00edlias e comunidades inteiras.<\/p>\n<blockquote><p>Saiba <a href=\"https:\/\/www.cesar.org.br\/w\/educacao-corporativa-o-caminho-necessario-para-atrair-e-desenvolver-talentos-nas-empresas\" target=\"_blank\" rel=\"noopener\">como criar um plano de Educa\u00e7\u00e3o Corporativa: O caminho para desenvolver talentos nas empresas<\/a><\/p><\/blockquote>\n<h2>Mindset e ferramentas para o empreendedorismo jovem<\/h2>\n<p>Impulsionar o mindset empreendedor em jovens \u00e9 fundamental para que possam protagonizar mudan\u00e7as em suas trajet\u00f3rias. A capacidade de identificar oportunidades, enfrentar riscos e inovar depende de uma forma\u00e7\u00e3o que v\u00e1 al\u00e9m do ensino tradicional.<\/p>\n<p>Ferramentas de gest\u00e3o, m\u00e9todos \u00e1geis, organiza\u00e7\u00e3o financeira e pr\u00e1ticas digitais s\u00e3o integradas aos programas do CESAR, tornando o <strong>aprendizado din\u00e2mico, pr\u00e1tico e conectado \u00e0 realidade do mercado<\/strong>. O est\u00edmulo \u00e0 iniciativa, colabora\u00e7\u00e3o e criatividade faz com que aprendizes estejam preparados para construir solu\u00e7\u00f5es inovadoras e atuar em ambientes competitivos.<\/p>\n<h2>Metodologias ativas e personaliza\u00e7\u00e3o nas trilhas formativas<\/h2>\n<p>O \u00eaxito dos programas de inclus\u00e3o produtiva depende da escolha de metodologias educacionais inovadoras. O CESAR utiliza metodologias ativas, como aprendizagem baseada em projetos, gamifica\u00e7\u00e3o e sala de aula invertida, colocando o aluno no centro do processo de aprendizagem.<\/p>\n<p>A personaliza\u00e7\u00e3o das trilhas, com microcredenciais e reconhecimento de avan\u00e7os intermedi\u00e1rios, fortalece o engajamento, permitindo que cada participante avance no seu ritmo e de acordo com sua experi\u00eancia e perfil. Assim, o aprendizado \u00e9 mais flex\u00edvel, relevante e alinhado ao mercado de trabalho.<\/p>\n<h2>Microcredenciais: flexibilidade para o novo mercado<\/h2>\n<p>Microcredenciais s\u00e3o <strong>certifica\u00e7\u00f5es r\u00e1pidas e espec\u00edficas<\/strong>, fundamentais para acompanhar as mudan\u00e7as constantes do mercado. Elas validam compet\u00eancias e facilitam o acesso a novas fun\u00e7\u00f5es.<\/p>\n<p>Inclusive, o CESAR implementa microcredenciais nas trilhas formativas, permitindo que o desenvolvimento profissional aconte\u00e7a de maneira modular. Assim, jovens e adultos em situa\u00e7\u00e3o de vulnerabilidade podem conquistar novas oportunidades com agilidade e acompanhar <a href=\"https:\/\/www.cesar.school\/cinco-tendencias-em-inteligencia-artificial-para-a-proxima-decada\/\" target=\"_blank\" rel=\"noopener\">tend\u00eancias do universo digital.<\/a><\/p>\n<h2>A relev\u00e2ncia dos indicadores e impacto social mensur\u00e1vel<\/h2>\n<p>Resultados concretos e mensur\u00e1veis s\u00e3o indispens\u00e1veis para a sustentabilidade de iniciativas sociais. O CESAR adota monitoramento rigoroso de indicadores de inclus\u00e3o produtiva, empregabilidade, gera\u00e7\u00e3o de renda e evolu\u00e7\u00e3o das aprendizagens.<\/p>\n<p>A an\u00e1lise desses dados possibilita otimizar trilhas formativas, alinhar expectativas de parceiros e mostrar de forma clara o impacto social gerado. Essa pr\u00e1tica fortalece a credibilidade institucional, amplia o engajamento de investidores sociais e comprova o valor das metodologias aplicadas.<\/p>\n<h2>Parcerias estrat\u00e9gicas: o papel das funda\u00e7\u00f5es e institutos<\/h2>\n<p>Funda\u00e7\u00f5es e institutos corporativos t\u00eam papel central na mobiliza\u00e7\u00e3o de recursos e articula\u00e7\u00e3o de projetos educacionais em larga escala. Centros de inova\u00e7\u00e3o, como o CESAR, atuam em colabora\u00e7\u00e3o com empresas, governos e ecossistemas de inova\u00e7\u00e3o para ampliar o alcance e a robustez de suas a\u00e7\u00f5es.<\/p>\n<p>Essa colabora\u00e7\u00e3o possibilita a <strong>cria\u00e7\u00e3o de programas multidisciplinares<\/strong>, alinhados \u00e0s necessidades do mercado e das comunidades. Funda\u00e7\u00f5es e institutos se consolidam como protagonistas na promo\u00e7\u00e3o da inclus\u00e3o produtiva e no avan\u00e7o de iniciativas que impactam positivamente a sociedade.<\/p>\n<h2>Casos de sucesso CESAR: transformando vidas com educa\u00e7\u00e3o e tecnologia<\/h2>\n<p>No CESAR, acreditamos no poder da tecnologia e da educa\u00e7\u00e3o para transformar vidas. Os cases de sucesso demonstram como a educa\u00e7\u00e3o empreendedora e as compet\u00eancias digitais promovem inclus\u00e3o produtiva de verdade. Veja mais:<\/p>\n<h3>Florescendo talentos: o futuro digital para jovens de Pernambuco<\/h3>\n<p>O projeto <a href=\"https:\/\/www.cesar.org.br\/w\/florescendo-talentos-parcerias-estrategicas-para-acesso-a-educacao-tecnologica-em-larga-escala\" target=\"_blank\" rel=\"noopener\">Florescendo Talentos<\/a>, realizado em parceria com o Governo de Pernambuco e o Porto Digital, <strong>capacita jovens do ensino m\u00e9dio da rede p\u00fablica<\/strong> em tecnologias digitais como intelig\u00eancia artificial, ci\u00eancia de dados, desenvolvimento web e mobile.<\/p>\n<p>Dito isso, o foco est\u00e1 em compet\u00eancias t\u00e9cnicas e pensamento cr\u00edtico, preparando os estudantes para um mercado em constante evolu\u00e7\u00e3o. Os resultados mostram alta empregabilidade dos participantes em empresas de tecnologia da regi\u00e3o, comprovando a efic\u00e1cia da forma\u00e7\u00e3o direcionada para empregabilidade.<\/p>\n<h3>Programa FAST: forma\u00e7\u00e3o em techdesign com foco em diversidade e inclus\u00e3o<\/h3>\n<p>O <a href=\"https:\/\/www.cesar.org.br\/w\/programa-fast-educacao-tecnologica-e-inclusao-apoiada-por-parcerias-publico-privadas\" target=\"_blank\" rel=\"noopener\">FAST<\/a>, programa do CESAR em parceria com o Minist\u00e9rio da Ci\u00eancia, Tecnologia e Inova\u00e7\u00e3o (MCTI) e Softex, prepara pessoas de grupos sub-representados para atuar em techdesign. Combinando tecnologia e design, o programa desenvolve compet\u00eancias digitais e promove um ambiente inclusivo, mostrando que a diversidade pode impulsionar a inclus\u00e3o produtiva no setor de tecnologia.<\/p>\n<h2>Aprofunde-se em educa\u00e7\u00e3o digital e oportunidades<\/h2>\n<p>Nosso eBook &#8220;Novas Fronteiras da Educa\u00e7\u00e3o Digital&#8221; <strong>explora como a educa\u00e7\u00e3o digital pode promover a inclus\u00e3o socioprodutiva<\/strong> e o letramento digital, capacitando pessoas de diferentes faixas et\u00e1rias, de crian\u00e7as a idosos.<a href=\"https:\/\/materiais.cesar.org.br\/ebook-educacao-digital\"><img loading=\"lazy\" decoding=\"async\" class=\" wp-image-4212 alignright\" src=\"https:\/\/www.cesar.org.br\/painel\/wp-content\/uploads\/2024\/11\/Mockup-CAPA-221x300.png\" alt=\"\" width=\"266\" height=\"361\" srcset=\"https:\/\/www.cesar.org.br\/painel\/wp-content\/uploads\/2024\/11\/Mockup-CAPA-221x300.png 221w, https:\/\/www.cesar.org.br\/painel\/wp-content\/uploads\/2024\/11\/Mockup-CAPA-754x1024.png 754w, https:\/\/www.cesar.org.br\/painel\/wp-content\/uploads\/2024\/11\/Mockup-CAPA-768x1044.png 768w, https:\/\/www.cesar.org.br\/painel\/wp-content\/uploads\/2024\/11\/Mockup-CAPA-1130x1536.png 1130w, https:\/\/www.cesar.org.br\/painel\/wp-content\/uploads\/2024\/11\/Mockup-CAPA.png 1137w\" sizes=\"auto, (max-width: 266px) 100vw, 266px\" \/><\/a><\/p>\n<p>Nele, destacamos o papel essencial das institui\u00e7\u00f5es e funda\u00e7\u00f5es na cria\u00e7\u00e3o de projetos educacionais que integram a sociedade cada vez mais digitalizada, com o objetivo de proporcionar acesso \u00e0s ferramentas tecnol\u00f3gicas e desenvolver compet\u00eancias digitais.<\/p>\n<p>Ao longo do eBook, compartilhamos exemplos reais de iniciativas que t\u00eam gerado impacto positivo, oferecendo orienta\u00e7\u00f5es valiosas para gestores de funda\u00e7\u00f5es, institutos e projetos sociais. Acreditamos que a educa\u00e7\u00e3o digital \u00e9 uma chave fundamental para a constru\u00e7\u00e3o de um futuro mais inclusivo, inovador e sustent\u00e1vel.<\/p>\n<p><a href=\"https:\/\/materiais.cesar.org.br\/ebook-educacao-digital\" target=\"_blank\" rel=\"noopener\">Acesse nosso eBook gratuito!<\/a><\/p>\n","protected":false},"featured_media":6572,"template":"","categories":[600],"tags":[545,143],"formato_insights":[16],"class_list":["post-5054","insight","type-insight","status-publish","has-post-thumbnail","hentry","category-fundacoes-e-institutos","tag-inclusao-socioprodutiva","tag-lifelong-learning","formato_insights-artigo"],"acf":[],"_links":{"self":[{"href":"https:\/\/www.cesar.org.br\/painel\/wp-json\/wp\/v2\/insight\/5054","targetHints":{"allow":["GET"]}}],"collection":[{"href":"https:\/\/www.cesar.org.br\/painel\/wp-json\/wp\/v2\/insight"}],"about":[{"href":"https:\/\/www.cesar.org.br\/painel\/wp-json\/wp\/v2\/types\/insight"}],"wp:featuredmedia":[{"embeddable":true,"href":"https:\/\/www.cesar.org.br\/painel\/wp-json\/wp\/v2\/media\/6572"}],"wp:attachment":[{"href":"https:\/\/www.cesar.org.br\/painel\/wp-json\/wp\/v2\/media?parent=5054"}],"wp:term":[{"taxonomy":"category","embeddable":true,"href":"https:\/\/www.cesar.org.br\/painel\/wp-json\/wp\/v2\/categories?post=5054"},{"taxonomy":"post_tag","embeddable":true,"href":"https:\/\/www.cesar.org.br\/painel\/wp-json\/wp\/v2\/tags?post=5054"},{"taxonomy":"formato_insights","embeddable":true,"href":"https:\/\/www.cesar.org.br\/painel\/wp-json\/wp\/v2\/formato_insights?post=5054"}],"curies":[{"name":"wp","href":"https:\/\/api.w.org\/{rel}","templated":true}]}}