{"id":4938,"date":"2025-06-11T15:16:26","date_gmt":"2025-06-11T18:16:26","guid":{"rendered":"https:\/\/www.cesar.org.br\/painel\/?post_type=insight&#038;p=4938"},"modified":"2026-04-27T10:15:37","modified_gmt":"2026-04-27T13:15:37","slug":"trilhas-modulares-e-seu-impacto-social-desenhando-formacoes","status":"publish","type":"insight","link":"https:\/\/www.cesar.org.br\/painel\/insight\/trilhas-modulares-e-seu-impacto-social-desenhando-formacoes\/","title":{"rendered":"Trilhas modulares e seu impacto em projetos educacionais: Como desenhar forma\u00e7\u00f5es?"},"content":{"rendered":"<p data-pm-slice=\"0 0 []\">A educa\u00e7\u00e3o digital tem avan\u00e7ado muito nos \u00faltimos anos, abrindo caminhos para a capacita\u00e7\u00e3o profissional de forma mais acess\u00edvel e flex\u00edvel.<\/p>\n<p>Nesse cen\u00e1rio, o uso de trilhas modulares surge como uma estrat\u00e9gia para ampliar o alcance e a efic\u00e1cia dos programas educacionais, especialmente para popula\u00e7\u00f5es em estado socioecon\u00f4mico vulner\u00e1vel.<\/p>\n<p>Esses modelos permitem oferecer forma\u00e7\u00f5es focadas em compet\u00eancias digitais essenciais para o mercado atual, acelerando a empregabilidade e possibilitando um impacto social mensur\u00e1vel. Vamos explorar isso hoje, confira!<\/p>\n<h2>Trilhas modulares: alinhando compet\u00eancias digitais e mercado<\/h2>\n<p>O desenho de trilhas modulares representa um avan\u00e7o na constru\u00e7\u00e3o de forma\u00e7\u00f5es mais direcionadas. Ao estruturar uma trilha de <strong>aprendizado alinhada \u00e0s compet\u00eancias digitais requisitadas pelo mercado<\/strong>, \u00e9 poss\u00edvel preparar os alunos para enfrentar desafios reais do trabalho e acelerar sua inser\u00e7\u00e3o qualificada no mercado profissional.<\/p>\n<p>Essas trilhas s\u00e3o planejadas para que o aluno progrida com flexibilidade, acessando conte\u00fados e atividades que v\u00e3o do b\u00e1sico ao avan\u00e7ado, sempre relacionados a habilidades valorizadas pelos empregadores.<\/p>\n<p>A modularidade permite a personaliza\u00e7\u00e3o do percurso formativo, aumentando o envolvimento do estudante e garantindo que o aprendizado seja aplicado na pr\u00e1tica.<\/p>\n<p>Al\u00e9m disso, ao oferecer uma estrutura flex\u00edvel e acess\u00edvel, as trilhas modulares contribuem para o impacto social. Elas <strong>facilitam a inclus\u00e3o de popula\u00e7\u00f5es vulner\u00e1veis<\/strong>, que podem acessar a capacita\u00e7\u00e3o profissional conforme a sua realidade, promovendo a redu\u00e7\u00e3o das desigualdades e ampliando oportunidades de emprego, al\u00e9m do desenvolvimento econ\u00f4mico em comunidades tradicionalmente exclu\u00eddas.<\/p>\n<blockquote><p>Salve para ler depois nosso post sobre <a href=\"https:\/\/www.cesar.org.br\/w\/educacao-digital-e-inclusao-com-parcerias-publico-privada\" target=\"_blank\" rel=\"noopener\">como parcerias p\u00fablico-privadas criam acesso \u00e0 educa\u00e7\u00e3o digital e inclus\u00e3o<\/a>.<\/p><\/blockquote>\n<h3>Como criar trilhas modulares alinhadas \u00e0s compet\u00eancias do mercado<\/h3>\n<p>Para montar uma trilha modular, \u00e9 preciso identificar as compet\u00eancias digitais que as empresas mais buscam, incluindo tanto habilidades t\u00e9cnicas quanto socioemocionais, como comunica\u00e7\u00e3o e trabalho em equipe.<\/p>\n<p>Ofere\u00e7a flexibilidade para que o aluno avance no seu ritmo, com m\u00f3dulos que possam ser adaptados ao n\u00edvel e \u00e0 disponibilidade de cada um. Inclua atividades pr\u00e1ticas e avalia\u00e7\u00f5es para garantir que o aprendizado seja aplicado de fato.<\/p>\n<p>Al\u00e9m disso,<strong> conecte sua trilha \u00e0s demandas reais do mercado<\/strong>, envolvendo empresas e usando tecnologia para aumentar a empregabilidade e promover a inclus\u00e3o social.<\/p>\n<h3>Como medir o impacto social das trilhas modulares<\/h3>\n<p>Institutos, funda\u00e7\u00f5es e empresas podem acompanhar indicadores como <strong>empregabilidade, aumento da renda e envolvimento das comunidades<\/strong>. Tamb\u00e9m vale observar se esses resultados se mant\u00eam com o tempo, garantindo que a capacita\u00e7\u00e3o vai al\u00e9m do aprendizado, promovendo mudan\u00e7as reais e duradouras na vida das pessoas.<\/p>\n<h2>Parcerias estrat\u00e9gicas para ampliar o alcance da capacita\u00e7\u00e3o profissional<\/h2>\n<p>Parcerias entre governo, empresas e centros de inova\u00e7\u00e3o s\u00e3o fundamentais para construir trilhas modulares que realmente alcancem as comunidades mais vulner\u00e1veis.<\/p>\n<p>O governo oferece o apoio institucional e os recursos para implementar programas em larga escala, enquanto as empresas <img loading=\"lazy\" decoding=\"async\" class=\" wp-image-4002 alignright\" src=\"https:\/\/www.cesar.org.br\/painel\/wp-content\/uploads\/2024\/08\/Mockup-CAPA-221x300.png\" alt=\"Smartphone exibindo imagem de grupo de pessoas em reuni\u00e3o e texto sobre novas fronteiras da educa\u00e7\u00e3o digital, focando impacto e inclus\u00e3o socioprodutiva.\" width=\"287\" height=\"390\" srcset=\"https:\/\/www.cesar.org.br\/painel\/wp-content\/uploads\/2024\/08\/Mockup-CAPA-221x300.png 221w, https:\/\/www.cesar.org.br\/painel\/wp-content\/uploads\/2024\/08\/Mockup-CAPA-754x1024.png 754w, https:\/\/www.cesar.org.br\/painel\/wp-content\/uploads\/2024\/08\/Mockup-CAPA-768x1044.png 768w, https:\/\/www.cesar.org.br\/painel\/wp-content\/uploads\/2024\/08\/Mockup-CAPA-1130x1536.png 1130w, https:\/\/www.cesar.org.br\/painel\/wp-content\/uploads\/2024\/08\/Mockup-CAPA.png 1137w\" sizes=\"auto, (max-width: 287px) 100vw, 287px\" \/>contribuem com conhecimento do mercado e demandas reais de compet\u00eancias.<\/p>\n<p>Os centros de inova\u00e7\u00e3o, por sua vez, trazem metodologias modernas, tecnologia e expertise para desenhar forma\u00e7\u00f5es que se adaptam \u00e0s necessidades locais. Essa colabora\u00e7\u00e3o permite criar trilhas modulares flex\u00edveis, que respeitam as<strong> particularidades culturais, sociais e econ\u00f4micas de cada regi\u00e3o<\/strong>.<\/p>\n<p>Al\u00e9m disso, essas parcerias viabilizam a integra\u00e7\u00e3o de dados e feedbacks constantes, essenciais para ajustar os programas em tempo real e maximizar os resultados.<\/p>\n<p>Ao combinar esfor\u00e7os, \u00e9 poss\u00edvel garantir que a capacita\u00e7\u00e3o n\u00e3o seja apenas um acesso pontual, mas uma transforma\u00e7\u00e3o sustent\u00e1vel que fortalece a empregabilidade e promove o desenvolvimento econ\u00f4mico das comunidades.<\/p>\n<blockquote><p><strong>Confira nosso ebook gratuito chamado <a href=\"https:\/\/materiais.cesar.org.br\/ebook-educacao-digital\" target=\"_blank\" rel=\"noopener\">Novas Fronteiras da Educa\u00e7\u00e3o Digital<\/a> e entenda mais o papel dos projetos educacionais na promo\u00e7\u00e3o de impacto e inclus\u00e3o socioprodutiva!<\/strong><\/p><\/blockquote>\n<h2>Um exemplo pr\u00e1tico: o programa Florescendo Talentos<\/h2>\n<p>Iniciativas como o <a href=\"https:\/\/www.cesar.org.br\/w\/em-parceria-com-o-governo-do-estado-cesar-lanca-o-programa-florescendo-talentos\" target=\"_blank\" rel=\"noopener\">Florescendo Talentos, <\/a>lan\u00e7ado pelo governo em parceria com o CESAR, aplicam o conceito de trilhas modulares para fomentar a inclus\u00e3o produtiva por meio da educa\u00e7\u00e3o digital.<\/p>\n<p>O programa estrutura trilhas formativas que <strong>desenvolvem compet\u00eancias t\u00e9cnicas e socioemocionais<\/strong>, preparando os participantes para o mercado de trabalho digital e promovendo a empregabilidade.<\/p>\n<p>Ao focar em popula\u00e7\u00f5es vulner\u00e1veis, o Florescendo Talentos mostra como esse modelo pode ampliar o impacto social, transformando a realidade de comunidades por meio da capacita\u00e7\u00e3o profissional estruturada, acess\u00edvel e conectada \u00e0s demandas do mercado.<\/p>\n<p><strong>Conhe\u00e7a mais sobre o programa a partir de quem participa:<\/strong><\/p>\n<p><iframe loading=\"lazy\" title=\"Florescendo Talentos: parcerias estrat\u00e9gicas para acesso \u00e0 educa\u00e7\u00e3o tecnol\u00f3gica em larga escala\" width=\"500\" height=\"281\" src=\"https:\/\/www.youtube.com\/embed\/KKEK4IKm4IU?feature=oembed\" frameborder=\"0\" allow=\"accelerometer; autoplay; clipboard-write; encrypted-media; gyroscope; picture-in-picture; web-share\" referrerpolicy=\"strict-origin-when-cross-origin\" allowfullscreen><\/iframe><\/p>\n<h2>O papel do CESAR no desenvolvimento de trilhas formativas<\/h2>\n<p>O CESAR atua no desenho, na opera\u00e7\u00e3o e na valida\u00e7\u00e3o dessas trilhas modulares, combinando expertise em tecnologia, design educacional e conhecimento do mercado para criar solu\u00e7\u00f5es formativas que geram impacto social.<\/p>\n<p>Por meio da colabora\u00e7\u00e3o com parceiros p\u00fablicos e privados, <strong>garantimos que os programas atendam \u00e0s necessidades dos alunos e \u00e0s exig\u00eancias do mercado<\/strong>, promovendo uma capacita\u00e7\u00e3o profissional que acelera a empregabilidade e a inclus\u00e3o digital.<\/p>\n<h3>Com inova\u00e7\u00e3o e metodologias \u00e1geis, o CESAR apoia a constru\u00e7\u00e3o de trilhas que n\u00e3o apenas formam compet\u00eancias digitais, mas tamb\u00e9m potencializam a transforma\u00e7\u00e3o social. <a href=\"https:\/\/www.cesar.org.br\/contato\" target=\"_blank\" rel=\"noopener\">Fale com um consultor CESAR<\/a> e saiba como podemos ajudar voc\u00ea!<\/h3>\n","protected":false},"featured_media":6562,"template":"","categories":[600],"tags":[418,420],"formato_insights":[16],"class_list":["post-4938","insight","type-insight","status-publish","has-post-thumbnail","hentry","category-fundacoes-e-institutos","tag-educacao-digital","tag-projetos-educacionais","formato_insights-artigo"],"acf":[],"_links":{"self":[{"href":"https:\/\/www.cesar.org.br\/painel\/wp-json\/wp\/v2\/insight\/4938","targetHints":{"allow":["GET"]}}],"collection":[{"href":"https:\/\/www.cesar.org.br\/painel\/wp-json\/wp\/v2\/insight"}],"about":[{"href":"https:\/\/www.cesar.org.br\/painel\/wp-json\/wp\/v2\/types\/insight"}],"wp:featuredmedia":[{"embeddable":true,"href":"https:\/\/www.cesar.org.br\/painel\/wp-json\/wp\/v2\/media\/6562"}],"wp:attachment":[{"href":"https:\/\/www.cesar.org.br\/painel\/wp-json\/wp\/v2\/media?parent=4938"}],"wp:term":[{"taxonomy":"category","embeddable":true,"href":"https:\/\/www.cesar.org.br\/painel\/wp-json\/wp\/v2\/categories?post=4938"},{"taxonomy":"post_tag","embeddable":true,"href":"https:\/\/www.cesar.org.br\/painel\/wp-json\/wp\/v2\/tags?post=4938"},{"taxonomy":"formato_insights","embeddable":true,"href":"https:\/\/www.cesar.org.br\/painel\/wp-json\/wp\/v2\/formato_insights?post=4938"}],"curies":[{"name":"wp","href":"https:\/\/api.w.org\/{rel}","templated":true}]}}