{"id":4200,"date":"2024-11-29T16:59:58","date_gmt":"2024-11-29T16:59:58","guid":{"rendered":"https:\/\/www.cesar.org.br\/painel\/?post_type=insight&#038;p=4200"},"modified":"2024-12-05T12:37:27","modified_gmt":"2024-12-05T12:37:27","slug":"o-papel-da-educacao-inovadora-para-profissoes-do-futuro-e-inclusao-tecnologica","status":"publish","type":"insight","link":"https:\/\/www.cesar.org.br\/painel\/insight\/o-papel-da-educacao-inovadora-para-profissoes-do-futuro-e-inclusao-tecnologica\/","title":{"rendered":"O papel da educa\u00e7\u00e3o inovadora para profiss\u00f5es do futuro e inclus\u00e3o tecnol\u00f3gica"},"content":{"rendered":"<p data-pm-slice=\"1 1 []\">Preparar-se para o futuro vai al\u00e9m de dominar as tend\u00eancias tecnol\u00f3gicas; \u00e9 uma oportunidade de tornar a educa\u00e7\u00e3o mais inclusiva e acess\u00edvel para todos. \u00c9 dar acesso \u00e0 informa\u00e7\u00e3o e \u00e0 possibilidade da conquista de carreiras promissoras no novo cen\u00e1rio digital<\/p>\n<p>Afinal, o verdadeiro progresso s\u00f3 acontece quando todos t\u00eam a chance de se desenvolver. Nesse artigo, vamos explorar <strong>como a educa\u00e7\u00e3o pode capacitar as novas gera\u00e7\u00f5es para as profiss\u00f5es do futuro<\/strong>, enquanto promove inclus\u00e3o social e cria oportunidades para todas as pessoas. Confira.<\/p>\n<h2>A import\u00e2ncia de se preparar para as profiss\u00f5es do futuro<\/h2>\n<p>Avan\u00e7os como intelig\u00eancia artificial, <a href=\"https:\/\/www.cesar.org.br\/w\/automatizacao-o-que-e-para-que-serve-e-muito-mais\" target=\"_blank\" rel=\"noopener\">automatiza\u00e7\u00e3o<\/a> e a digitaliza\u00e7\u00e3o dos neg\u00f3cios exigem que todos desenvolvam novas habilidades e se adaptem ao novo meio. Muitas das profiss\u00f5es em alta hoje, como especialistas em dados e desenvolvedores de IA, eram inexistentes ou tinham pouca relev\u00e2ncia h\u00e1 poucos anos.<\/p>\n<p>Com esse ponto, entendemos que se adaptar a essas mudan\u00e7as n\u00e3o \u00e9 um diferencial, mas sim uma necessidade para aqueles que desejam garantir um lugar no mercado. Para isso, a educa\u00e7\u00e3o desempenha um papel central nesse processo; \u00e9 atrav\u00e9s dela que os indiv\u00edduos adquirem as compet\u00eancias necess\u00e1rias para se destacar em novas \u00e1reas de atua\u00e7\u00e3o e ficam a par das novas necessidades do mercado de trabalho.<\/p>\n<p>Nesse sentido, as institui\u00e7\u00f5es p\u00fablicas, funda\u00e7\u00f5es e centros de forma\u00e7\u00e3o precisam se atualizar constantemente, implementando projetos educacionais que preparem os cidad\u00e3os para as demandas digitais atuais e futuras, promovendo a inclus\u00e3o e o desenvolvimento de compet\u00eancias essenciais.<\/p>\n<h2>Forma\u00e7\u00e3o cont\u00ednua e reciclagem profissional<\/h2>\n<p>O conceito de &#8220;aprender uma vez e aplicar para sempre&#8221; j\u00e1 n\u00e3o se sustenta. A <strong>forma\u00e7\u00e3o cont\u00ednua e a reciclagem profissional s\u00e3o fundamentais para acompanhar as mudan\u00e7as tecnol\u00f3gicas<\/strong> e as novas exig\u00eancias do mercado.<\/p>\n<p>A evolu\u00e7\u00e3o das compet\u00eancias exigidas no trabalho, impulsionada pela tecnologia e pela globaliza\u00e7\u00e3o, demanda queprofissionais de todos os setores a atualizarem suas habilidades de forma recorrente. Esse movimento exige uma nova cultura de aprendizado, na qual o ensino deixa de ser algo linear e se torna um ciclo constante de desenvolvimento.<\/p>\n<p>A forma\u00e7\u00e3o cont\u00ednua n\u00e3o se limita a jovens ou iniciantes no mercado. Profissionais com d\u00e9cadas de experi\u00eancia tamb\u00e9m enfrentam a necessidade de atualizar seus conhecimentos e aprender novas ferramentas. Cursos de curta dura\u00e7\u00e3o, workshops e treinamentos online permitem que pessoas em qualquer fase da carreira se adaptem \u00e0s mudan\u00e7as e, at\u00e9 mesmo, se reinventem em novas \u00e1reas de atua\u00e7\u00e3o.<\/p>\n<p>Institui\u00e7\u00f5es p\u00fablicas, funda\u00e7\u00f5es e centros de forma\u00e7\u00e3o precisam entender que investir em capacita\u00e7\u00e3o ao longo da vida \u00e9 importante para manter a competitividade e abrir portas para novas oportunidades. Muitos profissionais que trabalhavam em \u00e1reas tradicionais, como contabilidade ou vendas, t\u00eam se beneficiado de cursos r\u00e1pidos de tecnologia para transitar para campos como an\u00e1lise de dados e marketing digital.<\/p>\n<h3>A democratiza\u00e7\u00e3o do aprendizado online<\/h3>\n<p>A expans\u00e3o dos cursos online democratizou o acesso \u00e0 educa\u00e7\u00e3o. Hoje, qualquer pessoa com acesso \u00e0 internet pode aprender desde fundamentos de programa\u00e7\u00e3o at\u00e9 habilidades complexas de intelig\u00eancia artificial. Essa facilidade de acesso <strong>ajuda a reduzir desigualdades educacionais<\/strong> e a capacitar pessoas de diferentes realidades para as demandas do futuro.<\/p>\n<p>A forma\u00e7\u00e3o cont\u00ednua e a reciclagem de habilidades s\u00e3o muito mais do que simples tend\u00eancias; s\u00e3o a base para que profissionais e empresas mantenham-se relevantes em um cen\u00e1rio de mudan\u00e7as r\u00e1pidas.<\/p>\n<p>Por exemplo, o programa FAST \u00e9 uma iniciativa gratuita do CESAR, em parceria com o Minist\u00e9rio da Ci\u00eancia, Tecnologia e Inova\u00e7\u00e3o e a SOFTEX, que oferece forma\u00e7\u00e3o inclusiva em techdesign.<\/p>\n<p>Seu objetivo \u00e9 promover o acesso \u00e0 educa\u00e7\u00e3o em tecnologia para grupos sub-representados, ampliando as oportunidades no setor de TIC. Atendendo pessoas de todo o Brasil, o programa busca descentralizar as oportunidades e ampliar a diversidade no mercado de tecnologia.<\/p>\n<div class=\"iframe-wrapper\">\n<p><iframe loading=\"lazy\" title=\"FAST: Transformando o ecossistema de tecnologia por meio da inclus\u00e3o e educa\u00e7\u00e3o\" width=\"500\" height=\"281\" src=\"https:\/\/www.youtube.com\/embed\/PogR5GhrboI?start=1&#038;feature=oembed\" frameborder=\"0\" allow=\"accelerometer; autoplay; clipboard-write; encrypted-media; gyroscope; picture-in-picture; web-share\" referrerpolicy=\"strict-origin-when-cross-origin\" allowfullscreen><\/iframe><\/p>\n<\/div>\n<p>Ao adotar uma mentalidade de aprendizado ao longo da vida, todos ganham: o indiv\u00edduo, que se torna mais qualificado; as empresas, que t\u00eam acesso a uma for\u00e7a de trabalho mais adapt\u00e1vel; e a sociedade, que avan\u00e7a com um mercado de trabalho mais inclusivo e diversificado.<\/p>\n<h2>O papel da educa\u00e7\u00e3o tecnol\u00f3gica na inclus\u00e3o social<\/h2>\n<p>Educar para as profiss\u00f5es do futuro \u00e9 uma quest\u00e3o de desenvolver compet\u00eancias t\u00e9cnicas e promover inclus\u00e3o social. A educa\u00e7\u00e3o tecnol\u00f3gica pode ser um grande motor de inclus\u00e3o, oferecendo oportunidades para comunidades marginalizadas e grupos sociais historicamente desfavorecidos.<\/p>\n<p>Quando institui\u00e7\u00f5es se concentram em levar educa\u00e7\u00e3o tecnol\u00f3gica para pessoas em vulnerabilidade econ\u00f4mica ou em <a href=\"https:\/\/materiais.cesar.org.br\/ebook-educacao-digital\"><img loading=\"lazy\" decoding=\"async\" class=\"size-medium wp-image-4212 alignright\" src=\"https:\/\/www.cesar.org.br\/painel\/wp-content\/uploads\/2024\/11\/Mockup-CAPA-221x300.png\" alt=\"\" width=\"221\" height=\"300\" srcset=\"https:\/\/www.cesar.org.br\/painel\/wp-content\/uploads\/2024\/11\/Mockup-CAPA-221x300.png 221w, https:\/\/www.cesar.org.br\/painel\/wp-content\/uploads\/2024\/11\/Mockup-CAPA-754x1024.png 754w, https:\/\/www.cesar.org.br\/painel\/wp-content\/uploads\/2024\/11\/Mockup-CAPA-768x1044.png 768w, https:\/\/www.cesar.org.br\/painel\/wp-content\/uploads\/2024\/11\/Mockup-CAPA-1130x1536.png 1130w, https:\/\/www.cesar.org.br\/painel\/wp-content\/uploads\/2024\/11\/Mockup-CAPA.png 1137w\" sizes=\"auto, (max-width: 221px) 100vw, 221px\" \/><\/a>desigualdade, elas est\u00e3o contribuindo diretamente para a inclus\u00e3o social. Jovens que antes n\u00e3o tinham acesso a ferramentas tecnol\u00f3gicas agora t\u00eam a <strong>chance de aprender programa\u00e7\u00e3o, rob\u00f3tica e outras \u00e1reas em alta<\/strong>, aumentando suas perspectivas de vida e carreira.<\/p>\n<p>Para garantir que iniciativas educacionais tenham sucesso, \u00e9 fundamental o apoio cont\u00ednuo de empresas, governos e da sociedade. Patroc\u00ednios, investimentos e pol\u00edticas p\u00fablicas que incentivem a expans\u00e3o desses programas podem transformar vidas e fortalecer a economia.<\/p>\n<p>Um destaque para esse incentivo \u00e9 o <a href=\"https:\/\/www.cesar.org.br\/w\/como-o-fia-pode-transformar-projetos-educacionais-digitais\" target=\"_blank\" rel=\"noopener\">FIA<\/a>, um programa voltado para o desenvolvimento de projetos sociais para a inser\u00e7\u00e3o de crian\u00e7as e adolescentes desde cedo, garantindo que eles tenham uma mente voltada para a tecnologia e consigam ter melhores condi\u00e7\u00f5es no futuro.<\/p>\n<p>Compreenda mais sobre a <a href=\"https:\/\/materiais.cesar.org.br\/ebook-educacao-digital\" target=\"_blank\" rel=\"noopener\">educa\u00e7\u00e3o digital que assume um papel fundamental na nossa sociedade atual<\/a> e como devemos promover a democratiza\u00e7\u00e3o do acesso \u00e0s ferramentas digitais e novas tecnologias.<\/p>\n<h2>\u00c1reas emergentes de educa\u00e7\u00e3o<\/h2>\n<p>Investir na forma\u00e7\u00e3o nessas disciplinas prepara os indiv\u00edduos para fun\u00e7\u00f5es cada vez mais requisitadas, abrindo novas possibilidades de inclus\u00e3o social e crescimento profissional.<\/p>\n<h3>1. Ciberseguran\u00e7a<\/h3>\n<p>O aumento de ataques cibern\u00e9ticos e o uso massivo de dados pessoais fizeram da ciberseguran\u00e7a uma \u00e1rea cr\u00edtica. Empresas e governos est\u00e3o investindo pesadamente para proteger suas informa\u00e7\u00f5es e garantir a seguran\u00e7a de suas opera\u00e7\u00f5es. Nesse contexto, profissionais capacitados para atuar com seguran\u00e7a da informa\u00e7\u00e3o s\u00e3o altamente demandados.<\/p>\n<p>A educa\u00e7\u00e3o nessa \u00e1rea vai al\u00e9m do ensino t\u00e9cnico; ela abrange \u00e9tica, governan\u00e7a e pr\u00e1ticas de seguran\u00e7a. Cursos de ciberseguran\u00e7a s\u00e3o fundamentais para <strong>criar especialistas que possam antecipar, detectar e mitigar amea\u00e7as digitais<\/strong>.<\/p>\n<h3>2. Intelig\u00eancia Artificial (IA)<\/h3>\n<p>A intelig\u00eancia artificial est\u00e1 presente em nosso cotidiano de diversas formas, desde assistentes virtuais at\u00e9 sistemas de recomenda\u00e7\u00e3o de conte\u00fado. No entanto, para desenvolver e implementar essas tecnologias, s\u00e3o necess\u00e1rias habilidades espec\u00edficas, como programa\u00e7\u00e3o, aprendizado de m\u00e1quina e compreens\u00e3o \u00e9tica de seus impactos.<\/p>\n<h3>3. An\u00e1lise de Dados<\/h3>\n<p>A an\u00e1lise de dados \u00e9 uma habilidade essencial para a tomada de decis\u00f5es informadas. Com grandes volumes de informa\u00e7\u00f5es dispon\u00edveis em praticamente todos os setores, o profissional que domina a interpreta\u00e7\u00e3o de dados se torna uma pe\u00e7a-chave nas organiza\u00e7\u00f5es.<\/p>\n<p>Habilidades anal\u00edticas, pensamento cr\u00edtico e dom\u00ednio de ferramentas de an\u00e1lise s\u00e3o \u00e1reas de aprendizado que precisam ser promovidas nas escolas e em cursos profissionais.<\/p>\n<h4>Desafios na educa\u00e7\u00e3o para profiss\u00f5es do futuro<\/h4>\n<p>Apesar dos avan\u00e7os, ainda h\u00e1 desafios significativos a serem enfrentados. Entre eles, est\u00e3o a falta de recursos em muitas escolas, curr\u00edculos desatualizados, <strong>resist\u00eancia a novas metodologias de ensino<\/strong> e a desigualdade de acesso \u00e0 tecnologia. Solucionar esses problemas exige um esfor\u00e7o conjunto de governos, empresas, educadores e da pr\u00f3pria sociedade.<\/p>\n<h2>Case de sucesso: projetos Conecta Vidas e Passaporte Digital<\/h2>\n<p><img loading=\"lazy\" decoding=\"async\" class=\"aligncenter wp-image-3999 size-large\" src=\"https:\/\/www.cesar.org.br\/painel\/wp-content\/uploads\/2024\/08\/image3-1024x683.jpg\" alt=\"Fundo da Inf\u00e2ncia e da Adolesc\u00eancia\" width=\"1024\" height=\"683\" srcset=\"https:\/\/www.cesar.org.br\/painel\/wp-content\/uploads\/2024\/08\/image3-1024x683.jpg 1024w, https:\/\/www.cesar.org.br\/painel\/wp-content\/uploads\/2024\/08\/image3-300x200.jpg 300w, https:\/\/www.cesar.org.br\/painel\/wp-content\/uploads\/2024\/08\/image3-768x512.jpg 768w, https:\/\/www.cesar.org.br\/painel\/wp-content\/uploads\/2024\/08\/image3-1536x1024.jpg 1536w, https:\/\/www.cesar.org.br\/painel\/wp-content\/uploads\/2024\/08\/image3.jpg 1999w\" sizes=\"auto, (max-width: 1024px) 100vw, 1024px\" \/><\/p>\n<p>Os <a href=\"https:\/\/www.cesar.org.br\/w\/lagoa-de-itaenga-jovens-e-idosos-recebem-formacao-com-foco-em-carreira-e-inclusao-digital\" target=\"_blank\" rel=\"noopener\">projetos Conecta Vidas e Passaporte Digital<\/a>, realizados pela CESAR School em parceria com a Associa\u00e7\u00e3o Conex\u00e3o Social, impactaram 250 pessoas em Lagoa de Itaenga, PE. A trilha Conecta Vidas oferece letramento digital para idosos, promovendo autonomia ao ensinar desde o pagamento de contas at\u00e9 cidadania digital e combate \u00e0s fake news.<\/p>\n<p>J\u00e1 o Passaporte Digital capacita adolescentes em tecnologia e inova\u00e7\u00e3o, focando na inclus\u00e3o de grupos como mulheres, pessoas pretas e LGBTQIA+. Ambos buscam ampliar oportunidades de carreira e inclus\u00e3o digital, fortalecendo la\u00e7os comunit\u00e1rios e autonomia socioprodutiva.<\/p>\n<p>A forma\u00e7\u00e3o, baseada em metodologias ativas e pr\u00e1ticas inovadoras, contou com cursos, workshops e est\u00e1gios para jovens. Para os idosos, o projeto foca em um envelhecimento ativo.<\/p>\n<p>A CESAR School projetou as trilhas educacionais e capacitou os educadores, promovendo impacto social alinhado aos Objetivos de Desenvolvimento Sustent\u00e1vel da ONU, como erradica\u00e7\u00e3o da pobreza, igualdade de g\u00eanero e trabalho decente. A parceria se destaca por <strong>transformar realidades locais com inova\u00e7\u00e3o e inclus\u00e3o<\/strong>.<\/p>\n<h2>Como o CESAR pode auxiliar no desenvolvimento de projetos sociais?<\/h2>\n<p>Preparar as pr\u00f3ximas gera\u00e7\u00f5es para as profiss\u00f5es do futuro \u00e9 um desafio que requer empenho, inova\u00e7\u00e3o e inclus\u00e3o. A educa\u00e7\u00e3o precisa ser um espa\u00e7o para todos, capaz de promover o desenvolvimento de habilidades cr\u00edticas e oferecer oportunidades iguais para que cada pessoa possa alcan\u00e7ar seu potencial.<\/p>\n<p>O CESAR pode auxiliar em projetos educacionais oferecendo solu\u00e7\u00f5es personalizadas em tecnologia e inova\u00e7\u00e3o. Por meio de sua escola de inova\u00e7\u00e3o, a CESAR School, criamos trilhas educacionais adaptadas \u00e0s necessidades espec\u00edficas de comunidades ou grupos, utilizando metodologias ativas, como aprendizado baseado em projetos e sala de aula invertida.<\/p>\n<p>Capacitamos educadores, promovendo experi\u00eancias pr\u00e1ticas e interativas para preparar alunos para o mercado digital e <strong>estimular habilidades empreendedoras<\/strong>. Essa abordagem contribui para inclus\u00e3o, desenvolvimento social e forma\u00e7\u00e3o de m\u00e3o de obra qualificada em diversas \u00e1reas tecnol\u00f3gicas.<\/p>\n<p>Para desenvolver projetos educacionais inovadores, <a href=\"https:\/\/materiais.cesar.org.br\/faleconsultor\" target=\"_blank\" rel=\"noopener\">entre em contato com o CESAR<\/a>. Nossa equipe tem expertise para planejar e implementar solu\u00e7\u00f5es que potencializam suas iniciativas. Transforme o futuro das pessoas com o apoio de especialistas em inova\u00e7\u00e3o e tecnologia!<\/p>\n","protected":false},"featured_media":4213,"template":"","categories":[2],"tags":[418,414,419],"formato_insights":[16],"class_list":["post-4200","insight","type-insight","status-publish","has-post-thumbnail","hentry","category-educacao","tag-educacao-digital","tag-inclusao-digital","tag-letramento-digital","formato_insights-artigo"],"acf":[],"_links":{"self":[{"href":"https:\/\/www.cesar.org.br\/painel\/wp-json\/wp\/v2\/insight\/4200","targetHints":{"allow":["GET"]}}],"collection":[{"href":"https:\/\/www.cesar.org.br\/painel\/wp-json\/wp\/v2\/insight"}],"about":[{"href":"https:\/\/www.cesar.org.br\/painel\/wp-json\/wp\/v2\/types\/insight"}],"wp:featuredmedia":[{"embeddable":true,"href":"https:\/\/www.cesar.org.br\/painel\/wp-json\/wp\/v2\/media\/4213"}],"wp:attachment":[{"href":"https:\/\/www.cesar.org.br\/painel\/wp-json\/wp\/v2\/media?parent=4200"}],"wp:term":[{"taxonomy":"category","embeddable":true,"href":"https:\/\/www.cesar.org.br\/painel\/wp-json\/wp\/v2\/categories?post=4200"},{"taxonomy":"post_tag","embeddable":true,"href":"https:\/\/www.cesar.org.br\/painel\/wp-json\/wp\/v2\/tags?post=4200"},{"taxonomy":"formato_insights","embeddable":true,"href":"https:\/\/www.cesar.org.br\/painel\/wp-json\/wp\/v2\/formato_insights?post=4200"}],"curies":[{"name":"wp","href":"https:\/\/api.w.org\/{rel}","templated":true}]}}