{"id":3671,"date":"2023-04-20T19:22:29","date_gmt":"2023-04-20T19:22:29","guid":{"rendered":"https:\/\/www.cesar.org.br\/painel\/?post_type=insight&#038;p=3671"},"modified":"2026-03-10T13:38:18","modified_gmt":"2026-03-10T16:38:18","slug":"transformacao-digital-o-que-e-e-como-impacta-o-mundo-atual","status":"publish","type":"insight","link":"https:\/\/www.cesar.org.br\/painel\/insight\/transformacao-digital-o-que-e-e-como-impacta-o-mundo-atual\/","title":{"rendered":"Transforma\u00e7\u00e3o digital: o que \u00e9 e como impacta o mundo atual?"},"content":{"rendered":"<p>O avan\u00e7o da tecnologia \u00e9 algo not\u00e1vel em toda a exist\u00eancia humana, e com o passar do tempo, se tornou algo necess\u00e1rio nas organiza\u00e7\u00f5es que visavam melhorar seu trabalho e crescer no mercado. Assim surgiu a transforma\u00e7\u00e3o digital, processo que vai al\u00e9m do uso de novas tecnologias para facilitar processos. S\u00e3o mudan\u00e7as que envolvem diversas diretrizes que visam otimizar procedimentos, melhorar a experi\u00eancia do cliente e adaptar a realidade das empresas para o mundo moderno.<\/p>\n<div class=\"content-article\">\n<p>Se voc\u00ea quer entender mais sobre o tema e entender mais a import\u00e2ncia da transforma\u00e7\u00e3o digital nas empresas, confira o conte\u00fado a seguir!<\/p>\n<h2>O que \u00e9 transforma\u00e7\u00e3o digital?<\/h2>\n<p>A transforma\u00e7\u00e3o digital diz respeito \u00e0 mudan\u00e7a de comportamento das empresas que visam\u00a0<strong>modernizar os seus processos para acompanhar o avan\u00e7o constante da tecnologia e as tend\u00eancias do mercado<\/strong>. Al\u00e9m disso, podemos defini-la como o processo em que essas organiza\u00e7\u00f5es usam tecnologias digitais para solucionar problemas tradicionais, como: quedas no desempenho, produtividade, agilidade e efic\u00e1cia.<\/p>\n<p>Todo tipo de neg\u00f3cio, independentemente de oferecer servi\u00e7o ou produto, ao adotar tecnologias digitais na sua cultura e em seus setores aumentam o alcance de mercado e melhoram o desempenho das equipes, que conseguem se adaptar mais rapidamente \u00e0s demandas dos clientes.<\/p>\n<p>Ou seja, podemos consider\u00e1-la a desconstru\u00e7\u00e3o criativa dos antigos modelos de neg\u00f3cios para uma aplica\u00e7\u00e3o mais madura das diversas solu\u00e7\u00f5es digitais \u2013 usadas nos mais diversos processos produtivos. Isso faz com que as empresas gerem valor, se transformem e se mantenham relevantes no mercado.<\/p>\n<h2>Como a transforma\u00e7\u00e3o digital aconteceu? O que a iniciou?<\/h2>\n<p><img loading=\"lazy\" decoding=\"async\" class=\"aligncenter wp-image-3673\" src=\"https:\/\/www.cesar.org.br\/painel\/wp-content\/uploads\/2024\/06\/2f56e8e5-dd16-3889-9133-8f93d18acaee-300x200.jpg\" alt=\"Estudante de tecnologia usando laptop, aprendizado online, educa\u00e7\u00e3o tecnol\u00f3gica.\" width=\"519\" height=\"346\" srcset=\"https:\/\/www.cesar.org.br\/painel\/wp-content\/uploads\/2024\/06\/2f56e8e5-dd16-3889-9133-8f93d18acaee-300x200.jpg 300w, https:\/\/www.cesar.org.br\/painel\/wp-content\/uploads\/2024\/06\/2f56e8e5-dd16-3889-9133-8f93d18acaee-1024x683.jpg 1024w, https:\/\/www.cesar.org.br\/painel\/wp-content\/uploads\/2024\/06\/2f56e8e5-dd16-3889-9133-8f93d18acaee-768x513.jpg 768w, https:\/\/www.cesar.org.br\/painel\/wp-content\/uploads\/2024\/06\/2f56e8e5-dd16-3889-9133-8f93d18acaee.jpg 1500w\" sizes=\"auto, (max-width: 519px) 100vw, 519px\" \/><\/p>\n<p>\u00c9 muito comum associarmos a transforma\u00e7\u00e3o digital \u00e0s modernidades atuais como celulares e aplicativos. Mas ela se iniciou h\u00e1 algum tempo, na d\u00e9cada de 1990, quando surgiu a grande rede de computadores e o lan\u00e7amento da primeira p\u00e1gina da web.<\/p>\n<p>Ap\u00f3s esse acontecimento outros fatos foram marcando a transforma\u00e7\u00e3o digital. Segundo o livro\u00a0\u201cTransforma\u00e7\u00e3o Digital \u2013 uma jornada poss\u00edvel\u201d, publicado pelo CESAR:<\/p>\n<blockquote><p>\u201cA transforma\u00e7\u00e3o digital come\u00e7ou meio que sem ningu\u00e9m perceber, bem lentamente. Depois, muito de repente! A internet comercial \u00e9 de 1995. Quem j\u00e1 estava acordado nessa \u00e9poca nota o quanto de mudan\u00e7as ela trouxe para a sociedade e os neg\u00f3cios.\u201d<\/p><\/blockquote>\n<p>Com a internet, iniciou-se uma era de democratiza\u00e7\u00e3o do mundo digital. Tecnologias que antes eram exclusivas de grandes organiza\u00e7\u00f5es e pessoas com um grande poder econ\u00f4mico, se tornaram poss\u00edveis para pessoas comuns.<\/p>\n<p>Isso fez com que o estilo de vida da sociedade se transformasse e se tornasse cada vez mais digital. Assim, as empresas viram a necessidade de se conectarem, fazendo com que antigos mercados entrassem em extin\u00e7\u00e3o e novos surgissem.<\/p>\n<p>Em 2009, surgiu o GPS (Global Positioning System), uma tecnologia aliada com a internet que abriu as portas para toda conex\u00e3o e troca de informa\u00e7\u00f5es que vemos hoje. A partir desse momento, o sistema se passou a se tornar uma rede de coisas, indo al\u00e9m de pessoas.<\/p>\n<p>Com a grande troca de informa\u00e7\u00f5es, essa transforma\u00e7\u00e3o evolouiu e se tornou o que conhecemos como\u00a0<a href=\"https:\/\/www.cesar.org.br\/w\/conheca-o-iot-confira-o-guia-do-cesar-sobre-o-assunto-\" target=\"_blank\" rel=\"noopener\">Internet das Coisas, ou apenas, IoT<\/a>. Esse avan\u00e7o culminou naquilo que conhecemos como Ind\u00fastria 4.0, a 4\u00aa Revolu\u00e7\u00e3o Industrial. Com isso, as ind\u00fastrias se digitalizaram aumentando a comunica\u00e7\u00e3o entre m\u00e1quinas e intelig\u00eancia.<\/p>\n<h2>Como a transforma\u00e7\u00e3o digital funciona?<\/h2>\n<p>A transforma\u00e7\u00e3o digital n\u00e3o se resume apenas em implantar tecnologias nos setores de uma empresa. Ela<strong>\u00a0est\u00e1 ligada a uma mudan\u00e7a de cultura e comportamento, portanto, gestores, stakeholders e colaboradores devem se envolver completamente no processo<\/strong>.<\/p>\n<p>Nessa nova vis\u00e3o,<strong>\u00a0<\/strong>quem mais importa \u00e9 o cliente. Seu perfil, suas dores, prefer\u00eancias e necessidades devem ser supridas pelo produto ou servi\u00e7o que sua empresa oferece. Os pr\u00f3ximos passos envolvem identificar os processos que precisam ser otimizados para se chegar nesse objetivo e s\u00f3 ent\u00e3o escolher as tecnologias que ser\u00e3o necess\u00e1rias para a transforma\u00e7\u00e3o.<\/p>\n<p>Vale deixar claro que essa mudan\u00e7a n\u00e3o \u00e9 uma imposi\u00e7\u00e3o. N\u00e3o importa qual o tamanho, segmento nem tempo de atua\u00e7\u00e3o no mercado: Transforma\u00e7\u00e3o Digital \u00e9 uma necessidade latente. Diversos\u00a0<a href=\"https:\/\/www.cesar.org.br\/insights?tag=cesar%20reports\" target=\"_blank\" rel=\"noopener\">artigos sobre inova\u00e7\u00e3o<\/a>\u00a0j\u00e1 afirmam isso e monstram a import\u00e2ncia da moderniza\u00e7\u00e3o para os neg\u00f3cios que querem crescer.<\/p>\n<h2>Os 8 pilares da transforma\u00e7\u00e3o digital<\/h2>\n<p>Existem\u00a0<a href=\"https:\/\/www.cesar.org.br\/pt\/w\/transformacao-digital-8-fundamentos-para-impacto\" target=\"_blank\" rel=\"noopener\">oito dimens\u00f5es da transforma\u00e7\u00e3o digital<\/a>\u00a0utilizadas para entender o n\u00edvel de maturidade digital das organiza\u00e7\u00f5es. Venha conhecer todos:<\/p>\n<h3>1. Cultura e pessoas<\/h3>\n<p>A primeira dimens\u00e3o da transforma\u00e7\u00e3o digital est\u00e1 relacionada com\u00a0<strong>a perspectiva das pessoas sobre as mudan\u00e7as na era digital<\/strong>. Isso est\u00e1 relacionado com o papel de autor das modifica\u00e7\u00f5es. Mas, tamb\u00e9m, com o humano como instrumento dessas novidades e da nova configura\u00e7\u00e3o de sociedade e neg\u00f3cios.<\/p>\n<h3>2. Consumidores<\/h3>\n<p>Conforme vimos anteriormente, com as mudan\u00e7as e inova\u00e7\u00f5es, o relacionamento entre consumidores e organiza\u00e7\u00e3o est\u00e3o sendo afetados drasticamente. Isso acontece principalmente pela exig\u00eancia dos clientes. Atualmente, eles buscam por um consumo a livre demanda de produtos customiz\u00e1veis e sempre conectados.<\/p>\n<h3>3. Concorr\u00eancia<\/h3>\n<p>A transforma\u00e7\u00e3o digital afeta diretamente tamb\u00e9m as rela\u00e7\u00f5es de concorr\u00eancia existentes. Se, antigamente, era mais f\u00e1cil de entender e prever o comportamento das demais empresas, hoje, isso j\u00e1 n\u00e3o se aplica. Por meio da tecnologia, os competidores podem se tornar mais \u00e1geis e inesperados, causando grandes reviravoltas em pequenos per\u00edodos.<\/p>\n<h3>4. Inova\u00e7\u00e3o<\/h3>\n<p>A inova\u00e7\u00e3o talvez seja uma das dimens\u00f5es principais da transforma\u00e7\u00e3o digital. Com as mudan\u00e7as, outros m\u00e9todos e processos foram sendo desenvolvidos. Com isso, sa\u00edmos de um mundo onde as organiza\u00e7\u00f5es desenvolviam seus produtos e servi\u00e7os individualmente, para um\u00a0<strong>universo de cocria\u00e7\u00e3o e experimenta\u00e7\u00e3o cont\u00ednua<\/strong>. Para obter sucesso, \u00e9 necess\u00e1rio aprender r\u00e1pido e inovar.<\/p>\n<h3>5. Processos<\/h3>\n<p>Os processos tamb\u00e9m s\u00e3o um pilar da transforma\u00e7\u00e3o digital, afinal, foram alterados muito por ela. Todos os processos internos da empresa passaram a ser feitos tendo base o usu\u00e1rio. Ou seja, agora o foca est\u00e1 nas pessoas e n\u00e3o nas tarefas. Assim, as organiza\u00e7\u00f5es otimizam, automatizam e transformam suas institui\u00e7\u00f5es atrav\u00e9s da tecnologia.<\/p>\n<h3>6. Modelos de neg\u00f3cios<\/h3>\n<p>Com o avan\u00e7o das tecnologias, novos mercados e maneiras de crescer precisaram ser explorados. Estudar esses novos modelos de neg\u00f3cio com base na Transforma\u00e7\u00e3o Digital \u00e9 essencial para garantir a sobreviv\u00eancia e sucesso das empresas.<\/p>\n<h3>7. Dados e ambientes regulat\u00f3rios<\/h3>\n<p>Com o passar do tempo e com as mudan\u00e7as acontecendo, os dados foram se tornando cada vez mais importantes para as organiza\u00e7\u00f5es. Afinal, eles s\u00e3o usados para\u00a0<strong>definir estrat\u00e9gias e auxiliam na tomada de decis\u00f5es das empresas<\/strong>. Por isso, a privacidade, direitos intelectuais e seguran\u00e7a dos consumidores se tornaram cada vez mais relevantes.<\/p>\n<h3>8. Tecnologias habilitadoras<\/h3>\n<p>E, obviamente, a grande base da transforma\u00e7\u00e3o digital: as tecnologias habilitadoras. Para se tornar bem sucedido nesse per\u00edodo, as empresas precisam dominar as tecnologias como o IoT, Intelig\u00eancia Artificial e Big Data. Esses conhecimentos d\u00e3o for\u00e7a para a organiza\u00e7\u00e3o, aceleram a transforma\u00e7\u00e3o e trazem vantagens competitivas.<\/p>\n<h2>Quais s\u00e3o os benef\u00edcios da transforma\u00e7\u00e3o digital? E os desafios?<\/h2>\n<p><img loading=\"lazy\" decoding=\"async\" class=\" wp-image-3674 aligncenter\" src=\"https:\/\/www.cesar.org.br\/painel\/wp-content\/uploads\/2024\/06\/b7c01e95-f3a5-b7ef-0ee1-3cc014f7bd3b-300x200.jpg\" alt=\"\" width=\"543\" height=\"362\" srcset=\"https:\/\/www.cesar.org.br\/painel\/wp-content\/uploads\/2024\/06\/b7c01e95-f3a5-b7ef-0ee1-3cc014f7bd3b-300x200.jpg 300w, https:\/\/www.cesar.org.br\/painel\/wp-content\/uploads\/2024\/06\/b7c01e95-f3a5-b7ef-0ee1-3cc014f7bd3b-1024x683.jpg 1024w, https:\/\/www.cesar.org.br\/painel\/wp-content\/uploads\/2024\/06\/b7c01e95-f3a5-b7ef-0ee1-3cc014f7bd3b-768x513.jpg 768w, https:\/\/www.cesar.org.br\/painel\/wp-content\/uploads\/2024\/06\/b7c01e95-f3a5-b7ef-0ee1-3cc014f7bd3b.jpg 1500w\" sizes=\"auto, (max-width: 543px) 100vw, 543px\" \/><\/p>\n<p>Os benef\u00edcios da transforma\u00e7\u00e3o digital para as empresas est\u00e3o ligados diretamente aos seus pilares:<\/p>\n<ul>\n<li><strong>Melhora da satisfa\u00e7\u00e3o do cliente<\/strong>: as novas demandas s\u00e3o atendidas de forma r\u00e1pida e eficiente;<\/li>\n<li><strong>Aumento na qualidade da entrega<\/strong>: o uso de equipamentos e a padroniza\u00e7\u00e3o de processo garantem um produto de melhor qualidade;<\/li>\n<li><strong>Menos processos manuais<\/strong>:<strong>\u00a0<\/strong>os softwares de gest\u00e3o, de emiss\u00e3o de nota s\u00e3o alguns exemplos de tarefas que podem automatizar e facilitar tarefas manuais demoradas e mais suscept\u00edveis a erros;<\/li>\n<li><strong>Redu\u00e7\u00e3o de custos<\/strong>:<strong>\u00a0<\/strong>o uso de novas tecnologias integra processos e fornece dados financeiros mais confi\u00e1veis, que ser\u00e3o importantes para planejar o futuro do neg\u00f3cio.<\/li>\n<\/ul>\n<p>Aliado a todo processo de mudan\u00e7a, a transforma\u00e7\u00e3o digital em uma empresa tamb\u00e9m pode oferecer alguns desafios:<\/p>\n<ul>\n<li><strong>Exclus\u00e3o digital<\/strong>: alguns colaboradores podem ter dificuldade em aprender a usar as novas tecnologias. A empresa deve estar ciente dessas dificuldades e oferecer treinamentos para preparar seus colaboradores para o futuro;<\/li>\n<li><strong>Gestores estagnados<\/strong>: os l\u00edderes da empresa devem entender claramente os benef\u00edcios e os desafios da transforma\u00e7\u00e3o digital, caso contr\u00e1rio, n\u00e3o dar\u00e3o a credibilidade ao processo e desmotivar\u00e3o toda a equipe;<\/li>\n<li><strong>N\u00e3o implantar uma cultura de inova\u00e7\u00e3o<\/strong>: mudar a cultura de uma empresa n\u00e3o \u00e9 algo simples e r\u00e1pido. Deve acontecer de forma colaborativa com os funcion\u00e1rios e l\u00edderes. Muitas vezes o uso da tecnologia \u00e9 adiado por um pensamento enraizado na organiza\u00e7\u00e3o, impedindo o seu crescimento.<\/li>\n<\/ul>\n<blockquote><p>Veja tamb\u00e9m:\u00a0<a href=\"https:\/\/www.cesar.org.br\/pt\/web\/guest\/w\/transformacao-digital-o-tempo-agora-e-de-agir\" target=\"_blank\" rel=\"noopener\">Transforma\u00e7\u00e3o Digital: o tempo agora \u00e9 de agir!<\/a><\/p><\/blockquote>\n<h2>Principais tecnologias advindas da transforma\u00e7\u00e3o digital<\/h2>\n<p><img loading=\"lazy\" decoding=\"async\" class=\" wp-image-3675 aligncenter\" src=\"https:\/\/www.cesar.org.br\/painel\/wp-content\/uploads\/2024\/06\/6c6ec65e-0fb8-dba4-3842-dbace4b917da-300x200.jpg\" alt=\"\" width=\"545\" height=\"363\" srcset=\"https:\/\/www.cesar.org.br\/painel\/wp-content\/uploads\/2024\/06\/6c6ec65e-0fb8-dba4-3842-dbace4b917da-300x200.jpg 300w, https:\/\/www.cesar.org.br\/painel\/wp-content\/uploads\/2024\/06\/6c6ec65e-0fb8-dba4-3842-dbace4b917da-1024x683.jpg 1024w, https:\/\/www.cesar.org.br\/painel\/wp-content\/uploads\/2024\/06\/6c6ec65e-0fb8-dba4-3842-dbace4b917da-768x512.jpg 768w, https:\/\/www.cesar.org.br\/painel\/wp-content\/uploads\/2024\/06\/6c6ec65e-0fb8-dba4-3842-dbace4b917da.jpg 1500w\" sizes=\"auto, (max-width: 545px) 100vw, 545px\" \/><\/p>\n<p>Por mais que tenhamos deixado claro que a transforma\u00e7\u00e3o digital n\u00e3o est\u00e1 ligada somente ao uso de tecnologias, n\u00e3o podemos negar que essas ferramentas s\u00e3o o que nos permite colocar em pr\u00e1tica toda a sua teoria.<\/p>\n<p>Veja tr\u00eas tecnologias que tem um importante papel neste cen\u00e1rio que estamos vivendo:<\/p>\n<h3>1. Internet das coisas (IoT)<\/h3>\n<p>A\u00a0<a href=\"https:\/\/www.cesar.org.br\/w\/conheca-o-iot-confira-o-guia-do-cesar-sobre-o-assunto-\" target=\"_blank\" rel=\"noopener\">IoT (Internet of Things)<\/a>\u00a0<strong>\u00e9 a tecnologia que permite a conex\u00e3o e a integra\u00e7\u00e3o de objetos f\u00edsicos por meio de sensores e softwares<\/strong>. Os objetos podem ser literalmente qualquer coisa. A comunica\u00e7\u00e3o entre carros e smartphones com a troca de informa\u00e7\u00f5es de GPS \u00e9 um exemplo do uso dessa intelig\u00eancia.<\/p>\n<p>Para o meio empresarial, a aplica\u00e7\u00e3o do IoT na transforma\u00e7\u00e3o digital \u00e9 importante para integrar setores, coletar dados e ressignificar as formas com que os processos s\u00e3o realizados.<\/p>\n<h3>2. Cloud computing<\/h3>\n<p>O cloud computing (no portugu\u00eas &#8220;armazenamento em nuvem&#8221;) \u00e9 um armazenamento externo<br \/>\nrealizado em um<strong>\u00a0banco de dados remoto<\/strong>, em que n\u00e3o \u00e9 necess\u00e1rio ocupar espa\u00e7o no disco r\u00edgido do computador ou dispositivo m\u00f3vel.<\/p>\n<p>\u00c9 considerado uma forma segura para guardar arquivos e apresenta outras diversas vantagens sobre o armazenamento f\u00edsico como facilidade para compartilhamento, acessibilidade e redu\u00e7\u00e3o de custos. <a href=\"https:\/\/materiais.cesar.org.br\/ia-ebook\"><img loading=\"lazy\" decoding=\"async\" class=\"alignright wp-image-3676\" src=\"https:\/\/www.cesar.org.br\/painel\/wp-content\/uploads\/2024\/06\/0cc88d9e-b5c8-5f37-12c2-52c711a689a7-176x300.png\" alt=\"E-book gratuito: Intelig\u00eancia Artificial - impactos nos neg\u00f3cios e suas consequ\u00eancias. Download dispon\u00edvel.\" width=\"275\" height=\"469\" srcset=\"https:\/\/www.cesar.org.br\/painel\/wp-content\/uploads\/2024\/06\/0cc88d9e-b5c8-5f37-12c2-52c711a689a7-176x300.png 176w, https:\/\/www.cesar.org.br\/painel\/wp-content\/uploads\/2024\/06\/0cc88d9e-b5c8-5f37-12c2-52c711a689a7-600x1024.png 600w, https:\/\/www.cesar.org.br\/painel\/wp-content\/uploads\/2024\/06\/0cc88d9e-b5c8-5f37-12c2-52c711a689a7.png 668w\" sizes=\"auto, (max-width: 275px) 100vw, 275px\" \/><\/a><\/p>\n<h3>3. Intelig\u00eancia artificial<\/h3>\n<p>A\u00a0<a href=\"https:\/\/www.cesar.org.br\/pt\/w\/inteligencia-artificial-da-ficcao-cientifica-ao-nosso-dia-a-dia\" target=\"_blank\" rel=\"noopener\">intelig\u00eancia artificial (IA)<\/a>\u00a0\u00e9 respons\u00e1vel por automatizar a aprendizagem repetitiva e pode aprimorar gradativamente a execu\u00e7\u00e3o de tarefas a partir das informa\u00e7\u00f5es coletadas. \u00c9 respons\u00e1vel por executar tarefas computadorizadas frequentes, de grande volume, de modo confi\u00e1vel e constante.<\/p>\n<p>Com o uso da IA, as empresas podem\u00a0<strong>simplificar processos extremamente complexos<\/strong>. Imagine ter que separar, processar e retirar informa\u00e7\u00f5es de uma grande quantidade de dados gerados por um software de gest\u00e3o de forma manual, seria invi\u00e1vel!<\/p>\n<h2>Case de sucesso de transforma\u00e7\u00e3o digital<\/h2>\n<p>Agora que j\u00e1 est\u00e1 mais claro o conceito da transforma\u00e7\u00e3o digital, veja exemplos de empresas que passaram por este processo:<\/p>\n<h3>&#8211; CareX: projeto da parceria entre o CESAR e a startup americana CarelogiQ<\/h3>\n<p>A CareX conta com algoritmos baseados em dados e ferramentas de colabora\u00e7\u00e3o para que as equipes de sa\u00fade se conectem com pacientes a qualquer hora e lugar.<\/p>\n<p>Dessa forma, oferece um sistema de gest\u00e3o e comunica\u00e7\u00e3o que permite que m\u00e9dicos e enfermeiros, dentro de unidades de sa\u00fade, possam trocar informa\u00e7\u00f5es sobre medica\u00e7\u00f5es, prescri\u00e7\u00f5es e estado de sa\u00fade dos pacientes. A solu\u00e7\u00e3o digital foi projetada para atender as diversas demandas da \u00e1rea da sa\u00fade em plena pandemia.<\/p>\n<p>A diminui\u00e7\u00e3o do risco de infec\u00e7\u00e3o em pacientes idosos passou a ser outra prioridade da solu\u00e7\u00e3o no per\u00edodo, ent\u00e3o, com a CareX, o servi\u00e7o de telemedicina permitiu que essa comunidade ficasse mais protegida, uma vez que o deslocamento para o hospital passou a n\u00e3o se fazer necess\u00e1rio em v\u00e1rios momentos.<\/p>\n<p>Dessa forma, o desenvolvimento interativo permitiu que o\u00a0CESAR e a CarelogiQ\u00a0desenvolvessem uma solu\u00e7\u00e3o que atendesse \u00e0s necessidades reais de m\u00e9dicos e pacientes.<\/p>\n<h2>Como ocorreu a transforma\u00e7\u00e3o digital em diferentes nichos do mercado?<\/h2>\n<p><img loading=\"lazy\" decoding=\"async\" class=\" wp-image-3677 aligncenter\" src=\"https:\/\/www.cesar.org.br\/painel\/wp-content\/uploads\/2024\/06\/3d42a61a-e189-b205-d628-52f290fd1036-300x200.jpg\" alt=\"\" width=\"542\" height=\"361\" srcset=\"https:\/\/www.cesar.org.br\/painel\/wp-content\/uploads\/2024\/06\/3d42a61a-e189-b205-d628-52f290fd1036-300x200.jpg 300w, https:\/\/www.cesar.org.br\/painel\/wp-content\/uploads\/2024\/06\/3d42a61a-e189-b205-d628-52f290fd1036-1024x683.jpg 1024w, https:\/\/www.cesar.org.br\/painel\/wp-content\/uploads\/2024\/06\/3d42a61a-e189-b205-d628-52f290fd1036-768x512.jpg 768w, https:\/\/www.cesar.org.br\/painel\/wp-content\/uploads\/2024\/06\/3d42a61a-e189-b205-d628-52f290fd1036.jpg 1500w\" sizes=\"auto, (max-width: 542px) 100vw, 542px\" \/><\/p>\n<p>A transforma\u00e7\u00e3o digital trouxe in\u00fameros benef\u00edcios para diversas \u00e1reas, confira:<\/p>\n<h3>&#8211; Setor financeiro<\/h3>\n<p>Antes da transforma\u00e7\u00e3o digital, as pessoas tinham que ir ao banco f\u00edsico para realizar qualquer tipo de transa\u00e7\u00e3o. Depois surgiram os caixas eletr\u00f4nicos para an\u00e1lise de saldo, dep\u00f3sitos e retirada de dinheiro.<\/p>\n<p>Hoje, os\u00a0<strong>aplicativos banc\u00e1rios oferecem diversos servi\u00e7os online\u00a0<\/strong>que podem ser acessados por um computador ou smartphone de forma r\u00e1pida e pr\u00e1tica. Aproveite e entenda melhor as\u00a0<a href=\"https:\/\/www.cesar.org.br\/w\/techfins-fintechs-e-as-transformacoes-do-setor-financeiro-e-de-como-lidamos-com-as-financas\" target=\"_blank\" rel=\"noopener\">transforma\u00e7\u00f5es no mercado financeiro atrav\u00e9s das techfins e fintechs<\/a>.<\/p>\n<h3>&#8211; Setor industrial <a href=\"https:\/\/materiais.cesar.org.br\/industria40-ebook\"><img loading=\"lazy\" decoding=\"async\" class=\" wp-image-3678 alignright\" src=\"https:\/\/www.cesar.org.br\/painel\/wp-content\/uploads\/2024\/06\/bf666bad-509a-d4dd-2ec6-7713c4d803de-160x300.png\" alt=\"\" width=\"260\" height=\"488\" srcset=\"https:\/\/www.cesar.org.br\/painel\/wp-content\/uploads\/2024\/06\/bf666bad-509a-d4dd-2ec6-7713c4d803de-160x300.png 160w, https:\/\/www.cesar.org.br\/painel\/wp-content\/uploads\/2024\/06\/bf666bad-509a-d4dd-2ec6-7713c4d803de-546x1024.png 546w, https:\/\/www.cesar.org.br\/painel\/wp-content\/uploads\/2024\/06\/bf666bad-509a-d4dd-2ec6-7713c4d803de-768x1441.png 768w, https:\/\/www.cesar.org.br\/painel\/wp-content\/uploads\/2024\/06\/bf666bad-509a-d4dd-2ec6-7713c4d803de-819x1536.png 819w, https:\/\/www.cesar.org.br\/painel\/wp-content\/uploads\/2024\/06\/bf666bad-509a-d4dd-2ec6-7713c4d803de.png 831w\" sizes=\"auto, (max-width: 260px) 100vw, 260px\" \/><\/a><\/h3>\n<p>A ind\u00fastria foi outro setor onde transforma\u00e7\u00e3o digital teve um alto impacto positivo e facilmente not\u00e1vel. O trabalho mec\u00e2nico, antes feito por humanos, foi automatizado, promovendo uma reprodutibilidade em grande escala e sem desgaste.<\/p>\n<p>Estamos vivendo na chamada\u00a0<strong>ind\u00fastria 4.0, considerada a quarta revolu\u00e7\u00e3o industrial<\/strong>, utiliza de sistemas cibern\u00e9ticos, intelig\u00eancia artificial e internet das coisas para facilitar processos e veio para mudar nossa vis\u00e3o e a forma de trabalhar neste setor.<\/p>\n<p>Se deseja entender mais sobre como as tecnologias habilitadoras t\u00eam gerado valor e efici\u00eancia para as industrias, confira nosso\u00a0<a href=\"https:\/\/materiais.cesar.org.br\/industria40-ebook\" target=\"_blank\" rel=\"noopener\">e-book gratuito sobre a Ind\u00fastria 4.0<\/a>. Aproveite!<\/p>\n<h3>&#8211; Educa\u00e7\u00e3o<\/h3>\n<p>As plataformas de<strong>\u00a0ensino a dist\u00e2ncia<\/strong>\u00a0permitem o acesso de cada vez mais estudantes que, muitas vezes, n\u00e3o tinham acesso \u00e0 educa\u00e7\u00e3o. O aprendizado por esses canais acontece de forma personalizada, priorizando a velocidade de cada aluno.<\/p>\n<p>As salas virtuais oferecem uma s\u00e9rie de vantagens como a comodidade do aluno poder estudar no local que deseja, o compartilhamento de conte\u00fados extras de forma f\u00e1cil, \u00e1rea de tirar d\u00favidas com um professor, dentre outras.<\/p>\n<p><strong>Conhe\u00e7a tamb\u00e9m o impacto da\u00a0<a href=\"https:\/\/materiais.cesar.org.br\/energia-ebook\" target=\"_blank\" rel=\"noopener\">Transforma\u00e7\u00e3o Digital no Setor de Energia.<\/a><\/strong><\/p>\n<h2>Como ser\u00e1 o futuro? Tend\u00eancias p\u00f3s transforma\u00e7\u00e3o digital<\/h2>\n<p>Apesar de todas as transforma\u00e7\u00f5es j\u00e1 vivenciadas atualmente, essa \u00e9 uma \u00e1rea que ainda promete evolu\u00e7\u00e3o e muitas inova\u00e7\u00f5es. A tend\u00eancia \u00e9 que as tecnologias j\u00e1 existentes sejam ainda mais aprimoradas e novas solu\u00e7\u00f5es estejam dispon\u00edveis dentro de alguns anos.<\/p>\n<p>J\u00e1 est\u00e3o previstos processos de hiperautoma\u00e7\u00e3o, que utilizar\u00e3o de intelig\u00eancia artificial (AI), machine learning, robotic process automation (RPA) e conex\u00e3o de alta velocidade em 5G para revolucionar, mais um vez, o mercado corporativo.<\/p>\n<p>O Process Mining \u00e9 mais um exemplo de tecnologia que vem se aprimorando para oferecer maior confiabilidade \u00e0 tomada de decis\u00f5es para as empresas implementarem processos com sucesso. E<strong>\u00a0muitas dessas transforma\u00e7\u00f5es devem estar ligadas ao conceito de ESG (Environmental, Social and Corporate Governance)<\/strong>, que visa garantir a\u00e7\u00f5es que transformem o mercado, ao mesmo que tempo que preserve o nosso planeta.<\/p>\n<h4>Quer entender melhor o n\u00edvel de transforma\u00e7\u00e3o digital da sua organiza\u00e7\u00e3o? Ent\u00e3o, acesse o\u00a0<strong><a href=\"https:\/\/transformacao.cesar.org.br\/\" target=\"_blank\" rel=\"noopener\">\u00cdndice CESAR de Transforma\u00e7\u00e3o Digital<\/a><\/strong>, fa\u00e7a a pesquisa e receba uma an\u00e1lise detalhada com recomenda\u00e7\u00f5es importantes para acelerar esse processo na sua empresa. Confira!<\/h4>\n<\/div>\n","protected":false},"featured_media":3672,"template":"","categories":[5],"tags":[100],"formato_insights":[16],"class_list":["post-3671","insight","type-insight","status-publish","has-post-thumbnail","hentry","category-tecnologia","tag-transformacao-digital","formato_insights-artigo"],"acf":[],"_links":{"self":[{"href":"https:\/\/www.cesar.org.br\/painel\/wp-json\/wp\/v2\/insight\/3671","targetHints":{"allow":["GET"]}}],"collection":[{"href":"https:\/\/www.cesar.org.br\/painel\/wp-json\/wp\/v2\/insight"}],"about":[{"href":"https:\/\/www.cesar.org.br\/painel\/wp-json\/wp\/v2\/types\/insight"}],"wp:featuredmedia":[{"embeddable":true,"href":"https:\/\/www.cesar.org.br\/painel\/wp-json\/wp\/v2\/media\/3672"}],"wp:attachment":[{"href":"https:\/\/www.cesar.org.br\/painel\/wp-json\/wp\/v2\/media?parent=3671"}],"wp:term":[{"taxonomy":"category","embeddable":true,"href":"https:\/\/www.cesar.org.br\/painel\/wp-json\/wp\/v2\/categories?post=3671"},{"taxonomy":"post_tag","embeddable":true,"href":"https:\/\/www.cesar.org.br\/painel\/wp-json\/wp\/v2\/tags?post=3671"},{"taxonomy":"formato_insights","embeddable":true,"href":"https:\/\/www.cesar.org.br\/painel\/wp-json\/wp\/v2\/formato_insights?post=3671"}],"curies":[{"name":"wp","href":"https:\/\/api.w.org\/{rel}","templated":true}]}}