{"id":3049,"date":"2024-04-11T18:46:10","date_gmt":"2024-04-11T18:46:10","guid":{"rendered":"https:\/\/www.cesar.org.br\/painel\/?post_type=insight&#038;p=3049"},"modified":"2026-03-24T14:31:59","modified_gmt":"2026-03-24T17:31:59","slug":"integracao-de-ti-na-educacao-preparando-pessoas-para-o-futuro-do-trabalho","status":"publish","type":"insight","link":"https:\/\/www.cesar.org.br\/painel\/insight\/integracao-de-ti-na-educacao-preparando-pessoas-para-o-futuro-do-trabalho\/","title":{"rendered":"Integra\u00e7\u00e3o de TI na educa\u00e7\u00e3o: preparando pessoas para o futuro do trabalho"},"content":{"rendered":"<p><span style=\"font-weight: 400;\">Nos \u00faltimos anos, temos testemunhado uma transforma\u00e7\u00e3o crescente (e sem precedentes) impulsionada pela ascens\u00e3o da tecnologia em diferentes setores da sociedade &#8211; e n\u00e3o seria diferente no campo educacional. Desde a maneira como nos comunicamos at\u00e9 como conduzimos neg\u00f3cios, administramos nossa rotina e pautamos novos conhecimentos est\u00e3o permeados pela tecnologia da informa\u00e7\u00e3o. Portanto, ela tornou-se uma for\u00e7a motriz essencial na vida contempor\u00e2nea.<\/span><\/p>\n<p><span style=\"font-weight: 400;\">O mundo que nos causava espanto e admira\u00e7\u00e3o se transformou em uma aldeia global. Esta metamorfose s\u00f3 foi poss\u00edvel gra\u00e7as aos novos conhecimentos e posturas que tivemos que aprender e assumir em rela\u00e7\u00e3o a fatores como tempo e espa\u00e7o.\u00a0<\/span><\/p>\n<p><span style=\"font-weight: 400;\">Quer um exemplo pr\u00e1tico? Voc\u00ea, neste momento, pode estar lendo este texto pelo seu computador, com algumas\u00a0 outras abas abertas, como: sua rede social em constante <\/span><i><span style=\"font-weight: 400;\">refresh<\/span><\/i><span style=\"font-weight: 400;\">, caixa de e-mails com respostas pendentes e mensagens instant\u00e2neas n\u00e3o respondidas (e que n\u00e3o param de chegar) no aplicativo de mensagens preferido. Voc\u00ea est\u00e1 em muitos lugares ao mesmo tempo!<\/span><\/p>\n<p><span style=\"font-weight: 400;\">A r\u00e1pida evolu\u00e7\u00e3o tecnol\u00f3gica tem redefinido constantemente os limites do que \u00e9 poss\u00edvel, capacitando indiv\u00edduos e organiza\u00e7\u00f5es a alcan\u00e7ar novos patamares de inova\u00e7\u00e3o e progresso e, com isso, novas oportunidades. Mas, \u00e0 medida que novas tecnologias emergem e se integram \u00e0s demandas das empresas, h\u00e1 um aumento na procura por <\/span><span style=\"font-weight: 400;\">profissionais capazes de oper\u00e1-las de forma eficiente.<\/span><\/p>\n<p><span style=\"font-weight: 400;\">Com a automatiza\u00e7\u00e3o e digitaliza\u00e7\u00e3o cada vez mais presentes, muitas ocupa\u00e7\u00f5es est\u00e3o sendo transformadas e at\u00e9 mesmo substitu\u00eddas por m\u00e1quinas e algoritmos. Neste contexto, os profissionais que desejam se manter relevantes no mercado de trabalho precisam se adaptar rapidamente \u00e0s novas exig\u00eancias, e isto demanda uma atualiza\u00e7\u00e3o constante, <\/span><a href=\"https:\/\/materiais.cesar.org.br\/ec-lifelong-learning\" target=\"_blank\" rel=\"noopener\"><span style=\"font-weight: 400;\">o conhecido <\/span><i><span style=\"font-weight: 400;\">lifelong learning.<img loading=\"lazy\" decoding=\"async\" class=\" wp-image-3050 alignright\" src=\"https:\/\/www.cesar.org.br\/painel\/wp-content\/uploads\/2024\/04\/Mockup-2-163x300.png\" alt=\"\" width=\"231\" height=\"425\" srcset=\"https:\/\/www.cesar.org.br\/painel\/wp-content\/uploads\/2024\/04\/Mockup-2-163x300.png 163w, https:\/\/www.cesar.org.br\/painel\/wp-content\/uploads\/2024\/04\/Mockup-2-557x1024.png 557w, https:\/\/www.cesar.org.br\/painel\/wp-content\/uploads\/2024\/04\/Mockup-2-768x1411.png 768w, https:\/\/www.cesar.org.br\/painel\/wp-content\/uploads\/2024\/04\/Mockup-2-836x1536.png 836w, https:\/\/www.cesar.org.br\/painel\/wp-content\/uploads\/2024\/04\/Mockup-2.png 848w\" sizes=\"auto, (max-width: 231px) 100vw, 231px\" \/><\/span><\/i><\/a><\/p>\n<p><span style=\"font-weight: 400;\">Diante deste cen\u00e1rio, \u00e9 crucial que as pessoas reconhe\u00e7am a import\u00e2ncia da\u00a0atualiza\u00e7\u00e3o constante das suas habilidades (em diferentes vertentes). Isto pode envolver participar de workshops, cursos e forma\u00e7\u00f5es de treinamento especializado &#8211; ou at\u00e9 mesmo oportunidades de aprendizagem informal e autodidata.<\/span><span style=\"font-weight: 400;\"><br \/>\n<\/span><\/p>\n<p><span style=\"font-weight: 400;\">Aqueles que investem na amplia\u00e7\u00e3o das suas habilidades n\u00e3o apenas aumentam suas chances de crescimento e sucesso no mercado de trabalho, mas tamb\u00e9m contribuem para impulsionar a inova\u00e7\u00e3o e o crescimento econ\u00f4mico em um mundo cada vez mais globalizado.\u00a0<\/span><\/p>\n<p><span style=\"font-weight: 400;\">O \u00faltimo <\/span><a href=\"https:\/\/forbes.com.br\/carreira\/2023\/05\/futuro-do-trabalho-23-das-profissoes-devem-se-modificar-ate-2027\/\" target=\"_blank\" rel=\"noopener\"><span style=\"font-weight: 400;\">relat\u00f3rio publicado pelo F\u00f3rum Econ\u00f4mico Mundial<\/span><\/a><span style=\"font-weight: 400;\">, em 2023, trouxe um cen\u00e1rio sobre como o futuro do trabalho n\u00e3o est\u00e1 mais t\u00e3o distante assim. De acordo com o documento, 23% das ocupa\u00e7\u00f5es ir\u00e3o se modificar at\u00e9 2027 e, nos pr\u00f3ximos cinco anos, a ado\u00e7\u00e3o de tecnologia ser\u00e1 primordial para a transforma\u00e7\u00e3o dos neg\u00f3cios. Estas transforma\u00e7\u00f5es n\u00e3o somente ir\u00e3o criar novos postos de trabalho, como tamb\u00e9m come\u00e7ar\u00e3o a modificar as habilidades exigidas pelas empresas. Ainda de acordo com o relat\u00f3rio, 44% das habilidades profissionais ser\u00e3o alteradas nos pr\u00f3ximos anos.<\/span><\/p>\n<h2><b>Tecnologias integradas nos postos de trabalho<\/b><span style=\"font-weight: 400;\">\u00a0<\/span><\/h2>\n<p><span style=\"font-weight: 400;\">De acordo com especialistas, as tecnologias que atualmente lideram a transforma\u00e7\u00e3o no ambiente corporativo incluem big data, computa\u00e7\u00e3o em nuvem e intelig\u00eancia artificial. Uma expressiva maioria, superior a 75% das empresas, est\u00e1 adotando essas inova\u00e7\u00f5es de maneira estrat\u00e9gica, buscando uma integra\u00e7\u00e3o tanto acelerada quanto progressiva.<\/span><\/p>\n<p><span style=\"font-weight: 400;\">No cen\u00e1rio nacional e internacional, destaca-se o big data como o maior vetor de gera\u00e7\u00e3o de empregos. Segundo o <\/span><a href=\"https:\/\/forbes.com.br\/carreira\/2023\/05\/futuro-do-trabalho-23-das-profissoes-devem-se-modificar-ate-2027\/\" target=\"_blank\" rel=\"noopener\"><span style=\"font-weight: 400;\">artigo publicado pela Forbes Brasil<\/span><\/a><span style=\"font-weight: 400;\"> em maio de 2023, no Brasil, 51% dos executivos entrevistados, acreditam que esta tecnologia ser\u00e1 respons\u00e1vel por um significativo incremento nas vagas de trabalho dispon\u00edveis, relacionadas ao setor. Projeta-se um aumento de aproximadamente 30% nas posi\u00e7\u00f5es para analistas e cientistas de dados, especialistas em <\/span><b>big data, intelig\u00eancia artificial e aprendizado de m\u00e1quina, bem como para profissionais da \u00e1rea de seguran\u00e7a cibern\u00e9tica<\/b><span style=\"font-weight: 400;\">, at\u00e9 o ano de 2027.<\/span><\/p>\n<h2><b>Mas como a educa\u00e7\u00e3o se correlaciona com essas tend\u00eancias no mercado de trabalho?<\/b><\/h2>\n<p><span style=\"font-weight: 400;\">Michelle R. Weise, em seu livro<\/span><a href=\"https:\/\/www.amazon.com\/Long-Life-Learning-Preparing-Exist\/dp\/111959748X\" target=\"_blank\" rel=\"noopener\"><span style=\"font-weight: 400;\"> &#8220;Long Life Learning: Preparing for Jobs That Don&#8217;t Even Exist Yet&#8221; (2021)<\/span><\/a><span style=\"font-weight: 400;\">, argumenta que ao contemplar o futuro do trabalho, estamos inevitavelmente abordando o futuro da educa\u00e7\u00e3o. Essa perspectiva refor\u00e7a a ideia de que a aprendizagem cont\u00ednua n\u00e3o se desenvolve isoladamente, desvinculada do ambiente profissional.\u00a0<\/span><\/p>\n<p><span style=\"font-weight: 400;\">De acordo com Weise, &#8220;o processo de aprendizado ao longo da vida \u00e9 impulsionado n\u00e3o apenas por uma busca intelectual ou curiosidade, mas tamb\u00e9m por necessidades pr\u00e1ticas e utilit\u00e1rias. Trabalhadores aspiram a n\u00e3o apenas sobreviver, mas prosperar em suas carreiras, adaptando-se \u00e0s demandas em constante evolu\u00e7\u00e3o do mercado de trabalho.<\/span><\/p>\n<p><span style=\"font-weight: 400;\">Desta forma, o campo educacional n\u00e3o est\u00e1 \u00e0 parte de toda essa transforma\u00e7\u00e3o tecnol\u00f3gica, pelo contr\u00e1rio, ela tamb\u00e9m est\u00e1 em um dos centros de discuss\u00e3o sobre como os conceitos de Tecnologia da Informa\u00e7\u00e3o (TI) podem ser integrados aos curr\u00edculos e programas de treinamentos. Mais do que apenas incluir e utilizar as ferramentas digitais em sala de aula, essa abordagem\u00a0 visa preparar as pessoas estudantes para esse futuro em transforma\u00e7\u00e3o.<\/span><\/p>\n<p><span style=\"font-weight: 400;\">Em um senso comum, \u00e9 natural as pessoas interligarem essa inser\u00e7\u00e3o prim\u00e1ria &#8211; entendemos como prim\u00e1ria o uso de smartphones, plataformas, entre outros &#8211; como algo incisivo e que &#8220;d\u00e1 conta&#8221; do m\u00e1ximo que a educa\u00e7\u00e3o pode integrar a tecnologia no seu dia a dia. No entanto, com o avan\u00e7o das tecnologias e como o futuro do trabalho tem se desenhado, \u00e9 necess\u00e1rio pensar sobre como os diferentes conceitos e aplica\u00e7\u00f5es de TI podem proporcionar n\u00e3o somente o entendimento sobre como usar as tecnologias dispon\u00edveis , mas tamb\u00e9m compreenderem o funcionamento por tr\u00e1s delas &#8211; e isso vem sendo discutido de forma substancial entre os especialistas na \u00e1rea.<\/span><\/p>\n<p><img loading=\"lazy\" decoding=\"async\" class=\" wp-image-3053 aligncenter\" src=\"https:\/\/www.cesar.org.br\/painel\/wp-content\/uploads\/2024\/04\/cheerful-colleagues-sitting-library-communicating-1-300x200.jpg\" alt=\"\" width=\"600\" height=\"400\" srcset=\"https:\/\/www.cesar.org.br\/painel\/wp-content\/uploads\/2024\/04\/cheerful-colleagues-sitting-library-communicating-1-300x200.jpg 300w, https:\/\/www.cesar.org.br\/painel\/wp-content\/uploads\/2024\/04\/cheerful-colleagues-sitting-library-communicating-1-1024x683.jpg 1024w, https:\/\/www.cesar.org.br\/painel\/wp-content\/uploads\/2024\/04\/cheerful-colleagues-sitting-library-communicating-1-768x512.jpg 768w, https:\/\/www.cesar.org.br\/painel\/wp-content\/uploads\/2024\/04\/cheerful-colleagues-sitting-library-communicating-1-1536x1024.jpg 1536w, https:\/\/www.cesar.org.br\/painel\/wp-content\/uploads\/2024\/04\/cheerful-colleagues-sitting-library-communicating-1-2048x1366.jpg 2048w\" sizes=\"auto, (max-width: 600px) 100vw, 600px\" \/><\/p>\n<p><span style=\"font-weight: 400;\">Entendendo que a educa\u00e7\u00e3o \u00e9 um processo de transforma\u00e7\u00e3o, forma\u00e7\u00e3o e desenvolvimento do ser humano para as suas diferentes atua\u00e7\u00f5es em sociedade, profissional e pessoal,\u00a0 desenvolvimento de compet\u00eancias e habilidades digitais se tornam necess\u00e1rias para uma vida cada vez mais digitalizada.\u00a0<\/span><\/p>\n<p><span style=\"font-weight: 400;\">N\u00e3o \u00e0 toa, em 2017, com a aprova\u00e7\u00e3o da Base Nacional Comum curricular (BNCC) e a sua implementa\u00e7\u00e3o gradativa para\u00a0 as escolas regulares (educa\u00e7\u00e3o infantil at\u00e9 o ensino m\u00e9dio), tivemos o estabelecimento no desenvolvimento de compet\u00eancias gerais, como pensamento cr\u00edtico, criatividade, comunica\u00e7\u00e3o, autonomia e protagonismo. Compet\u00eancias essas que s\u00e3o essenciais para inser\u00e7\u00e3o no mercado de trabalho moderno, que busca profissionais cada vez mais capacitados para se adaptar a novas tecnologias e ambientes.<\/span><\/p>\n<p><span style=\"font-weight: 400;\">Al\u00e9m disso, a BNCC, mais especificamente na Compet\u00eancia 5: cultura digital,\u00a0 destaca a import\u00e2ncia de formar pessoas estudantes cr\u00edticas e conscientes em rela\u00e7\u00e3o ao uso \u00e9tico e respons\u00e1vel das tecnologias digitais. Isso inclui o desenvolvimento de habilidades relacionadas \u00e0 seguran\u00e7a cibern\u00e9tica, privacidade de dados e discernimento em rela\u00e7\u00e3o \u00e0s informa\u00e7\u00f5es dispon\u00edveis na internet.\u00a0<\/span><\/p>\n<p><span style=\"font-weight: 400;\">Portanto, ao promover o desenvolvimento de habilidades digitais desde os anos iniciais, a BNCC contribui para uma forma\u00e7\u00e3o mais completa e alinhada com as demandas da sociedade contempor\u00e2nea. Essa integra\u00e7\u00e3o n\u00e3o s\u00f3 prepara as pessoas estudantes para os desafios e oportunidades do mundo digital, mas tamb\u00e9m os capacita a se tornarem cidad\u00e3os cr\u00edticos, respons\u00e1veis e preparados para enfrentar os desafios do mercado de trabalho moderno.<\/span><\/p>\n<h2><strong>Solu\u00e7\u00f5es CESAR e CESAR School para Educa\u00e7\u00e3o Digital<\/strong><\/h2>\n<p><span style=\"font-weight: 400;\">No panorama atual, a relev\u00e2ncia de programas educacionais alinhados \u00e0s tend\u00eancias de mercado \u00e9 indiscut\u00edvel. \u00c9 aqui que o CESAR e a CESAR School se destacam, oferecendo abordagens personalizadas e apoiadas em vasta expertise para atender \u00e0s necessidades de educa\u00e7\u00e3o digital contempor\u00e2neas. Atrav\u00e9s de curr\u00edculos inovadores e pr\u00e1ticas pedag\u00f3gicas adaptativas, essas institui\u00e7\u00f5es preparam os profissionais para navegar com sucesso nas ondas de transforma\u00e7\u00e3o digital.<\/span><\/p>\n<p><span style=\"font-weight: 400;\">Exemplos concretos das iniciativas de sucesso do CESAR e da CESAR School incluem programas focados em desenvolvimento de software, como a<\/span><a href=\"https:\/\/www.cesar.org.br\/w\/globo-construcao-de-um-programa-de-residencia-para-desenvolvedores\" target=\"_blank\" rel=\"noopener\"><span style=\"font-weight: 400;\"> resid\u00eancia Globotech Academy,<\/span><\/a><span style=\"font-weight: 400;\"> em parceria com a Globo, voltado para o treinamento e contrata\u00e7\u00e3o de desenvolvedores, em meio ao cen\u00e1rio de escassez de profissionais da \u00e1rea.<\/span><\/p>\n<p><span style=\"font-weight: 400;\">Outra iniciativa de Educa\u00e7\u00e3o Corporativa foi o Projeto Embaixadores da Inova\u00e7\u00e3o, realizado em parceria com<\/span> <a href=\"https:\/\/www.cesar.org.br\/w\/educacao-corporativa-para-desenvolver-habilidades-e-conhecimentos-em-inovacao\" target=\"_blank\" rel=\"noopener\"><span style=\"font-weight: 400;\">\u00a0a BRK Ambiental.<\/span><\/a><span style=\"font-weight: 400;\"> cujo objetivo foi desenvolver, nos colaboradores, habilidades em inova\u00e7\u00e3o, como <\/span><span style=\"font-weight: 400;\">Design Estrat\u00e9gico, Cultura e Pr\u00e1ticas \u00c1geis e Tecnologias Habilitadoras.<\/span><\/p>\n<p><span style=\"font-weight: 400;\">Al\u00e9m destes programas, o CESAR tamb\u00e9m atua na constru\u00e7\u00e3o e execu\u00e7\u00e3o de projetos educacionais para formar pessoas em habilidades digitais, essenciais no contexto atual da sociedade, bem como no ambiente de trabalho do s\u00e9culo XXI. Um exemplo dessa iniciativa foi <\/span><a href=\"https:\/\/www.cesar.org.br\/w\/agrodan-e-escola-olindina-jornadas-inovadoras-de-educacao\" target=\"_blank\" rel=\"noopener\"><span style=\"font-weight: 400;\">o programa realizado na Escola Olindina Roriz Dantas<\/span><\/a><span style=\"font-weight: 400;\">, em parceria com a Agrodan.<\/span><\/p>\n<p><span style=\"font-weight: 400;\">Estes programas de forma\u00e7\u00e3o, desenvolvidos em conjunto, s\u00e3o testemunho do comprometimento do CESAR e da CESAR School em causar impacto social positivo, al\u00e9m de preparar equipes para os desafios futuros, garantindo que eles estejam prontos para contribuir efetivamente para o crescimento econ\u00f4mico e tecnol\u00f3gico do pa\u00eds.<\/span><\/p>\n<h2><b>Preparando pessoas para o futuro por meio da educa\u00e7\u00e3o digital<\/b><\/h2>\n<p><span style=\"font-weight: 400;\">A integra\u00e7\u00e3o de Tecnologia da Informa\u00e7\u00e3o (TI) na educa\u00e7\u00e3o emerge n\u00e3o apenas como uma estrat\u00e9gia, mas como um imperativo para preparar profissionais aptos a enfrentar os desafios do futuro do trabalho. \u00c0 medida que o mundo se torna cada vez mais digitalizado, a capacidade de se adaptar e crescer com as tecnologias emergentes define o sucesso tanto para indiv\u00edduos quanto para organiza\u00e7\u00f5es.<\/span><\/p>\n<p><span style=\"font-weight: 400;\">O CESAR e a CESAR School se posicionam como aliados essenciais neste processo, oferecendo programas e parcerias que equipam os profissionais com as habilidades necess\u00e1rias para prosperar em ambientes de trabalho em constante evolu\u00e7\u00e3o. Encorajamos organiza\u00e7\u00f5es interessadas em forma\u00e7\u00e3o em inova\u00e7\u00e3o, tecnologia e neg\u00f3cios, entre outras \u00e1reas relevantes, a se conectarem com estas institui\u00e7\u00f5es para explorar oportunidades de colabora\u00e7\u00e3o.<\/span><\/p>\n<p><span style=\"font-weight: 400;\">Para mais informa\u00e7\u00f5es sobre como o CESAR e a CESAR School podem ajudar na capacita\u00e7\u00e3o da sua equipe ou na integra\u00e7\u00e3o de solu\u00e7\u00f5es de educa\u00e7\u00e3o digital, <\/span><a href=\"https:\/\/materiais.cesar.org.br\/faleconsultor\" target=\"_blank\" rel=\"noopener\"><span style=\"font-weight: 400;\">entre em contato com um dos nossos especialistas.<\/span><\/a><\/p>\n","protected":false},"featured_media":3051,"template":"","categories":[2],"tags":[61,143,59],"formato_insights":[16],"class_list":["post-3049","insight","type-insight","status-publish","has-post-thumbnail","hentry","category-educacao","tag-competencias-do-futuro","tag-lifelong-learning","tag-mercado-de-trabalho","formato_insights-artigo"],"acf":[],"_links":{"self":[{"href":"https:\/\/www.cesar.org.br\/painel\/wp-json\/wp\/v2\/insight\/3049","targetHints":{"allow":["GET"]}}],"collection":[{"href":"https:\/\/www.cesar.org.br\/painel\/wp-json\/wp\/v2\/insight"}],"about":[{"href":"https:\/\/www.cesar.org.br\/painel\/wp-json\/wp\/v2\/types\/insight"}],"wp:featuredmedia":[{"embeddable":true,"href":"https:\/\/www.cesar.org.br\/painel\/wp-json\/wp\/v2\/media\/3051"}],"wp:attachment":[{"href":"https:\/\/www.cesar.org.br\/painel\/wp-json\/wp\/v2\/media?parent=3049"}],"wp:term":[{"taxonomy":"category","embeddable":true,"href":"https:\/\/www.cesar.org.br\/painel\/wp-json\/wp\/v2\/categories?post=3049"},{"taxonomy":"post_tag","embeddable":true,"href":"https:\/\/www.cesar.org.br\/painel\/wp-json\/wp\/v2\/tags?post=3049"},{"taxonomy":"formato_insights","embeddable":true,"href":"https:\/\/www.cesar.org.br\/painel\/wp-json\/wp\/v2\/formato_insights?post=3049"}],"curies":[{"name":"wp","href":"https:\/\/api.w.org\/{rel}","templated":true}]}}