{"id":2458,"date":"2023-06-15T00:00:00","date_gmt":"2023-06-15T00:00:00","guid":{"rendered":"https:\/\/www.cesar.org.br\/painel\/insight\/o-design-impulsionado-pela-ia-generativa\/"},"modified":"2025-05-20T10:02:50","modified_gmt":"2025-05-20T13:02:50","slug":"o-design-impulsionado-pela-ia-generativa","status":"publish","type":"insight","link":"https:\/\/www.cesar.org.br\/painel\/insight\/o-design-impulsionado-pela-ia-generativa\/","title":{"rendered":"O design impulsionado pela Intelig\u00eancia Artificial Generativa"},"content":{"rendered":"<div class=\"content-article\">\n<p>Uma das primeiras hist\u00f3rias de sucesso da combina\u00e7\u00e3o entre intelig\u00eancia artificial generativa e criatividade humana \u00e9 <a href=\"https:\/\/www.helloworldalbum.net\/\" target=\"_blank\" rel=\"noopener\">&#8220;Hello World&#8221;,<\/a> o primeiro \u00e1lbum do mundo composto por um artista, <a href=\"https:\/\/www.youtube.com\/@SKYGGEMUSIC\/about\" target=\"_blank\" rel=\"noopener\">SKYGGE<\/a>, com intelig\u00eancia artificial.<\/p>\n<figure id=\"attachment_3639\" aria-describedby=\"caption-attachment-3639\" style=\"width: 332px\" class=\"wp-caption alignright\"><img loading=\"lazy\" decoding=\"async\" class=\"wp-image-3639\" src=\"https:\/\/www.cesar.org.br\/painel\/wp-content\/uploads\/2023\/06\/9ab639a6-312b-9714-bb4e-bbea872c7ec8-300x300.jpg\" alt=\"\" width=\"332\" height=\"332\" srcset=\"https:\/\/www.cesar.org.br\/painel\/wp-content\/uploads\/2023\/06\/9ab639a6-312b-9714-bb4e-bbea872c7ec8-300x300.jpg 300w, https:\/\/www.cesar.org.br\/painel\/wp-content\/uploads\/2023\/06\/9ab639a6-312b-9714-bb4e-bbea872c7ec8-1024x1024.jpg 1024w, https:\/\/www.cesar.org.br\/painel\/wp-content\/uploads\/2023\/06\/9ab639a6-312b-9714-bb4e-bbea872c7ec8-150x150.jpg 150w, https:\/\/www.cesar.org.br\/painel\/wp-content\/uploads\/2023\/06\/9ab639a6-312b-9714-bb4e-bbea872c7ec8-768x768.jpg 768w, https:\/\/www.cesar.org.br\/painel\/wp-content\/uploads\/2023\/06\/9ab639a6-312b-9714-bb4e-bbea872c7ec8.jpg 1200w\" sizes=\"auto, (max-width: 332px) 100vw, 332px\" \/><figcaption id=\"caption-attachment-3639\" class=\"wp-caption-text\">\u00a0Capa do algum &#8220;Hello World&#8221; de SKYGGE. Fonte: Flow-Machines (GOOGLE).<\/figcaption><\/figure>\n<p>Ele come\u00e7ou como um projeto de pesquisa da Sony (<a href=\"https:\/\/www.flow-machines.com\/\" target=\"_blank\" rel=\"noopener\">o projeto Flow Machines<\/a>) para aprimorar a criatividade humana com algoritmos, a fim de capturar e reproduzir o conceito de estilo musical e gerar novo material musical convincente de todos os tipos, desde melodias e harmonias at\u00e9 timbres e ritmos. Ao longo do caminho, sob a dire\u00e7\u00e3o art\u00edstica de SKYGGE, os artistas assumiram o controle e a pesquisa cient\u00edfica se transformou em um projeto musical.<\/p>\n<p>Em 2016, quando o presidente do Conselho do CESAR,<a href=\"https:\/\/www.linkedin.com\/in\/giordanocabral\" target=\"_blank\" rel=\"noopener\"> Giordano Cabral,<\/a> estava trabalhando com seus antigos orientadores de doutorado, Fran\u00e7ois Pachet (do Laborat\u00f3rio de Ci\u00eancia da Computa\u00e7\u00e3o da SONY em Paris) e Jean-Pierre Briot (da Universidade Sorbonne), ambos pioneiros na ci\u00eancia de Intelig\u00eancia Artificial generativa, ele testemunhou a prepara\u00e7\u00e3o do lan\u00e7amento de &#8220;Daddy&#8217;s Car&#8221;, a primeira m\u00fasica pop co-escrita por um sistema de IA chamado FlowMachines.<\/p>\n<p>Essa primeira experi\u00eancia de desenvolvimento de m\u00fasica assistida por intelig\u00eancia artificial foi uma &#8220;melodia cativante e animada que lembra os Beatles&#8221; e foi &#8220;muito boa, na verdade&#8221;, segundo uma <a href=\"https:\/\/qz.com\/790523\/daddys-car-the-first-song-ever-written-by-artificial-intelligence-is-actually-pretty-good\" target=\"_blank\" rel=\"noopener\">not\u00edcia sobre seu lan\u00e7amento<\/a> no Quartz. Giordano posteriormente se juntou ao projeto, o que levou ao primeiro \u00e1lbum de m\u00fasica gerado por intelig\u00eancia artificial, &#8220;Hello World&#8221;.<\/p>\n<figure id=\"attachment_3638\" aria-describedby=\"caption-attachment-3638\" style=\"width: 515px\" class=\"wp-caption aligncenter\"><img loading=\"lazy\" decoding=\"async\" class=\"wp-image-3638\" src=\"https:\/\/www.cesar.org.br\/painel\/wp-content\/uploads\/2023\/06\/d002b3dc-6278-216d-e27b-40f136482b52-300x215.jpg\" alt=\"\" width=\"515\" height=\"369\" srcset=\"https:\/\/www.cesar.org.br\/painel\/wp-content\/uploads\/2023\/06\/d002b3dc-6278-216d-e27b-40f136482b52-300x215.jpg 300w, https:\/\/www.cesar.org.br\/painel\/wp-content\/uploads\/2023\/06\/d002b3dc-6278-216d-e27b-40f136482b52-1024x734.jpg 1024w, https:\/\/www.cesar.org.br\/painel\/wp-content\/uploads\/2023\/06\/d002b3dc-6278-216d-e27b-40f136482b52-768x550.jpg 768w, https:\/\/www.cesar.org.br\/painel\/wp-content\/uploads\/2023\/06\/d002b3dc-6278-216d-e27b-40f136482b52-1536x1100.jpg 1536w, https:\/\/www.cesar.org.br\/painel\/wp-content\/uploads\/2023\/06\/d002b3dc-6278-216d-e27b-40f136482b52-2048x1467.jpg 2048w\" sizes=\"auto, (max-width: 515px) 100vw, 515px\" \/><figcaption id=\"caption-attachment-3638\" class=\"wp-caption-text\">A m\u00fasica &#8220;Daddy&#8217;s Car&#8221;, composta por uma combina\u00e7\u00e3o de m\u00fasico e uma m\u00e1quina generativa, foi lan\u00e7ada em 2016. Ela lembrava o som dos Beatles.<\/figcaption><\/figure>\n<\/div>\n<p>Ap\u00f3s analisar um banco de dados de m\u00fasicas, a FlowMachines identificou e seguiu um estilo musical espec\u00edfico para criar composi\u00e7\u00f5es similares &#8211; assim como as plataformas inteligentes de m\u00fasica da internet de hoje, da Apple ao Pandora e Spotify, que buscam e entregam m\u00fasicas que agradam a diferentes ouvintes &#8211; apenas a IA da Sony Labs gerava composi\u00e7\u00f5es similares.<\/p>\n<p>No caso dos dois primeiros singles lan\u00e7ados em 2016 &#8211; incluindo &#8220;uma can\u00e7\u00e3o l\u00fadica chamada \u2018Mr Shadow\u2019, criada no estilo dos m\u00fasicos americanos Irving Berlin, Duke Ellington, George Gershwin e Cole Porter &#8211; o compositor franc\u00eas Beno\u00eet Carr\u00e9 arranjou as m\u00fasicas e escreveu as letras, ent\u00e3o foi uma combina\u00e7\u00e3o de homem e m\u00e1quina que as produziu.<\/p>\n<h2>O ritmo fren\u00e9tico de mudan\u00e7as em apenas sete ano<\/h2>\n<figure style=\"width: 321px\" class=\"wp-caption aligncenter\"><img loading=\"lazy\" decoding=\"async\" style=\"font-size: 16px;\" src=\"https:\/\/www.cesar.org.br\/documents\/805050\/0\/Giordano-Cabral-1.jpg\" alt=\"\" width=\"321\" height=\"482\" \/><figcaption class=\"wp-caption-text\">Giordano Cabral, presidente do Conselho do CESAR, estudou doutorado no Sony&#8217;s CSL Research Lab em Paris e ajudou no desenvolvimento do \u00e1lbum &#8220;Hello World&#8221;.<\/figcaption><\/figure>\n<p><strong><em>&#8220;<\/em><\/strong><em>A m\u00fasica foi um lugar interessante para come\u00e7ar com a IA generativa, porque ela est\u00e1 no meio do caminho entre subjetividade e objetividade. Os computadores tendem a ser realmente bons para coisas objetivas &#8211; mas a caracter\u00edstica humana cl\u00e1ssica da criatividade \u00e9 principalmente uma coisa subjetiva&#8221;<\/em>, disse Cabral durante uma noite recente com seus conselheiros do Sony Lab em Paris, que s\u00e3o duas das estrelas mundiais no dom\u00ednio da co-cria\u00e7\u00e3o musical com IA. &#8220;<em>Para mim, foi um ponto de partida fant\u00e1stico para essa experimenta\u00e7\u00e3o em um laborat\u00f3rio de classe mundial.&#8221;<\/em><\/p>\n<p><cite>&#8220;Ap\u00f3s experimentos iniciais com m\u00fasica e IA, come\u00e7amos a obter avan\u00e7os mais r\u00e1pidos em tecnologias como &#8216;transfer\u00eancia de estilo&#8217;, na qual voc\u00ea pode enviar uma foto, por exemplo, e dizer \u00e0 m\u00e1quina: &#8216;Renderize-a para que pare\u00e7a que foi pintada por Van Gogh&#8217;. Depois veio a tecnologia baseada em prompts, que permite que quase qualquer pessoa crie praticamente qualquer coisa que desejar, desde que possa descrev\u00ea-la de uma maneira que a m\u00e1quina entenda, como: &#8216;Crie uma imagem do atual Papa da Igreja Cat\u00f3lica andando de skate por uma pequena multid\u00e3o de pessoas perto do Vaticano, em Roma, It\u00e1lia, enquanto o sol come\u00e7a a se p\u00f4r&#8217;\u201d.<\/cite><\/p>\n<p>Embora artistas tenham experimentado imagens geradas por computador mais rudimentares desde os anos 1960, durante a \u00faltima d\u00e9cada o campo da\u00a0<a href=\"https:\/\/mitsoftware.com\/pt\/o-que-%C3%A9-arte-generativa\/\" target=\"_blank\" rel=\"noopener\">&#8220;arte generativa<\/a>&#8221; explodiu. Para alguns artistas, as interfaces gr\u00e1ficas de usu\u00e1rio e o c\u00f3digo de computador se tornaram uma forma de arte independente.<\/p>\n<p>Por exemplo,\u00a0<a href=\"https:\/\/en.wikipedia.org\/wiki\/Adrian_Ward_(artist)\" target=\"_blank\" rel=\"noopener\">Adrian Ward<\/a>, nascido na Gr\u00e3-Bretanha, \u00e9 um artista de software e m\u00fasico conhecido por seus produtos de arte generativa lan\u00e7ados por meio de sua empresa Signwave, e como um ter\u00e7o do grupo de m\u00fasica techno, Slub. Hoje, h\u00e1 in\u00fameros artistas ao redor do mundo usando IA. para gerar desde pinturas abstratas, roteiros e esquetes de com\u00e9dia at\u00e9 m\u00fasica, poesia e tradu\u00e7\u00f5es de livros.<\/p>\n<p><img loading=\"lazy\" decoding=\"async\" class=\"aligncenter\" src=\"https:\/\/www.cesar.org.br\/documents\/805050\/0\/AI-POWERED-MUSIC---ROBOT-PLAYING-VIOLIN.jpg\" alt=\"\" width=\"610\" height=\"407\" \/><\/p>\n<p>As novas aplica\u00e7\u00f5es de IA Generativa, como DALL-E e Midjourney, esperam interromper o trabalho criativo que tradicionalmente esteve dentro do dom\u00ednio dos seres humanos &#8211; e potencialmente abalar uma &#8220;economia de criadores&#8221; avaliada atualmente em US$ 14 bilh\u00f5es por ano globalmente, segundo um\u00a0<a href=\"https:\/\/hbr.org\/2023\/04\/how-generative-ai-could-disrupt-creative-work\" target=\"_blank\" rel=\"noopener\">artigo recente publicado pela Harvard Business Review<\/a>.<\/p>\n<p><strong>Dos resultados potenciais, os autores do artigo da HBR apresentam tr\u00eas deles:<\/strong><\/p>\n<p>1)\u00a0<strong>Haver\u00e1 uma explos\u00e3o de inova\u00e7\u00e3o assistida por IA<\/strong>\u00a0onde a criatividade humana aumentada pela m\u00e1quina possibilitar\u00e1 principalmente itera\u00e7\u00e3o r\u00e1pida.<\/p>\n<p>2)\u00a0<strong>As m\u00e1quinas v\u00e3o monopolizar a criatividade<\/strong>, e uma realidade dist\u00f3pica vai emergir onde menos seres humanos far\u00e3o menos arte e conte\u00fado, e apenas um punhado de artistas estabelecidos dominar\u00e1 o mercado, com uma longa fila de criadores retendo uma parcela m\u00ednima de mercado.<\/p>\n<p>3)\u00a0<strong>&#8220;A produ\u00e7\u00e3o humana ter\u00e1 um valor premium&#8221;\u00a0<\/strong>e pessoas reais manter\u00e3o uma vantagem competitiva sobre a concorr\u00eancia algor\u00edtmica. Esse cen\u00e1rio exigir\u00e1 que l\u00edderes pol\u00edticos ajam &#8220;para fortalecer a governan\u00e7a dos espa\u00e7os de informa\u00e7\u00e3o&#8221; necess\u00e1ria para lidar com os riscos negativos, incluindo a sobrecarga com conte\u00fado falso ou enganoso, o que exigir\u00e1 uma supervis\u00e3o e governan\u00e7a com mais participa\u00e7\u00e3o humana para lidar com isso.<\/p>\n<h2>Avan\u00e7os r\u00e1pidos requerem supervis\u00e3o da sociedade<\/h2>\n<p>Sempre que houve uma nova era tecnol\u00f3gica &#8211; desde a transi\u00e7\u00e3o da Revolu\u00e7\u00e3o Industrial de criar bens \u00e0 m\u00e3o, para o uso de m\u00e1quinas de 1760 a 1840, at\u00e9 a moderna Era Eletr\u00f4nica que deu origem \u00e0 computa\u00e7\u00e3o pessoal, \u00e0 internet, \u00e0s redes sociais, \u00e0 computa\u00e7\u00e3o em nuvem e \u00e0 IoT &#8211; houve a necessidade de a sociedade se unir como um todo para lidar com o que precisa evoluir junto com essas mudan\u00e7as.<\/p>\n<p><em>&#8220;N\u00e3o \u00e9 apenas responsabilidade da ind\u00fastria de tecnologia fornecer supervis\u00e3o e governan\u00e7a&#8221;<\/em>, disse Cabral. Alguns tipos de cr\u00edticas anteriores \u00e0 intelig\u00eancia artificial, como vi\u00e9s \u00e9tico, j\u00e1 est\u00e3o no caminho para serem abordadas. Mas n\u00f3s, como sociedade, precisamos estar vigilantes porque muitos riscos inerentes surgem com a evolu\u00e7\u00e3o da tecnologia, desde proteger crian\u00e7as na internet e nas plataformas sociais at\u00e9 prevenir fraudes e crimes cibern\u00e9ticos quando se trata de com\u00e9rcio eletr\u00f4nico.<\/p>\n<p><em>&#8220;Quando a Microsoft lan\u00e7ou uma nova tecnologia de chat que aprendia com bancos de dados de redes sociais, eles enfrentaram problemas com discursos de \u00f3dio. Essa nova intelig\u00eancia artificial foi desativada em quest\u00e3o de horas&#8221;<\/em>, continuou Cabral.\u00a0<em>&#8220;\u00c0s vezes \u00e9 dif\u00edcil prever ou evitar problemas que surgem antes que eles aconte\u00e7am, porque muitos deles s\u00e3o surpresas, at\u00e9 mesmo para os desenvolvedores.&#8221;<\/em><\/p>\n<h2>Os amplos benef\u00edcios sociais podem valer a pena<\/h2>\n<p><cite>&#8220;Uma das coisas em que acredito firmemente quando se trata de equilibrar os riscos versus os benef\u00edcios da intelig\u00eancia artificial generativa para a humanidade \u00e9 o conceito de co-cria\u00e7\u00e3o entre pessoas e m\u00e1quinas&#8221;,\u00a0<strong>disse Cabral.<\/strong><\/cite><\/p>\n<p>Giordano afirma que co-cria\u00e7\u00e3o significa que as m\u00e1quinas n\u00e3o substituir\u00e3o as pessoas. Em vez disso, elas atuar\u00e3o como parceiras inteligentes que projetam novas obras-primas juntas. Para as m\u00e1quinas reproduzirem ou aprimorarem algo a partir de sua forma original \u00e9 mais simples criar algo do zero porque j\u00e1 existiu de forma semelhante no mundo anteriormente.<\/p>\n<p>Cabral\u00a0continua: \u201cEssa nova gera\u00e7\u00e3o de m\u00e1quinas inteligentes conectadas \u00e0 Intelig\u00eancia Artificial avan\u00e7ada pode aprender a detectar, analisar e classificar rapidamente coisas. A intelig\u00eancia criativa combinada de humanos em parceria com m\u00e1quinas pode elevar as habilidades art\u00edsticas das pessoas usando a Intelig\u00eancia Artificial impulsionada por humanos.&#8221;<\/p>\n<p>A preocupa\u00e7\u00e3o com criadores sendo substitu\u00eddos por ferramentas de IA Generativa tem aumentado nos \u00faltimos meses. Um dos principais problemas na greve do Writers Guild of America, que come\u00e7ou em 2 de maio, \u00e9 o medo dos escritores de TV, not\u00edcias, r\u00e1dio e online de<em>\u00a0&#8220;serem substitu\u00eddos por IA, terem seu trabalho treinado por IA ou serem contratados para aprimorar roteiros gerados por IA. a uma fra\u00e7\u00e3o de suas antigas taxas de pagamento&#8221;<\/em>, de acordo com uma an\u00e1lise e cr\u00edtica de James Poniewozik, do The New York Times, intitulada &#8220;A Guerra da TV com os Rob\u00f4s j\u00e1 come\u00e7ou&#8221;.<\/p>\n<p>O cr\u00edtico de TV Poniewozik escreve: &#8220;Nas perspicazes palavras de &#8216;Mrs. Davis&#8217;, o emocionante thriller c\u00f4mico sobre uma IA. onipotente: &#8216;Os algoritmos amam clich\u00eas&#8217;. Existe uma linha direta entre a falta de originalidade do neg\u00f3cio &#8211; coisas com as quais os cr\u00edticos de TV reclamam, como remakes, adapta\u00e7\u00f5es de propriedade intelectual e hist\u00f3rias derivadas e comuns &#8211; e a facilidade com que o entretenimento poderia se tornar inflado pela mediocridade gerada por m\u00e1quinas&#8221;.<\/p>\n<p>Por outro lado, v\u00e1rias formas de IA poderiam ser os melhores amigos dos escritores de TV, ajudando-os, por exemplo, a criar reviravoltas na trama e finais projetados para agradar os espectadores &#8211; em parte, capturando e analisando seus coment\u00e1rios sobre os programas nas m\u00eddias sociais.<a href=\"https:\/\/materiais.cesar.org.br\/ia-positioning-paper-br\" target=\"_blank\" rel=\"noopener\"><img loading=\"lazy\" decoding=\"async\" class=\"alignright\" src=\"https:\/\/www.cesar.org.br\/documents\/805050\/0\/Mokup_+PT_LP+ajuste+%282%29.png\" alt=\"\" width=\"248\" height=\"363\" \/><\/a><\/p>\n<p>H\u00e1 claramente alguns benef\u00edcios sociais quando se trata de IA Generativa. Por exemplo, alguns dos projetos de pesquisa em que o CESAR est\u00e1 trabalhando atualmente podem abrir novas possibilidades para pessoas com defici\u00eancias como visual ou auditiva.<\/p>\n<p>Devido aos modelos de linguagem avan\u00e7ados, podemos traduzir entre imagens e linguagem, e vice-versa &#8211; portanto, hoje \u00e9 muito mais r\u00e1pido transcrever as legendas de um filme em texto preciso para que possam ser lidas por pessoas com defici\u00eancia auditiva ou fornecer contexto adicional sobre o que est\u00e1 acontecendo na tela para pessoas com defici\u00eancia visual.<\/p>\n<h4>Escrevemos um artigo explorando nosso ponto de vista sobre o impacto da Intelig\u00eancia Artificial Generativa no design, na codifica\u00e7\u00e3o e na educa\u00e7\u00e3o. Baixe este material para entender como a Intelig\u00eancia Artificial est\u00e1 transformando a sociedade com seu trabalho cognitivo, complexo e art\u00edstico, em meio a todas as cr\u00edticas e medos em torno de seu potencial de substituir o poder humano.\u00a0<a href=\"https:\/\/materiais.cesar.org.br\/ia-positioning-paper-br\" target=\"_blank\" rel=\"noopener\">Clique para ler o material.\u00a0<\/a><\/h4>\n","protected":false},"featured_media":2459,"template":"","categories":[1],"tags":[93],"formato_insights":[16],"class_list":["post-2458","insight","type-insight","status-publish","has-post-thumbnail","hentry","category-design","tag-ia-generativa","formato_insights-artigo"],"acf":[],"_links":{"self":[{"href":"https:\/\/www.cesar.org.br\/painel\/wp-json\/wp\/v2\/insight\/2458","targetHints":{"allow":["GET"]}}],"collection":[{"href":"https:\/\/www.cesar.org.br\/painel\/wp-json\/wp\/v2\/insight"}],"about":[{"href":"https:\/\/www.cesar.org.br\/painel\/wp-json\/wp\/v2\/types\/insight"}],"wp:featuredmedia":[{"embeddable":true,"href":"https:\/\/www.cesar.org.br\/painel\/wp-json\/wp\/v2\/media\/2459"}],"wp:attachment":[{"href":"https:\/\/www.cesar.org.br\/painel\/wp-json\/wp\/v2\/media?parent=2458"}],"wp:term":[{"taxonomy":"category","embeddable":true,"href":"https:\/\/www.cesar.org.br\/painel\/wp-json\/wp\/v2\/categories?post=2458"},{"taxonomy":"post_tag","embeddable":true,"href":"https:\/\/www.cesar.org.br\/painel\/wp-json\/wp\/v2\/tags?post=2458"},{"taxonomy":"formato_insights","embeddable":true,"href":"https:\/\/www.cesar.org.br\/painel\/wp-json\/wp\/v2\/formato_insights?post=2458"}],"curies":[{"name":"wp","href":"https:\/\/api.w.org\/{rel}","templated":true}]}}