{"id":2456,"date":"2018-05-28T00:00:00","date_gmt":"2018-05-28T00:00:00","guid":{"rendered":"https:\/\/www.cesar.org.br\/painel\/insight\/o-futuro-ja-esta-aqui\/"},"modified":"2026-03-24T18:05:18","modified_gmt":"2026-03-24T21:05:18","slug":"o-futuro-ja-esta-aqui","status":"publish","type":"insight","link":"https:\/\/www.cesar.org.br\/painel\/insight\/o-futuro-ja-esta-aqui\/","title":{"rendered":"O futuro j\u00e1 est\u00e1 aqui!"},"content":{"rendered":"<div class=\"content-article\">\n<p data-selectable-paragraph=\"\"><em>Por<\/em><strong><em>\u00a0Onicio Leal<\/em><\/strong><\/p>\n<p id=\"8236\" data-selectable-paragraph=\"\"><cite><em>O casamento entre ci\u00eancia e empreendedorismo \u00e9 a ponte que une o conhecimento cient\u00edfico produzido nos centros de pesquisas e as necessidades reais da sociedade.<\/em><\/cite><\/p>\n<p id=\"daa2\" data-selectable-paragraph=\"\">Na minha inf\u00e2ncia, em Caruaru, eu passava todas as tardes no com\u00e9rcio dos meus pais observando o dia a dia e os desafios de tocar uma empresa. Essa exposi\u00e7\u00e3o desde muito cedo gerou em mim um efeito contr\u00e1rio ao que se espera de quem convive com empreendedores. No final do col\u00e9gio, eu tinha d\u00favidas se queria tocar os neg\u00f3cios da minha fam\u00edlia ou se iria me afastar drasticamente do empreendedorismo. E foi isso que eu fiz naquele momento, me afastei. Escolhi o curso de biomedicina sem sequer ter ideia do que eu poderia fazer, j\u00e1 que nenhum familiar ou amigo pr\u00f3ximo vivia na realidade de an\u00e1lises cl\u00ednicas, tubos de ensaio, sangue e outros artefatos que comp\u00f5em qualquer cen\u00e1rio do laborat\u00f3rio de Dexter. At\u00e9 a metade da faculdade, nada daquilo tinha a ver comigo. Eu n\u00e3o me identificava com o curso de biomedicina at\u00e9 iniciar uma disciplina que me levou para o universo das doen\u00e7as infecciosas \u2014 foi a salva\u00e7\u00e3o para os anos investidos num curso que estava prestes a se perder. No final da gradua\u00e7\u00e3o, eu estava decidido a come\u00e7ar uma longa jornada nos servi\u00e7os do governo mirando o cargo de pesquisador em algum centro de pesquisas do Brasil e buscando a t\u00e3o almejada estabilidade dos concursos p\u00fablicos. Me mudei para Recife para cursar a resid\u00eancia em sa\u00fade coletiva na Funda\u00e7\u00e3o Oswaldo Cruz e l\u00e1 conheci meu s\u00f3cio, o Jones Albuquerque. Come\u00e7amos a trabalhar juntos em um grupo de pesquisas desenvolvendo tecnologias m\u00f3veis para a realiza\u00e7\u00e3o de inqu\u00e9ritos epidemiol\u00f3gicos, at\u00e9 que publicamos, em mar\u00e7o de 2011, um artigo na\u00a0<em>Scientific American Brasil<\/em>\u00a0sobre a primeira vez que smartphones seriam utilizados para combater endemias no pa\u00eds. Nosso objetivo era criar ferramentas resolutivas para esses problemas. E foi a partir deste projeto que passamos a receber uma demanda de pesquisadores, secretarias de sa\u00fade e outras frentes que vinham buscar informa\u00e7\u00f5es e solu\u00e7\u00f5es. A press\u00e3o pra gente come\u00e7ar a empreender se deu nesta rela\u00e7\u00e3o entre o que est\u00e1vamos fazendo e a necessidade real. Naquela \u00e9poca, eu dividia o in\u00edcio da minha carreira acad\u00eamica com o trabalho no servi\u00e7o p\u00fablico. Eu tinha sido convidado para fundar o Centro de Informa\u00e7\u00f5es Estrat\u00e9gicas de Vigil\u00e2ncia em Sa\u00fade do Recife (CIEVS Recife), que funcionava como um Servi\u00e7o de Intelig\u00eancia Epidemiol\u00f3gica monitorando os riscos de surtos e epidemias na cidade atrav\u00e9s de minera\u00e7\u00e3o de dados em redes sociais. Na prepara\u00e7\u00e3o para a Copa das Confedera\u00e7\u00f5es, fui convidado a integrar o CIEVS Pernambuco e depois a atuar como consultor da Organiza\u00e7\u00e3o Pan-Americana de Sa\u00fade, apoiando o Minist\u00e9rio da Sa\u00fade na implementa\u00e7\u00e3o de estrat\u00e9gias de detec\u00e7\u00e3o digital de doen\u00e7as. Neste meio tempo, percebi que se quis\u00e9ssemos acelerar a inova\u00e7\u00e3o em sa\u00fade n\u00e3o poder\u00edamos depender do setor p\u00fablico, ent\u00e3o fundamos a Epitrack, e eu sa\u00ed do trabalho no governo.<\/p>\n<p id=\"ed91\" data-selectable-paragraph=\"\">Conclu\u00ed o meu mestrado em Sa\u00fade P\u00fablica e comecei o doutorado antes de iniciar o primeiro grande projeto da Epitrack, que nos colocaria no hall das plataformas de detec\u00e7\u00e3o digital de doen\u00e7as no mundo. Desenvolvemos o Sa\u00fade na Copa, uma plataforma para identifica\u00e7\u00e3o de epidemias durante o mundial de futebol no Brasil que foi utilizada oficialmente pelo Minist\u00e9rio da Sa\u00fade. Demos para o usu\u00e1rio o meio de detec\u00e7\u00e3o tornando ele pr\u00f3prio fonte prim\u00e1ria de informa\u00e7\u00e3o, e criamos estrat\u00e9gias para engaj\u00e1-los de maneira mais peri\u00f3dica e recorrente para coletarmos informa\u00e7\u00f5es em tempo real. Com isso, antecipamos as informa\u00e7\u00f5es que antes os agentes de sa\u00fade levantavam manualmente em enquetes epidemiol\u00f3gicas, repassando informa\u00e7\u00f5es que ainda atravessariam v\u00e1rias etapas manuais at\u00e9 serem contabilizadas como oficial. Descentralizar a coleta de dados do governo, dando ao cidad\u00e3o a chance de participar na constru\u00e7\u00e3o dos cen\u00e1rios de sa\u00fade, melhora a qualidade das informa\u00e7\u00f5es para o setor p\u00fablico. Com este case, nos tornamos refer\u00eancia e fomos convidados a desenvolver trabalhos para Ebola, Influenza, Arboviroses, dentre outros. Essas experi\u00eancias consolidaram a Epitrack: mais de 170 mil usu\u00e1rios j\u00e1 foram impactados pela nossa tecnologia no Brasil, EUA, Canad\u00e1 e Porto Rico.<\/p>\n<p id=\"8e6d\" data-selectable-paragraph=\"\">No come\u00e7o deste ano, lan\u00e7amos um novo produto para a \u00e1rea da Sa\u00fade, uma esp\u00e9cie de Uber das consultas m\u00e9dicas, o Clinio. Consultas e quadros de baixa complexidade representam mais de 90% das emerg\u00eancias nos hospitais do Brasil. Com o Clinio, voc\u00ea localiza um m\u00e9dico, ele te atende em casa (por enquanto, m\u00e9dicos generalistas) e libera o sistema de sa\u00fade para as urg\u00eancias de fato, garantindo melhor atendimento tanto nos hospitais como nas consultas individuais em domic\u00edlio.<\/p>\n<h2 id=\"ca77\" data-selectable-paragraph=\"\"><strong>Escolhas certas e prop\u00f3sito<\/strong><\/h2>\n<p id=\"c047\" data-selectable-paragraph=\"\">Viver da ci\u00eancia no Brasil \u00e9 desafiador. Quando voc\u00ea mistura isso com empreendedorismo, o cen\u00e1rio fica ainda mais hostil. Empreender \u00e9 um mar de dificuldades a todo instante, uma montanha russa. A quantidade de coisas que d\u00e1 errado \u00e9 muito maior do que a que d\u00e1 certo e aparece. Pelas experi\u00eancias que vivi como empreendedor, destaco duas categorias de dificuldade que precisam ser levadas em conta por qualquer pessoa que quer empreender. A primeira \u00e9 saber escolher o contador, o s\u00f3cio e o mentor. Costumo dizer que fiz tr\u00eas cursos muitos caros: justamente o curso de como escolher o contador, o s\u00f3cio e o mentor. Os caminhos mais f\u00e1ceis mostram l\u00e1 na frente problemas que custar\u00e3o mais caro \u00e0 empresa. A segunda categoria de dificuldade \u00e9 lidar com o conservadorismo e a tradicionalidade que atrapalham a evolu\u00e7\u00e3o. No caso da \u00e1rea de sa\u00fade, \u00e9 preciso adaptar nossa linguagem para dialogar com m\u00e9dicos, enfermeiros, gestores, para que compreendam a inova\u00e7\u00e3o como ajuda que reflete no \u201cecossistema\u201d da sa\u00fade como um todo.<\/p>\n<p id=\"4732\" data-selectable-paragraph=\"\">Lidar com inova\u00e7\u00e3o de ruptura do modelo implementado ser\u00e1 sempre desafiador, porque a inova\u00e7\u00e3o gera muita incerteza. Todas as tecnologias exponenciais passaram por essa dificuldade no in\u00edcio, lidando com componentes como incredulidade, decep\u00e7\u00e3o. Mas entendemos que assim como as tecnologias que hoje s\u00e3o realidade tamb\u00e9m passaram por este processo, novos produtos como o Clinio ter\u00e3o ainda um in\u00edcio mais lento at\u00e9 serem assimilados como nova cultura.<\/p>\n<p id=\"2cd3\" data-selectable-paragraph=\"\">O casamento entre ci\u00eancia e empreendedorismo \u00e9 a ponte que une o conhecimento cient\u00edfico produzido nos centros de pesquisas e as necessidades reais da sociedade. E \u00e9 isso que fa\u00e7o como empreendedor e cientista. O futuro j\u00e1 est\u00e1 aqui, a transforma\u00e7\u00e3o j\u00e1 aconteceu. Cabe a n\u00f3s tra\u00e7armos a continuidade deste futuro que chegou, mas est\u00e1 mal distribu\u00eddo. Cabe a n\u00f3s sermos \u201cevangelizadores\u201d em inova\u00e7\u00e3o para a sa\u00fade. Continuo achando que estamos no caminho certo com a Epitrack, embora tenhamos apanhado muito. Para cada sim, ouvimos dezenas de n\u00e3os, mas nosso prop\u00f3sito fala mais alto.<\/p>\n<article>\n<section>\n<div id=\"6274\" class=\"portlet-msg-info\" data-selectable-paragraph=\"\"><strong>Onicio Leal<\/strong>\u00a0\u00e9 PhD candidate em Sa\u00fade P\u00fablica (2018), mestre em Sa\u00fade P\u00fablica, epidemiologista e biom\u00e9dico. \u00c9 cofundador e CEO da\u00a0<a href=\"http:\/\/www.epitrack.tech\/\" target=\"_blank\" rel=\"noopener ugc nofollow\">Epitrack<\/a>, empresa de sa\u00fade digital de Recife, e embaixador da\u00a0<a href=\"https:\/\/su.org\/\" target=\"_blank\" rel=\"noopener ugc nofollow\">Singularity University<\/a>, liderando o cap\u00edtulo na cidade.<\/div>\n<\/section>\n<\/article>\n<\/div>\n","protected":false},"featured_media":2457,"template":"","categories":[3],"tags":[61],"formato_insights":[],"class_list":["post-2456","insight","type-insight","status-publish","has-post-thumbnail","hentry","category-negocios","tag-competencias-do-futuro"],"acf":[],"_links":{"self":[{"href":"https:\/\/www.cesar.org.br\/painel\/wp-json\/wp\/v2\/insight\/2456","targetHints":{"allow":["GET"]}}],"collection":[{"href":"https:\/\/www.cesar.org.br\/painel\/wp-json\/wp\/v2\/insight"}],"about":[{"href":"https:\/\/www.cesar.org.br\/painel\/wp-json\/wp\/v2\/types\/insight"}],"wp:featuredmedia":[{"embeddable":true,"href":"https:\/\/www.cesar.org.br\/painel\/wp-json\/wp\/v2\/media\/2457"}],"wp:attachment":[{"href":"https:\/\/www.cesar.org.br\/painel\/wp-json\/wp\/v2\/media?parent=2456"}],"wp:term":[{"taxonomy":"category","embeddable":true,"href":"https:\/\/www.cesar.org.br\/painel\/wp-json\/wp\/v2\/categories?post=2456"},{"taxonomy":"post_tag","embeddable":true,"href":"https:\/\/www.cesar.org.br\/painel\/wp-json\/wp\/v2\/tags?post=2456"},{"taxonomy":"formato_insights","embeddable":true,"href":"https:\/\/www.cesar.org.br\/painel\/wp-json\/wp\/v2\/formato_insights?post=2456"}],"curies":[{"name":"wp","href":"https:\/\/api.w.org\/{rel}","templated":true}]}}