{"id":2422,"date":"2023-07-05T00:00:00","date_gmt":"2023-07-05T00:00:00","guid":{"rendered":"https:\/\/www.cesar.org.br\/painel\/insight\/a-era-da-ia-generativa-chegou-e-transformara-o-mundo\/"},"modified":"2024-06-05T18:33:43","modified_gmt":"2024-06-05T18:33:43","slug":"a-era-da-ia-generativa-chegou-e-transformara-o-mundo","status":"publish","type":"insight","link":"https:\/\/www.cesar.org.br\/painel\/insight\/a-era-da-ia-generativa-chegou-e-transformara-o-mundo\/","title":{"rendered":"A Era da IA Generativa chegou e transformar\u00e1 o mundo"},"content":{"rendered":"<div class=\"content-article\">\n<p style=\"text-align: left;\">Para aqueles que t\u00eam idade suficiente para lembrar, a internet em 1996 era uma experi\u00eancia muito diferente da que \u00e9 hoje. Naquela \u00e9poca, a nossa melhor op\u00e7\u00e3o era a internet discada e a conectividade com a web, na melhor das hip\u00f3teses, era lenta e n\u00e3o existia wi-fi, smartphones, nem sequer uma maneira de &#8220;dar um Google&#8221;.<\/p>\n<p style=\"text-align: left;\">No ano de 1996, numa quarta feira em agosto, a AOL, de longe o maior \u201cservi\u00e7o de computa\u00e7\u00e3o\u201d da \u00e9poca, caiu durante 19 horas. Peter Van Sant, da CBS Evening News, chamou o evento de &#8220;O Sil\u00eancio dos Nerds Tech&#8221;. Naquela \u00e9poca, as pessoas comuns passavam menos de 30 minutos navegando na web, cada p\u00e1gina levava cerca de 30 segundos para carregar e os consumidores ainda pagavam o acesso pela hora utilizada.<\/p>\n<p style=\"text-align: left;\">O ano 1996 tamb\u00e9m foi marcado pela cria\u00e7\u00e3o do Centro de Estudos e Sistemas Avan\u00e7ados do Recife (CESAR), um centro privado de inova\u00e7\u00e3o, educa\u00e7\u00e3o e empreendedorismo que combina conhecimento sobre neg\u00f3cios, pessoas e tecnologias para descobrir e resolver problemas complexos e desafiadores, com o objetivo de melhorar a vida das pessoas e das organiza\u00e7\u00f5es.<\/p>\n<\/div>\n<div class=\"content-article\">\n<div style=\"text-align: center;\">\n<figure class=\"image\" style=\"display: inline-block;\"><img decoding=\"async\" class=\"\" style=\"width: 576px; height: 385px;\" src=\"\/documents\/805050\/0\/Sun-Microsystems%27-Java-logo-on-laptop+-+-editorial-use-only-1.jpg\" alt=\"\" height=\"358\" \/><\/figure>\n<p>&nbsp;<\/p>\n<p style=\"text-align: left;\">Cerca de seis meses antes, em maio de 1995, a<a href=\"https:\/\/wikisummaries.org\/sun-microsystems-introduces-java\/\" target=\"_blank\" rel=\"noopener\">\u00a0Sun Microsystems lan\u00e7ou o Java<\/a>\u00a0&#8211; que ajudou a tornar a Internet aquilo que conhecemos hoje e mudou completamente a maneira como todos conduzimos neg\u00f3cios, nos comunicamos, aprendemos, criamos, projetamos compartilhamos informa\u00e7\u00f5es, e nos divertimos.<\/p>\n<p style=\"text-align: left;\">Cerca de meio ano antes, em maio de 1995, a Sun Microsystems lan\u00e7ou o Java, que ajudou a transformar a internet no que conhecemos hoje, e que mudou completamente a forma como todos conduzimos neg\u00f3cios, nos comunicamos, aprendemos, projetamos, compartilhamos not\u00edcias e informa\u00e7\u00f5es, e nos entretemos.<\/p>\n<p style=\"text-align: left;\">Do ponto de vista da programa\u00e7\u00e3o de software, a introdu\u00e7\u00e3o do Java permitiu que os programadores escrevessem uma vez e executassem em qualquer lugar &#8211; ou seja, o software Java poderia ser executado em todas as plataformas compat\u00edveis com Java (que se tornaram ub\u00edquas) sem a necessidade de recompilar.<\/p>\n<p style=\"text-align: left;\">Java foi uma das primeiras linguagens de programa\u00e7\u00e3o orientada a objetos que continha tanto objetos quanto m\u00e9todos. Ela introduziu um novo tipo de programa chamado Applet, que alterou para sempre a forma como o mundo online pensava sobre conte\u00fado. A grande inova\u00e7\u00e3o tecnol\u00f3gica da Sun tamb\u00e9m abordou alguns dos desafios mais dif\u00edceis da internet: portabilidade e seguran\u00e7a.<\/p>\n<p style=\"text-align: left;\">Quase 30 anos ap\u00f3s a introdu\u00e7\u00e3o do Java, nos encontramos agora em outro grande ponto de inflex\u00e3o tecnol\u00f3gica, \u00e0 medida que o mundo entra em uma nova Era de IA.<\/p>\n<p style=\"text-align: left;\"><strong>&#8220;O ponto principal e mais surpreendente \u00e9 a velocidade da mudan\u00e7a&#8221;<\/strong>, disse\u00a0<a href=\"https:\/\/www.linkedin.com\/in\/giordanocabral\" target=\"_blank\" rel=\"noopener\">Giordano Cabral,<\/a>\u00a0professor da UFPE e presidente do conselho do CESAR. \u201cNormalmente, criamos um curso uma vez e o usamos por dois a tr\u00eas anos &#8211; mas, agora, para cada novo semestre, temos que jogar tudo fora e reconstruir todo o conte\u00fado program\u00e1tico. Isso significa que a velocidade da mudan\u00e7a nos dom\u00ednios que ensinamos \u00e9 t\u00e3o r\u00e1pida que \u00e9 muito dif\u00edcil acompanhar. \u201d<\/p>\n<p style=\"text-align: left;\">Os proeminentes professores do CESAR, arquitetos, desenvolvedores e engenheiros de software, assim como designers UX, concordam que, semelhante \u00e0 maneira como a maioria das pessoas hoje \u00e9 nativa do digital e da internet, a<strong>\u00a0IA generativa transformar\u00e1 neg\u00f3cios e mudar\u00e1 a maneira como vivemos, trabalhamos e criaremos software, produtos, servi\u00e7os, arte, m\u00fasica, conte\u00fado e muito mais.\u00a0<\/strong><\/p>\n<p style=\"text-align: left;\">Em um futuro pr\u00f3ximo, cada vez mais programadores e designers do mundo se tornar\u00e3o nativos dessa tecnologia &#8211; e o CESAR ir\u00e1 desempenhar um papel essencial na pesquisa, compreens\u00e3o e educa\u00e7\u00e3o de mais pessoas sobre o tema.<\/p>\n<p style=\"text-align: left;\">\u201cDo ponto de vista de nossas tr\u00eas principais \u00e1reas de atua\u00e7\u00e3o no CESAR &#8211; ensinar novos estudantes, reter profissionais antigos e conduzir projetos de pesquisa, design e inova\u00e7\u00e3o (RD&amp;I) para pequenas, m\u00e9dias e grandes empresas do mundo &#8211; estamos focados em testar novas maneiras de aumentar a produtividade, unindo humanos e m\u00e1quinas, para gerar ou reiterar o design, o conte\u00fado e o c\u00f3digo\u201d, disse\u00a0<a href=\"https:\/\/www.linkedin.com\/in\/eduardocpeixoto\" target=\"_blank\" rel=\"noopener\">Eduardo Peixoto, CEO do CESAR.\u00a0<\/a><\/p>\n<p style=\"text-align: left;\">\u201cA IA generativa desempenhar\u00e1 um papel central em nossos cursos avan\u00e7ados em tecnologia digital para o empreendedorismo e em nosso trabalho de pesquisa, desenvolvimento e inova\u00e7\u00e3o. Trabalharemos para acelerar o conhecimento tecnol\u00f3gico, desenvolver novas abordagens e impulsionar a produ\u00e7\u00e3o de inova\u00e7\u00e3o para os clientes. \u201d<\/p>\n<p style=\"text-align: left;\"><img loading=\"lazy\" decoding=\"async\" class=\"aligncenter\" style=\"width: 299px; height: 448px;\" src=\"https:\/\/www.cesar.org.br\/documents\/805050\/0\/Eduardo+Peixoto+%284%29.jpg\" alt=\"\" width=\"325\" height=\"488\" \/><\/p>\n<h4><span style=\"text-align: center;\">Eduardo Peixoto, CEO do CESAR, acredita que a capacidade inerente da IA generativa de aumentar nossa produtividade \u00e9 o cerne da quest\u00e3o.<\/span><\/h4>\n<p>&nbsp;<\/p>\n<p style=\"text-align: left;\">De acordo com<a href=\"https:\/\/www.gartner.com\/analyst\/20582\">\u00a0Andrew White,<\/a>\u00a0do Gartner, em um artigo recente do portal, \u201cA IA generativa pode ser o gatilho para a onda de produtividade de que precisamos \u201d. White observa que, quanto mais ele l\u00ea sobre essa tecnologia, mais ele pensa que &#8220;essa onda espec\u00edfica de IA \u00e9 diferente \u201d e \u00e9 o suficiente para mudar nosso foco da tecnologia que \u00e9 de uso geral para a tecnologia de uso espec\u00edfico.<a href=\"https:\/\/materiais.cesar.org.br\/ia-positioning-paper-br\" target=\"_blank\" rel=\"noopener\"><img loading=\"lazy\" decoding=\"async\" class=\"alignright\" src=\"https:\/\/www.cesar.org.br\/documents\/805050\/0\/Mokup_+ING_LP+final.png\" alt=\"\" width=\"227\" height=\"332\" \/><\/a><\/p>\n<p style=\"text-align: left;\">Eduardo Peixoto concorda que a capacidade inerente da IA generativa de melhorar nossa produtividade \u00e9 o cora\u00e7\u00e3o da quest\u00e3o e o motivo dessa nova onda de tecnologia ser t\u00e3o significativa.<\/p>\n<p style=\"text-align: left;\">&#8220;Por exemplo, o Ita\u00fa Unibanco &#8211; a maior institui\u00e7\u00e3o banc\u00e1ria do Brasil e classificada entre os 100 melhores bancos em todo o mundo, tem mais de 16 mil desenvolvedores de software dispon\u00edveis hoje. Isso \u00e9 cerca de quatro vezes o tamanho das equipes de desenvolvimento de outros bancos brasileiros. \u00a0No entanto, a equipe de gerenciamento do Ita\u00fa ainda est\u00e1 buscando contratar mais arquitetos, desenvolvedores e engenheiros, para que possa ser ainda mais competitivo e \u00e1gil em termos de lan\u00e7ar constantemente novos aplicativos, recursos e UX, com o objetivo de continuar aumentando sua participa\u00e7\u00e3o de mercado e a sua base de clientes\u201d, disse Peixoto.<\/p>\n<p style=\"text-align: left;\"><cite>&#8220;Nesta nova era de IA generativa, o CESAR est\u00e1 se posicionando como uma das refer\u00eancias globais do mundo em pesquisa, experimenta\u00e7\u00e3o, desenvolvimento e capacita\u00e7\u00e3o ou produ\u00e7\u00e3o de inova\u00e7\u00e3o&#8221;, diz Peixoto.<\/cite><\/p>\n<p style=\"text-align: left;\">\u201cAproveitaremos nosso amplo conhecimento e rede de especialistas, parceiros e clientes que compartilham uma vis\u00e3o semelhante sobre a IA generativa para representar um elemento-chave para novas maneiras de projetar novas ofertas, desenvolver software e educar os futuros profissionais de v\u00e1rios setores. \u201d<\/p>\n<p style=\"text-align: left;\">&#8220;Estamos indo, rapidamente, em dire\u00e7\u00e3o a uma nova realidade, onde nenhuma empresa em quase<br \/>\nnenhum setor poder\u00e1 competir e sobreviver sem ter, em seu time, pessoas capazes de programar com ferramentas low code\/no code apoiadas por IA\u201d, disse Peixoto.<\/p>\n<p style=\"text-align: left;\">Ele continua: \u201cHaver\u00e1 uma r\u00e1pida evolu\u00e7\u00e3o de como as pessoas ir\u00e3o se encaixar nessa nova maneira de trabalhar e criar coisas com apoio da IA, incluindo a ascens\u00e3o de novas fun\u00e7\u00f5es de trabalho, como engenheiros de prompt, analistas de \u00e9tica voltada para IA, designers, artistas e tantas outras posi\u00e7\u00f5es inesperadas&#8221;.<\/p>\n<h4 style=\"text-align: left;\">Escrevemos um Positioning Paper explorando nosso ponto de vista sobre o impacto da Intelig\u00eancia Artificial Generativa no design, na codifica\u00e7\u00e3o e na educa\u00e7\u00e3o. Baixe este material para entender como a Intelig\u00eancia Artificial est\u00e1 transformando a sociedade com seu trabalho cognitivo, complexo e art\u00edstico, em meio a todas as cr\u00edticas e medos em torno de seu potencial de substituir o poder humano.\u00a0<a href=\"https:\/\/materiais.cesar.org.br\/ia-positioning-paper-br\" target=\"_blank\" rel=\"noopener\">Clique para ler o material.\u00a0\u00a0<\/a><\/h4>\n<\/div>\n<\/div>\n","protected":false},"featured_media":2423,"template":"","categories":[5],"tags":[93],"formato_insights":[],"class_list":["post-2422","insight","type-insight","status-publish","has-post-thumbnail","hentry","category-tecnologia","tag-ia-generativa"],"acf":[],"_links":{"self":[{"href":"https:\/\/www.cesar.org.br\/painel\/wp-json\/wp\/v2\/insight\/2422","targetHints":{"allow":["GET"]}}],"collection":[{"href":"https:\/\/www.cesar.org.br\/painel\/wp-json\/wp\/v2\/insight"}],"about":[{"href":"https:\/\/www.cesar.org.br\/painel\/wp-json\/wp\/v2\/types\/insight"}],"wp:featuredmedia":[{"embeddable":true,"href":"https:\/\/www.cesar.org.br\/painel\/wp-json\/wp\/v2\/media\/2423"}],"wp:attachment":[{"href":"https:\/\/www.cesar.org.br\/painel\/wp-json\/wp\/v2\/media?parent=2422"}],"wp:term":[{"taxonomy":"category","embeddable":true,"href":"https:\/\/www.cesar.org.br\/painel\/wp-json\/wp\/v2\/categories?post=2422"},{"taxonomy":"post_tag","embeddable":true,"href":"https:\/\/www.cesar.org.br\/painel\/wp-json\/wp\/v2\/tags?post=2422"},{"taxonomy":"formato_insights","embeddable":true,"href":"https:\/\/www.cesar.org.br\/painel\/wp-json\/wp\/v2\/formato_insights?post=2422"}],"curies":[{"name":"wp","href":"https:\/\/api.w.org\/{rel}","templated":true}]}}