{"id":2382,"date":"2023-08-09T00:00:00","date_gmt":"2023-08-09T00:00:00","guid":{"rendered":"https:\/\/www.cesar.org.br\/painel\/insight\/reflexoes-do-rio-innovation-week\/"},"modified":"2024-04-19T18:34:33","modified_gmt":"2024-04-19T18:34:33","slug":"reflexoes-do-rio-innovation-week","status":"publish","type":"insight","link":"https:\/\/www.cesar.org.br\/painel\/insight\/reflexoes-do-rio-innovation-week\/","title":{"rendered":"Inova\u00e7\u00e3o, tecnologia e futuro: Reflex\u00f5es do Rio Innovation Week"},"content":{"rendered":"<div class=\"content-article\">\n<p>Este ano, o CESAR marcou presen\u00e7a, pela primeira vez, no Rio Innovation Week (RIW). O encontro aconteceu entre os dias 3 a 6 de outubro no P\u00eder Mau\u00e1, Rio de Janeiro e reuniu inova\u00e7\u00e3o e tecnologia conectando sociedade, investidores e empresas de todo o Brasil em um s\u00f3 lugar.<\/p>\n<p>Na sua terceira edi\u00e7\u00e3o, o RIW contou com 30 confer\u00eancias sobre os mais diversos setores, como financeiro, energia, varejo, educa\u00e7\u00e3o e tecnologia. Foram mais de 1.800 palestrantes convidados, 2000 startups e incubadoras e mais de 250 expositores apresentando inova\u00e7\u00f5es e solu\u00e7\u00f5es &#8211; foram 4 dias de muito conhecimento e neg\u00f3cios sendo gerados.<\/p>\n<p>Com um estande pr\u00f3prio e uma equipe focada em explorar e absorver as principais tend\u00eancias e insights do evento, nosso objetivo foi al\u00e9m de apenas observar. Estivemos no evento para interagir, aprender e tamb\u00e9m para compartilhar conhecimento sobre o que fazemos e como podemos contribuir para a evolu\u00e7\u00e3o do ecossistema de inova\u00e7\u00e3o brasileiro.<\/p>\n<p>Neste conte\u00fado, vamos compartilhar os principais destaques e reflex\u00f5es que tivemos ao longo do evento, refor\u00e7ando nosso compromisso com a dissemina\u00e7\u00e3o de conhecimento e inova\u00e7\u00e3o. Ent\u00e3o, junte-se a n\u00f3s nesta jornada e explore conosco as tend\u00eancias, insights e novidades que o Rio Innovation Week tem a oferecer.<\/p>\n<h2><b>Intelig\u00eancia Artificial moldando o profissional do futuro<\/b><\/h2>\n<p>Para marcar o in\u00edcio da nossa participa\u00e7\u00e3o no evento, <strong>nosso CEO, Eduardo Peixoto, se uniu a Delmir Peixoto (Petrobras) e Karen Cubas (Universidade IBP)<\/strong> no painel<strong> &#8220;Futuro Digital: Desafios de Forma\u00e7\u00e3o e Novas Compet\u00eancias na Era da IA Generativa<\/strong>&#8220;. O di\u00e1logo instigante explorou a evolu\u00e7\u00e3o do cen\u00e1rio tecnol\u00f3gico e seu impacto nas compet\u00eancias profissionais exigidas para o futuro no \u00e2mbito da Intelig\u00eancia Artificial generativa.<\/p>\n<p>Karen Cubas, representando a perspectiva acad\u00eamica, ponderou sobre a ess\u00eancia da forma\u00e7\u00e3o atual e futura, refor\u00e7ando a necessidade de uma educa\u00e7\u00e3o que seja adapt\u00e1vel e resiliente \u00e0s transforma\u00e7\u00f5es tecnol\u00f3gicas. Por outro lado, Delmir Peixoto trouxe \u00e0 tona os desafios e aprendizados da Petrobras na integra\u00e7\u00e3o de IA generativa em seus processos industriais, e a necessidade de uma for\u00e7a de trabalho multifacetada e fluente em tecnologia.<\/p>\n<p>Eduardo, unindo pontos entre academia e mercado de trabalho, abordou a integra\u00e7\u00e3o e colabora\u00e7\u00e3o entre estes dois mundos. A necessidade de uma sinergia onde a academia prov\u00ea insights e pesquisas e a ind\u00fastria oferece aplicabilidade pr\u00e1tica e casos reais, estabelecendo uma sociedade mais capacitada e preparada.<\/p>\n<p style=\"text-align: center;\"><img decoding=\"async\" src=\"\/documents\/805050\/0\/tempImager7z0iP.bmp\" alt=\"\" height=\"557\" \/><\/p>\n<h2><b>Tecnologia transformando ambientes e viv\u00eancias perif\u00e9ricas<\/b><\/h2>\n<p>No palco <i>Impact 4 Chang<\/i>e, Eduardo participou de uma discuss\u00e3o com <strong>Jo\u00e3o Bonelli (PUC-Rio) e Gean Guilherme (2050)<\/strong>. A palestra, intitulada <strong>&#8220;Tecnologia Transformando Centros e Periferias&#8221;<\/strong>, explorou as m\u00faltiplas facetas de como a tecnologia pode ser um agente de mudan\u00e7a em diferentes contextos urbanos.<\/p>\n<p>Centrando-se na premissa de que a tecnologia, em sua ess\u00eancia, \u00e9 uma ferramenta que pode ser utilizada para construir pontes entre diferentes realidades sociais e econ\u00f4micas, os palestrantes compartilharam perspectivas e cases sobre como a inova\u00e7\u00e3o tecnol\u00f3gica tem o poder de conectar centros urbanos e periferias, gerando impacto social positivo.<\/p>\n<p>O fundador do &#8220;2050&#8221;, Gean Guilherme, acredita no poder das inova\u00e7\u00f5es incubadas em hubs dentro da pr\u00f3pria favela, sinalizando que a tecnologia aplicada corretamente pode ser revolucion\u00e1ria na vida das pessoas. No CESAR, o compromisso se estende a materializar oportunidades, alimentando o ecossistema de inova\u00e7\u00e3o em Recife e oferecendo educa\u00e7\u00e3o tecnol\u00f3gica acess\u00edvel.<\/p>\n<p>Ao confrontar a teoria com a pr\u00e1tica, os insights revelam que quebrar barreiras educacionais e integrar o contexto dos estudantes com novas tecnologias s\u00e3o passos fundamentais para uma educa\u00e7\u00e3o mais rica e inclusiva.<\/p>\n<p><b>Principal insight da participa\u00e7\u00e3o de Eduardo: <\/b>As realidades f\u00edsica e digital\u00a0 devem se complementar, n\u00e3o competir.<\/p>\n<h2><b>IA: A nova orquestradora financeira<\/b><\/h2>\n<p>A Intelig\u00eancia Artificial vem orquestrando movimentos estrat\u00e9gicos no setor financeiro. Com a emerg\u00eancia do Pix, open banking e open finance, a tecnologia tem potencial para ser a cartilha de um sistema financeiro mais intuitivo e eficiente.<\/p>\n<p>Duas institui\u00e7\u00f5es-chave, BACEN e o Fundo Monet\u00e1rio Internacional indicam a seriedade do emprego respons\u00e1vel e regulamentado da IA, alinhado com uma vis\u00e3o global e local de mitiga\u00e7\u00e3o de riscos e prote\u00e7\u00e3o de dados. No campo pr\u00e1tico, a IA favorece a interpreta\u00e7\u00e3o do comportamento do cliente, facilitando transa\u00e7\u00f5es financeiras e assegurando uma jornada mais segura e personalizada.<\/p>\n<p><b>Insight em uma frase<\/b>: Equilibrar riscos, impactos e ganhos para uma IA respons\u00e1vel no setor financeiro.<\/p>\n<h2><b>Educa\u00e7\u00e3o e tecnologia: Um di\u00e1logo humanizado<\/b><\/h2>\n<p>Seguindo a jornada de trocas e aprendizados, conferimos a palestra: &#8220;<strong>Educa\u00e7\u00e3o mediada por Tecnologias: oportunidades e desafios&#8221; com Ivys Urquiza<\/strong>. A conversa foi pautada na interface entre tecnologia e educa\u00e7\u00e3o, ressaltando que, apesar da tecnologia ser um potencializador, a educa\u00e7\u00e3o \u00e9, essencialmente, uma atividade humana.<\/p>\n<p>A nova IA com di\u00e1logos mais humanizados indica que a combina\u00e7\u00e3o do humano com o digital \u00e9 n\u00e3o apenas poss\u00edvel, mas profundamente enriquecedora<b>. Entender a tecnologia como uma aliada e n\u00e3o um advers\u00e1rio \u00e9 imperativo<\/b>, e substituir o \u201cconhecimento enciclop\u00e9dico\u201d pela habilidade de combinar informa\u00e7\u00f5es de diversas fontes &#8211; a \u201ccombinatividade\u201d &#8211; \u00e9 onde reside a verdadeira criatividade e inova\u00e7\u00e3o.<\/p>\n<p><b>Insight em uma frase:<\/b> Tecnologia como potencializadora de uma educa\u00e7\u00e3o mais humana e criativa.<\/p>\n<p style=\"text-align: center;\"><img decoding=\"async\" src=\"\/documents\/805050\/0\/tempImageR8oPQU.bmp\" alt=\"\" height=\"306\" \/><\/p>\n<h2><strong>Inova\u00e7\u00e3o e Ci\u00eancia para criar beleza<\/strong><\/h2>\n<p>Prestigiamos, tamb\u00e9m, a palestra <strong>&#8220;Inova\u00e7\u00e3o e uso de IA para desenvolver produtos de beleza\u201d<\/strong>, ministrada por <strong>Milene Haraguchi, Cientista S\u00eanior do Grupo Botic\u00e1rio, nosso grande parceiro.\u00a0<\/strong><\/p>\n<p>Milene compartilhou como o Grupo est\u00e1 incorporando IA no processo de cria\u00e7\u00e3o e desenvolvimento de seus produtos, a aplicabilidade pr\u00e1tica e o impacto tang\u00edvel dessas tecnologias. Como a IA pode ser utilizada para criar produtos mais sustent\u00e1veis, \u00e9ticos e alinhados com as expectativas do consumidor no mundo real?<\/p>\n<p>Na palestra, Haraguchi compartilhou o case de sucesso do <a href=\"https:\/\/www.cesar.org.br\/pt\/w\/grupo-boticario-inteligencia-artificial-para-uma-beleza-inclusiva\">Batom Inteligente<\/a>, parceria entre o CESAR e o Grupo Botic\u00e1rio, que se trata de um dispositivo inclusivo que conta \u00a0uma tecnologia baseada em intelig\u00eancia artificial, capaz de tornar poss\u00edvel a aplica\u00e7\u00e3o de batom automaticamente, sem borrar, diferenciando a pele dos l\u00e1bios e do rosto com precis\u00e3o.<\/p>\n<p><b>Insight: <\/b>O uso de IA em P&amp;D n\u00e3o \u00e9 apenas eficiente, mas tamb\u00e9m uma nova fronteira para a personaliza\u00e7\u00e3o de produtos de beleza.<\/p>\n<h2><strong>Qual \u00e9 o futuro da mobilidade?\u00a0<\/strong><\/h2>\n<p>Nos aproximando do final do evento, n\u00e3o poder\u00edamos deixar de explorar o vasto e promissor mundo da mobilidade el\u00e9trica.\u00a0 Na palestra <strong>\u201cFuturo El\u00e9trico: Mobilidade aliada ao futuro\u201d,<\/strong> conferimos uma mesa com nomes como <strong>Guilherme Barbalho, Head de Planejamento da GMW Motos Brazil, H\u00e1lef Soler, Head de Inova\u00e7\u00e3o da Oracle e Elifas Vargas, Cofundador da Kreativ.<\/strong><\/p>\n<p>Para Barbalho, para al\u00e9m da tecnologia por tr\u00e1s do ve\u00edculo, o seu design e o powertrain s\u00e3o essenciais para o mercado brasileiro, que adquire um carro tanto por sua est\u00e9tica quanto pela performance e transmiss\u00e3o \u2013 um reflexo da paix\u00e3o nacional por carros e dirigir.<\/p>\n<p>Al\u00e9m disso, uma das tecnologias emergentes atualmente \u00e9 a otimiza\u00e7\u00e3o do carregamento de ve\u00edculos el\u00e9tricos. Esse conceito n\u00e3o apenas j\u00e1 existe, como est\u00e1 em desenvolvimento ativo. A grande novidade \u00e9 a velocidade desse carregamento. Hoje, muitos propriet\u00e1rios de carros el\u00e9tricos carregam seus ve\u00edculos durante um per\u00edodo significativo, \u00e0s vezes, ao longo de uma noite em suas garagens. As ind\u00fastrias est\u00e3o em busca de tecnologias que promovam carregamentos r\u00e1pidos.<\/p>\n<p>E, se falamos de carros el\u00e9tricos, falamos de sustentabilidade. Nesse novo contexto, o desafio de solucionar onde, quando e quantos carregadores devem ser instalados nas cidades \u00e9 vital para tornar a mobilidade el\u00e9trica uma op\u00e7\u00e3o vi\u00e1vel e sustent\u00e1vel. Isso quer dizer que as inova\u00e7\u00f5es tecnol\u00f3gicas devem ser harmonizadas com novos modelos de consumo e uma compreens\u00e3o clara dos custos e benef\u00edcios envolvidos.<\/p>\n<h2>Intelig\u00eancia Artificial: Conduzindo ou desviando o futuro?<img loading=\"lazy\" decoding=\"async\" class=\"alignright\" src=\"\/documents\/805050\/0\/4ba3da5b-feae-4fa9-82e9-67ab04fee9a3.jpg\" alt=\"\" width=\"393\" height=\"524\" \/><\/h2>\n<p>Uma palestra chamada questiona se a IA est\u00e1 atropelando ou abrindo caminhos, com certeza, haver\u00e1 um debate esclarecedor. Nela, os painelistas conversaram sobre a\u00a0 IA, \u00e0s vezes, parece um conceito futurista, quando, na realidade, essa \u00e9 uma realidade tang\u00edvel, que deve ser abra\u00e7ada e compreendida. \u00c9 necess\u00e1rio que as empresas e os indiv\u00edduos estejam preparados para integrar essa tecnologia em suas opera\u00e7\u00f5es e fun\u00e7\u00f5es di\u00e1rias.<\/p>\n<p>Al\u00e9m disso, a percep\u00e7\u00e3o de que a IA \u00e9 uma tecnologia recente nem sempre \u00e9 verdadeira; ela tem uma hist\u00f3ria e uma evolu\u00e7\u00e3o significativas. A resist\u00eancia a ela pode ser comparada \u00e0 resist\u00eancia passada \u00e0s transi\u00e7\u00f5es tecnol\u00f3gicas, como a mudan\u00e7a da datilografia para a computa\u00e7\u00e3o. Afinal, tecnologias v\u00eam com suas in\u00fameras aplica\u00e7\u00f5es e vantagens. Por exemplo, o digital j\u00e1 alterou significativamente o trabalho, possibilitando a coleta de dados em tempo real e decis\u00f5es mais \u00e1geis e informadas.<\/p>\n<p>Mas, o futuro \u00e9 incerto. A inser\u00e7\u00e3o da IA nas opera\u00e7\u00f5es di\u00e1rias traz consigo quest\u00f5es vitais de moralidade, \u00e9tica e seguran\u00e7a. O desenvolvimento e treinamento de equipes para operar em sintonia com a IA \u00e9 um desafio que j\u00e1 est\u00e1 \u00e0 mesa. Com m\u00faltiplas op\u00e7\u00f5es e uma paci\u00eancia cada vez menor por parte dos consumidores, as empresas precisam refletir sobre suas opera\u00e7\u00f5es, cultura e adapta\u00e7\u00f5es necess\u00e1rias para se manterem relevantes na era digital.<\/p>\n<h2>A inova\u00e7\u00e3o come\u00e7a nas pessoas e voc\u00ea pode encontr\u00e1-la em qualquer lugar<\/h2>\n<p>As tend\u00eancias do Rio Innovation Week desenharam um panorama onde a tecnologia, em suas diversas aplica\u00e7\u00f5es, convergia para um ponto comum: a humaniza\u00e7\u00e3o. Seja facilitando acessos financeiros, democratizando a educa\u00e7\u00e3o, impulsionando desenvolvimento local ou inovando em produtos, a IA e as novas tecnologias mostram que o futuro \u00e9 intrinsecamente humano e digital.<\/p>\n<h4>Acompanhe o CESAR nas redes sociais e se inscreva em nosso newsletter para mais insights e reflex\u00f5es sobre inova\u00e7\u00e3o e tecnologia!<\/h4>\n<\/div>\n","protected":false},"featured_media":2383,"template":"","categories":[3],"tags":[163],"formato_insights":[],"class_list":["post-2382","insight","type-insight","status-publish","has-post-thumbnail","hentry","category-negocios","tag-inovacao"],"acf":[],"_links":{"self":[{"href":"https:\/\/www.cesar.org.br\/painel\/wp-json\/wp\/v2\/insight\/2382","targetHints":{"allow":["GET"]}}],"collection":[{"href":"https:\/\/www.cesar.org.br\/painel\/wp-json\/wp\/v2\/insight"}],"about":[{"href":"https:\/\/www.cesar.org.br\/painel\/wp-json\/wp\/v2\/types\/insight"}],"wp:featuredmedia":[{"embeddable":true,"href":"https:\/\/www.cesar.org.br\/painel\/wp-json\/wp\/v2\/media\/2383"}],"wp:attachment":[{"href":"https:\/\/www.cesar.org.br\/painel\/wp-json\/wp\/v2\/media?parent=2382"}],"wp:term":[{"taxonomy":"category","embeddable":true,"href":"https:\/\/www.cesar.org.br\/painel\/wp-json\/wp\/v2\/categories?post=2382"},{"taxonomy":"post_tag","embeddable":true,"href":"https:\/\/www.cesar.org.br\/painel\/wp-json\/wp\/v2\/tags?post=2382"},{"taxonomy":"formato_insights","embeddable":true,"href":"https:\/\/www.cesar.org.br\/painel\/wp-json\/wp\/v2\/formato_insights?post=2382"}],"curies":[{"name":"wp","href":"https:\/\/api.w.org\/{rel}","templated":true}]}}