{"id":2372,"date":"2018-06-25T00:00:00","date_gmt":"2018-06-25T00:00:00","guid":{"rendered":"https:\/\/www.cesar.org.br\/painel\/insight\/empreender-para-voce-para-o-outro-para-o-mundo\/"},"modified":"2026-03-24T18:05:04","modified_gmt":"2026-03-24T21:05:04","slug":"empreender-para-voce-para-o-outro-para-o-mundo","status":"publish","type":"insight","link":"https:\/\/www.cesar.org.br\/painel\/insight\/empreender-para-voce-para-o-outro-para-o-mundo\/","title":{"rendered":"Empreender para voc\u00ea, para o outro, para o mundo"},"content":{"rendered":"<div class=\"content-article\">\n<p><em>por<strong><strong>\u00a0Ana Pedrosa<\/strong><\/strong><\/em><\/p>\n<blockquote><p><cite><strong>Fa\u00e7o parte da Era P\u00f3s-Digital, meu trabalho precisa refletir as inquieta\u00e7\u00f5es que essa transforma\u00e7\u00e3o me entrega.<\/strong><\/cite><\/p><\/blockquote>\n<p id=\"cf58\">Adapto versos do grande poeta paraibano Jessier Quirino para me apresentar. Sou Ana, arquiteta por profiss\u00e3o, matuta por ocasi\u00e3o e empreendedora por voca\u00e7\u00e3o. Aprendi desde cedo a entender o espa\u00e7o como um objeto transformacional. Sou pernambucana nascida em Santa Cruz do Capibaribe, terra levantada pelas m\u00e3os das mulheres costureiras, protagonistas de uma constru\u00e7\u00e3o s\u00f3cio-espacial pautada na colabora\u00e7\u00e3o e no empreendedorismo.<\/p>\n<p id=\"cdf4\">H\u00e1 65 anos, Santa Cruz era uma cidade que se sustentava por meio da venda de gr\u00e3os e outras culturas de sobreviv\u00eancia, entre elas a fabrica\u00e7\u00e3o das colchas de retalhos dos tecidos que seriam descartados. At\u00e9 que uma mulher fugiu da linha de produ\u00e7\u00e3o \u201cnormal\u201d e decidiu pegar um retalho maior para confeccionar o primeiro short da terra de Santa Cruz, e da\u00ed em diante teceu-se uma rede de costureiras que faz de Santa Cruz do Capibaribe, hoje, o maior polo t\u00eaxtil do pa\u00eds.<\/p>\n<section>\n<p id=\"92c2\">Como toda gente, trago dentro de mim a ess\u00eancia de minha terra. Bebi dessa fonte, cresci num lugar onde as mulheres protagonizam a economia local. Vi minha m\u00e3e empreender desde menina, e muito dela existe em mim. Ainda crian\u00e7a, eu brincava com minhas amigas de vender roupas, cri\u00e1vamos \u201cuniversidades\u201d na escada da minha casa onde a gente estudava estrat\u00e9gias de amplia\u00e7\u00e3o de venda e fomenta\u00e7\u00e3o do neg\u00f3cio\u200a\u2014\u200an\u00e3o d\u00e1vamos esses nomes complicados, \u00e9 claro, mas era isso que a gente fazia. Anos depois, na faculdade de arquitetura, comecei a me aproximar da Arco Consultoria e junto com outros alunos do curso fundamos e fomos lapidando nossa primeira empresa j\u00fanior. Descobri que eu podia alinhar as tr\u00eas coisas que mais amo: cidades, pessoas e arte.<\/p>\n<p id=\"cd6e\">Meu retalho \u00e9 diferente dos que as costureiras da minha terra costumam usar. Lido com a malha urbana, minhas modelagens s\u00e3o as ferramentas de design centrado no usu\u00e1rio e minhas tesouras est\u00e3o se ocupando em recortar pensamentos encaixotados. Por fim, minha m\u00e1quina de costura ganha forma de empresa: Habite Social. \u00c9 l\u00e1 que consigo alinhar pessoas em torno de um mesmo prop\u00f3sito: a constru\u00e7\u00e3o de uma cidade mais justa, colaborativa e conectada. Na Habite buscamos promover o direito de todo ser humano a ter uma moradia segura, saud\u00e1vel, confort\u00e1vel e acess\u00edvel. Uma cidade pensada como um \u201cecossistema interativo\u201d e n\u00e3o s\u00f3 como habita\u00e7\u00e3o.<\/p>\n<p id=\"03a7\">Em mar\u00e7o de 2017, a Habite entrou no\u00a0<em>Mind The Bizz<\/em>, um programa do\u00a0<a href=\"https:\/\/medium.com\/@inovacao_cesar\" target=\"_blank\" rel=\"noopener\" data-action=\"show-user-card\" data-action-type=\"hover\" data-action-value=\"a6aa9a193e85\" data-anchor-type=\"2\" data-href=\"https:\/\/medium.com\/@inovacao_cesar\" data-user-id=\"a6aa9a193e85\">CESAR<\/a>,\u00a0<a href=\"https:\/\/medium.com\/@comunicacao_56024\" target=\"_blank\" rel=\"noopener\" data-action=\"show-user-card\" data-action-type=\"hover\" data-action-value=\"2f1a4c6645a4\" data-anchor-type=\"2\" data-href=\"https:\/\/medium.com\/@comunicacao_56024\" data-user-id=\"2f1a4c6645a4\">Porto Digital<\/a>\u00a0e Sebrae. Aprendi com o meu mentor, Ed Dantas, a import\u00e2ncia de imergir no problema que a gente se prop\u00f5e a resolver. Fiz um mergulho no quadro habitacional do Brasil e do mundo e percebi que a quest\u00e3o de habitabilidade est\u00e1 completamente alinhada \u00e0 renda das pessoas. Se a renda dos moradores desses locais insalubres \u00e9 suficiente para comer e educar os filhos, como eles v\u00e3o poder retirar o dinheiro de alimenta\u00e7\u00e3o e educa\u00e7\u00e3o para reformar a casa? A op\u00e7\u00e3o que resta \u00e9 conviver com o mofo, o calor, a falta de instala\u00e7\u00f5es hidrossanit\u00e1rias. Dentro desse quadro, 63% das mulheres que vivem em moradias insalubres normalmente empreendem em casa e n\u00e3o t\u00eam a autonomia necess\u00e1ria para trabalhar fora, porque ainda precisam cuidar da casa e dos filhos. Essas mulheres fomentam o empreendedorismo local de suas comunidades, e entendendo o processo de constru\u00e7\u00e3o espacial de Santa Cruz percebi que elas s\u00e3o as \u201ccostureiras\u201d capazes de tecer uma rede de neg\u00f3cios e fortalecer a economia local. Ent\u00e3o o que finalmente a Habite faz? Ela oferece reforma de baixo custo para o espa\u00e7o de trabalho de mulheres que empreendem em casa e vivem em situa\u00e7\u00e3o de vulnerabilidade social.<\/p>\n<p id=\"a223\">Por\u00e9m, como 250 mil moradias insalubres somente em Recife s\u00e3o um problema grande demais para resolver sozinha, senti a necessidade de compartilhar essa a\u00e7\u00e3o com outros players da constru\u00e7\u00e3o da cidade. Sei que voamos mais longe quando nos unimos a outras asas. Precisamos reinventar, pensar novas estrat\u00e9gias, descobrir juntos como s\u00e3o os produtos da era digital para transformar as comunidades. Criei o HACK.HABITE, nosso primeiro produto. Uma maratona que convida arquitetos, engenheiros, designers e a ind\u00fastria da constru\u00e7\u00e3o civil para criar espa\u00e7os de trabalho ergonomicamente adequados e pensados para ampliar as habilidades dessas mulheres, de forma a melhorar sua renda. Convocamos os principais players da constru\u00e7\u00e3o civil para pensar em formas de hackear o processo de constru\u00e7\u00e3o do espa\u00e7o, atrav\u00e9s de um trabalho colaborativo, compartilhado e conectado. O HACK.HABITE foi a primeira maratona hacker para o desenvolvimento de constru\u00e7\u00e3o civil em comunidades do Brasil. A Gerdau comprou fortemente essa ideia e ainda desafiou os participantes a imaginarem esses espa\u00e7os utilizando a\u00e7o. A Votorantim, junto com a Bortoline, Porto Digital e Trampolim Academy, foi outro dos players que viabilizaram fortemente a realiza\u00e7\u00e3o dessa maratona. A bandeira que levantamos e defendemos no HACK.HABITE \u00e9 a constru\u00e7\u00e3o de espa\u00e7os de trabalho pautados na empatia. O resultado n\u00e3o podia ser outro: em um final de semana criamos projetos completamente alinhados \u00e0s necessidades das nossas usu\u00e1rias, conectados com a realidade do local inserido e impactamos diretamente a vida de mais de 70 pessoas somente nessa primeira parte do processo. Agora estamos na etapa de detalhamento e execu\u00e7\u00e3o dos projetos.<\/p>\n<p id=\"fb23\">Venho de uma gera\u00e7\u00e3o que desconstr\u00f3i e reconstr\u00f3i tudo o tempo todo. O pensamento linear da era industrial j\u00e1 n\u00e3o nos serve mais, somos multidisciplinares e conectados com o mundo em tempo real. Eu n\u00e3o me vejo trabalhando em escrit\u00f3rios tradicionais de arquitetura\u200a\u2014\u200auma mudan\u00e7a de era pede uma nova ordem das coisas. Fa\u00e7o parte da Era P\u00f3s-Digital, meu trabalho precisa refletir as inquieta\u00e7\u00f5es que essa transforma\u00e7\u00e3o me entrega. Empreender, por mais \u00e1rduo que seja, me parece o caminho mais f\u00e1cil para dar forma ao que eu acredito. O tempo todo sou convidada a pedir pra sair quando me vejo diante de dificuldades e problemas, mas j\u00e1 depositei muitos gr\u00e3os de amor e paci\u00eancia na Habite, e isso me torna mais resiliente e resistente. Em paralelo, meu time come\u00e7a a ganhar forma e me mostra que para empreender melhor \u00e9 importante trabalhar em conjunto. Ter pessoas que giram comigo em torno de um prop\u00f3sito comum impulsiona esse movimento.<\/p>\n<p id=\"671a\">Revisitar estrat\u00e9gias, colocar a m\u00e3o na massa, alinhar expectativas, conectar com o mercado, encontrar gargalos, engajar pessoas, motivar um time, transformar vidas e ainda ter que encontrar uma forma de ser sustent\u00e1vel no meio de tudo isso \u00e9 uma jornada \u00e1rdua que requer bons mentores, muito caf\u00e9, disciplina e solitude para repensar de que forma isso me torna uma pessoa melhor para mim, para o outro e para o mundo. Eu sou uma arquiteta inquieta, \u00e9 no espa\u00e7o que deixo o rastro da minha inquietude gasta. Quando a gente toma consci\u00eancia de que o mundo da forma que est\u00e1 n\u00e3o tem raz\u00e3o de ser, a gente se perde do caminho de volta. E \u00e9 por isso que eu vou adiante e sou inquietude at\u00e9 o fim.<\/p>\n<\/section>\n<section>\n<hr \/>\n<p id=\"1006\"><strong><em>Ana Pedrosa<\/em><\/strong><em>\u00a0\u00e9 fundadora e CEO da\u00a0<\/em><a href=\"https:\/\/drive.google.com\/file\/d\/1679WZt0oe3t5iN6ZbOM8Dohr9x-qEW9I\/view\" target=\"_blank\" rel=\"nofollow noopener\" data-href=\"https:\/\/drive.google.com\/file\/d\/1679WZt0oe3t5iN6ZbOM8Dohr9x-qEW9I\/view\"><em>Habite Social<\/em><\/a><em>, empresa de combate \u00e0 hostilidade espacial em habita\u00e7\u00f5es de comunidades do Recife atrav\u00e9s do empoderamento empreendedor de mulheres em situa\u00e7\u00e3o de vulnerabilidade social. Graduanda de Arquitetura e Urbanismo pela UFPE, onde desenvolve um estudo voltado para novos eixos de atua\u00e7\u00e3o profissional para o mercado da constru\u00e7\u00e3o civil e como essas novas atua\u00e7\u00f5es contribuem para o desenvolvimento de cidades mais colaborativas, compartilhadas, alternativas e conectadas.<\/em><\/p>\n<\/section>\n<\/div>\n","protected":false},"featured_media":2373,"template":"","categories":[3],"tags":[74,95],"formato_insights":[16],"class_list":["post-2372","insight","type-insight","status-publish","has-post-thumbnail","hentry","category-negocios","tag-empreendedorismo","tag-soft-skills","formato_insights-artigo"],"acf":[],"_links":{"self":[{"href":"https:\/\/www.cesar.org.br\/painel\/wp-json\/wp\/v2\/insight\/2372","targetHints":{"allow":["GET"]}}],"collection":[{"href":"https:\/\/www.cesar.org.br\/painel\/wp-json\/wp\/v2\/insight"}],"about":[{"href":"https:\/\/www.cesar.org.br\/painel\/wp-json\/wp\/v2\/types\/insight"}],"wp:featuredmedia":[{"embeddable":true,"href":"https:\/\/www.cesar.org.br\/painel\/wp-json\/wp\/v2\/media\/2373"}],"wp:attachment":[{"href":"https:\/\/www.cesar.org.br\/painel\/wp-json\/wp\/v2\/media?parent=2372"}],"wp:term":[{"taxonomy":"category","embeddable":true,"href":"https:\/\/www.cesar.org.br\/painel\/wp-json\/wp\/v2\/categories?post=2372"},{"taxonomy":"post_tag","embeddable":true,"href":"https:\/\/www.cesar.org.br\/painel\/wp-json\/wp\/v2\/tags?post=2372"},{"taxonomy":"formato_insights","embeddable":true,"href":"https:\/\/www.cesar.org.br\/painel\/wp-json\/wp\/v2\/formato_insights?post=2372"}],"curies":[{"name":"wp","href":"https:\/\/api.w.org\/{rel}","templated":true}]}}