{"id":2310,"date":"2023-08-17T00:00:00","date_gmt":"2023-08-17T00:00:00","guid":{"rendered":"https:\/\/www.cesar.org.br\/painel\/insight\/por-que-a-gestao-do-conhecimento-e-fundamental-para-a-empresa\/"},"modified":"2025-07-08T17:48:08","modified_gmt":"2025-07-08T20:48:08","slug":"por-que-a-gestao-do-conhecimento-e-fundamental-para-a-empresa","status":"publish","type":"insight","link":"https:\/\/www.cesar.org.br\/painel\/insight\/por-que-a-gestao-do-conhecimento-e-fundamental-para-a-empresa\/","title":{"rendered":"Por que a gest\u00e3o do conhecimento \u00e9 fundamental para a empresa?"},"content":{"rendered":"<div class=\"content-article\">\n<p>A gest\u00e3o do conhecimento \u00e9 fundamental para garantir o bom desempenho dos funcion\u00e1rios dentro das organiza\u00e7\u00f5es. Apesar de ser de grande import\u00e2ncia, \u00e9 comum ter d\u00favidas relacionadas ao assunto, como: porque investir nessa estrat\u00e9gia, como aplic\u00e1-la e mais.<\/p>\n<p>Pensando nisso, preparamos esse conte\u00fado para sanar suas d\u00favidas e te dar insumos sobre se voc\u00ea deve ou n\u00e3o aplicar a gest\u00e3o do conhecimento na sua empresa. Continue lendo e confira todas as informa\u00e7\u00f5es que preparamos para voc\u00ea!<\/p>\n<h2>O que \u00e9 gest\u00e3o do conhecimento?<\/h2>\n<p style=\"text-align: center;\"><img decoding=\"async\" class=\"aligncenter\" src=\"\/documents\/805050\/1136024\/o-que-e-gesta-de-conhecimento.jpg\" alt=\"mulher explicando para grupo de colaboradores\" height=\"569\" \/><\/p>\n<p>A gest\u00e3o do conhecimento \u00e9 um conceito que se refere \u00e0 <strong>cria\u00e7\u00e3o, compartilhamento e fortalecimento do conhecimento<\/strong> em determinado grupo ou empresa. Al\u00e9m disso, ela tamb\u00e9m inclui a manuten\u00e7\u00e3o e distribui\u00e7\u00e3o das informa\u00e7\u00f5es para que elas se tornem de f\u00e1cil acesso.<\/p>\n<p>Dentro das corpora\u00e7\u00f5es, ela est\u00e1 relacionada, principalmente, com as habilidades, aprendizados e<a href=\"https:\/\/materiais.cesar.org.br\/educacao-corporativa-guia\" target=\"_blank\" rel=\"noopener\"><img loading=\"lazy\" decoding=\"async\" class=\"alignright\" src=\"\/documents\/805050\/0\/Tablet+%2822%29+%281%29.png\" alt=\"\" width=\"321\" height=\"328\" \/><\/a><br \/>\ninforma\u00e7\u00f5es que devem ser adquiridas para contribuir com o desenvolvimento e crescimento empresarial, estando totalmente interligada com a <a href=\"https:\/\/www.cesar.org.br\/pt\/w\/educacao-corporativa-o-caminho-necessario-para-atrair-e-desenvolver-talentos-nas-empresas\" target=\"_blank\" rel=\"noopener\">educa\u00e7\u00e3o corporativa<\/a>.<\/p>\n<p>A express\u00e3o foi utilizada pela primeira vez na d\u00e9cada de 90 por Peter Drucker e, desde ent\u00e3o, vem sendo utilizada para garantir a efici\u00eancia dos trabalhos e o atingimento dos objetivos da empresa. Vale ressaltar que esses conhecimentos envolvem diversas \u00e1reas e podem ser veiculados por v\u00e1rios recursos, como rodas de debates t\u00e9cnicos, perguntas frequentes, treinamentos de desenvolvimento de habilidades pessoais e outros.<\/p>\n<h2>Por que as empresas devem investir em gest\u00e3o do conhecimento?<\/h2>\n<p>A gest\u00e3o do conhecimento \u00e9 uma abordagem que ajuda a <strong>facilitar o acesso, compartilhamento e atualiza\u00e7\u00e3o de conhecimentos valiosos para a organiza\u00e7\u00e3o<\/strong>, consequentemente, pode torn\u00e1-la mais produtiva. Assim, os funcion\u00e1rios conseguem colaborar mais entre si, al\u00e9m de gerar novas ideias que promovem <a href=\"https:\/\/www.cesar.org.br\/w\/tipos-de-inovacao-conheca-quais-sao-e-como-funcionam\" target=\"_blank\" rel=\"noopener\">inova\u00e7\u00f5es <\/a>que podem se tornar rent\u00e1veis para os neg\u00f3cios.<\/p>\n<p>Al\u00e9m disso, os dados e informa\u00e7\u00f5es colhidos pela empresa t\u00eam maior qualidade, ajudando na tomada de decis\u00f5es e tornando-as mais r\u00e1pidas.<\/p>\n<p>Segundo um relat\u00f3rio do <a href=\"https:\/\/www.mckinsey.com\/industries\/technology-media-and-telecommunications\/our-insights\/the-social-economy\" target=\"_blank\" rel=\"nofollow noopener\">McKinsey Global Institute<\/a>, empresas que possuem um bom sistema de gerenciamento de conhecimento podem reduzir o tempo de busca das informa\u00e7\u00f5es em at\u00e9 35%, al\u00e9m de aumentar a produtividade dos funcion\u00e1rios em at\u00e9 25%.<\/p>\n<p>Sem a gest\u00e3o do conhecimento, os funcion\u00e1rios s\u00e3o for\u00e7ados a aprender e reaprender processos sozinhos, o que pode ser muito prejudicial para as empresas. Afinal, as organiza\u00e7\u00f5es podem arriscar perder os processos e informa\u00e7\u00f5es adquiridas pelos funcion\u00e1rios caso eles deixem seus cargos.<\/p>\n<h2>Como aplicar a gest\u00e3o do conhecimento dentro da empresa?<\/h2>\n<p style=\"text-align: center;\"><img decoding=\"async\" class=\"aligncenter\" src=\"\/documents\/805050\/1136024\/como-aplicar-gestao-de-conhecimento.jpg\" alt=\"mulher explicando para grupo de colaboradores\" height=\"533\" \/><\/p>\n<p>Se voc\u00ea deseja aplicar a gest\u00e3o do conhecimento com efic\u00e1cia na sua empresa, \u00e9 preciso muita aten\u00e7\u00e3o e um planejamento detalhado. Desta forma, voc\u00ea conseguir\u00e1 atingir bons resultados e as metas da sua organiza\u00e7\u00e3o, <strong>al\u00e9m de fomentar a educa\u00e7\u00e3o corporativa entre os colaboradores<\/strong>. Para isso, tenha mapeado alguns pontos importantes:<\/p>\n<h3>1. Avalie a situa\u00e7\u00e3o da empresa<\/h3>\n<p>O primeiro passo para implementar a gest\u00e3o do conhecimento na sua empresa \u00e9 por meio de uma an\u00e1lise minuciosa da situa\u00e7\u00e3o atual da organiza\u00e7\u00e3o.<\/p>\n<p>Neste momento, \u00e9 preciso observar diversos fatores relacionados \u00e0 institui\u00e7\u00e3o, como a forma que os colaboradores trocam informa\u00e7\u00f5es atualmente, objetivos da empresa, pontos a serem melhorados quanto a cultura organizacional e outros fatores importantes a respeito da comunica\u00e7\u00e3o.<\/p>\n<p>\u00c9 importante lembrar que a <a href=\"https:\/\/www.cesar.org.br\/w\/cultura-de-inovacao-o-que-e-relevancia-e-insights-1\" target=\"_blank\" rel=\"noopener\">cultura de inova\u00e7\u00e3o<\/a> \u00e9 fundamental para empresas que desejam ter efetividade no compartilhamento de informa\u00e7\u00f5es. Dessa forma, \u00e9 importante investir em projetos de inova\u00e7\u00e3o dentro da empresa e fomentar a criatividade entre as equipes.<\/p>\n<p>Ap\u00f3s essa avalia\u00e7\u00e3o, voc\u00ea conseguir\u00e1 identificar os pontos que merecem aten\u00e7\u00e3o e onde os esfor\u00e7os devem ser alocados.<\/p>\n<h3>2. Fa\u00e7a um planejamento bem estruturado<\/h3>\n<p>Essa \u00e9 a etapa em que a empresa dever\u00e1 definir todas as a\u00e7\u00f5es que ser\u00e3o realizadas com respons\u00e1veis pela execu\u00e7\u00e3o e prazos definidos. Eles ser\u00e3o as respons\u00e1veis por desenvolver cada etapa definida no planejamento a fim de atingir as metas e o objetivo da corpora\u00e7\u00e3o.<\/p>\n<p>Portanto, \u00e9 muito importante que os colaboradores escolhidos tenham as compet\u00eancias e os conhecimentos necess\u00e1rios para liderarem as equipes e conduzirem todos at\u00e9 o final do planejamento estruturado.<\/p>\n<p>Entre as a\u00e7\u00f5es de gest\u00e3o do conhecimento que podem ser realizadas internamente, est\u00e3o as de educa\u00e7\u00e3o corporativa. <strong>Elas ajudam a criar ambientes de aprendizagem, atrair e reter colaboradores em busca de conhecimento<\/strong>. Entre as poss\u00edveis atividades est\u00e3o:<\/p>\n<ul>\n<li>Mentoring;<\/li>\n<li>Coaching;<\/li>\n<li>Cursos;<\/li>\n<li>Treinamentos;<\/li>\n<li>Palestras;<\/li>\n<li>E-learning;<\/li>\n<li>Gamifica\u00e7\u00e3o.<\/li>\n<\/ul>\n<h3>3. Fa\u00e7a testes<\/h3>\n<p>Com o planejamento finalizado, \u00e9 momento de coloc\u00e1-lo em pr\u00e1tica. Essa aplica\u00e7\u00e3o te ajudar\u00e1 a identificar as poss\u00edveis oportunidades de melhorias e quais a\u00e7\u00f5es podem ser descartadas, pois n\u00e3o trouxeram resultados positivos ou os colaboradores n\u00e3o se adaptaram bem.<\/p>\n<p>Al\u00e9m disso, aproveite esse momento para <strong>criar novos canais de discuss\u00e3o para facilitar o di\u00e1logo entre todos na empresa<\/strong>, a fim de ajudar as equipes e a gest\u00e3o entender como est\u00e3o sendo os resultados nesse per\u00edodo de testes.<\/p>\n<h3>4. Monitore os resultados e invista em melhorias cont\u00ednuas<\/h3>\n<p>Ap\u00f3s serem realizados todos os testes, a empresa est\u00e1 preparada para implementar a gest\u00e3o do conhecimento oficialmente. E juntamente com a implementa\u00e7\u00e3o, deve ser criado um sistema de acompanhamento dos resultados para encontrar as oportunidades de melhorias. Isso ajudar\u00e1 a empresa a melhorar e preencher as lacunas dos processos conforme os mesmos v\u00e3o acontecendo.<\/p>\n<blockquote><p>Aplicou diversas iniciativas de educa\u00e7\u00e3o corporativa na sua empresa e quer saber se elas est\u00e3o gerando resultados? Acesse e confira os <a href=\"https:\/\/materiais.cesar.org.br\/educacao-corporativa-infografico\" target=\"_blank\" rel=\"noopener\">7 indicadores de Educa\u00e7\u00e3o Corporativa<\/a> que sua organiza\u00e7\u00e3o precisa acompanhar!<\/p><\/blockquote>\n<h2>4 benef\u00edcios da gest\u00e3o do conhecimento para os colaboradores<\/h2>\n<p style=\"text-align: center;\"><img decoding=\"async\" class=\"aligncenter\" src=\"\/documents\/805050\/1136024\/beneficios-da-gestao-de-conhecimento.jpg\" alt=\"\" height=\"533\" \/><\/p>\n<p>Como vimos anteriormente, a gest\u00e3o do conhecimento pode trazer diversos benef\u00edcios para as empresas, mas, tamb\u00e9m pode ser muito ben\u00e9fica para os colaboradores. Continue lendo e venha conferir quais s\u00e3o:<\/p>\n<h3>&#8211; Gest\u00e3o do capital intelectual<\/h3>\n<p>A gest\u00e3o do capital intelectual \u00e9 o processo de <strong>identificar e compartilhar os saberes entre diversas pessoas<\/strong>. Com a gest\u00e3o do conhecimento, os funcion\u00e1rios podem expandir seus aprendizados e trocar experi\u00eancias com colegas de trabalho. Consequentemente, desenvolvem suas habilidades pessoais e s\u00e3o mais valorizados no mercado.<\/p>\n<h3>&#8211; Gest\u00e3o de compet\u00eancias<\/h3>\n<p>Assim como as empresas possuem suas pr\u00f3prias metas, os colaboradores tamb\u00e9m. E a gest\u00e3o de compet\u00eancias \u00e9 a respons\u00e1vel por aperfei\u00e7oar as habilidades que os funcion\u00e1rios precisam para atingir seus objetivos. Vale ressaltar que est\u00e3o inclusas as hard skills e as soft skills, ou seja, as compet\u00eancias t\u00e9cnicas e comportamentais.<\/p>\n<h3>&#8211; Cultura organizacional potencializada<\/h3>\n<p>A cultura organizacional \u00e9 essencial para todas as empresas e, quando a gest\u00e3o do conhecimento \u00e9 implementada nas institui\u00e7\u00f5es, ela \u00e9 fortalecida ainda mais. Com isso, os funcion\u00e1rios se tornam mais engajados e pertencentes, consequentemente, sentem mais conex\u00e3o com seus colegas de equipe e se sentem mais satisfeitos com o papel que desempenham na organiza\u00e7\u00e3o.<\/p>\n<h3>&#8211; A inova\u00e7\u00e3o \u00e9 impulsionada<\/h3>\n<p>A inova\u00e7\u00e3o \u00e9 essencial para as empresas se manterem competitivas no mercado, como tamb\u00e9m \u00e9 de grande valia para os colaboradores. Por meio da gest\u00e3o do conhecimento, <strong>os funcion\u00e1rios adquirem novos aprendizados e se tornam mais criativos e inovadores<\/strong>, fomentando uma <a href=\"https:\/\/www.cesar.org.br\/w\/cultura-de-inovacao-o-que-e-relevancia-e-insights-1\" target=\"_blank\" rel=\"noopener\">cultura de inova\u00e7\u00e3o <\/a>altamente ben\u00e9fica para a corpora\u00e7\u00e3o.<\/p>\n<p>Desse modo, a empresa se renova e permanece alinhada com as novas demandas do mercado, mantendo a competitividade e relev\u00e2ncia em seu nicho de atua\u00e7\u00e3o.<\/p>\n<blockquote><p>Aproveite e venha conferir: <a href=\"https:\/\/www.cesar.org.br\/pt\/w\/a-evolucao-da-educacao-corporativa-para-onde-estamos-indo-\" target=\"_blank\" rel=\"noopener\">a evolu\u00e7\u00e3o da Educa\u00e7\u00e3o Corporativa: para onde estamos indo<\/a>? Fique por dentro!<\/p><\/blockquote>\n<h2>Case de sucesso<\/h2>\n<p>Um grande exemplo de aplica\u00e7\u00e3o da gest\u00e3o do conhecimento, na pr\u00e1tica, \u00e9 o <a href=\"https:\/\/www.projetodraft.com\/na-lideranca-das-tecnologias-habilitadoras\/\" target=\"_blank\" rel=\"nofollow noopener\">Tech Trends<\/a>, um<a href=\"https:\/\/materiais.cesar.org.br\/ec-lifelong-learning\" target=\"_blank\" rel=\"noopener\"><img loading=\"lazy\" decoding=\"async\" class=\"alignright\" src=\"\/documents\/805050\/0\/Mockup+%289%29.png\" alt=\"A smartphone displaying a vibrant orange background with a smiling woman in a grey outfit, promotional text about lifelong learning and corporate education, along with graphic illustrations s\" width=\"234\" height=\"430\" \/><\/a><br \/>\nprograma que visa fomentar a produ\u00e7\u00e3o e a dissemina\u00e7\u00e3o de pesquisas do CESAR e da CESAR School. O programa desenvolve e publica pesquisas com foco em tecnologias habilitadoras, visando criar parcerias internas e reunir conhecimentos para pessoas de diferentes \u00e1reas.<\/p>\n<p>Al\u00e9m disso, o Tech Trends \u00e9 um caminho para <strong>agregar valor aos servi\u00e7os desenvolvidos pela organiza\u00e7\u00e3o<\/strong>. Afinal, essa dissemina\u00e7\u00e3o de conhecimento pode levar a conversas com potenciais clientes de forma mais qualificada.<\/p>\n<p>Esperamos que voc\u00ea tenha gostado desse post! Continue acompanhando os conte\u00fados do CESAR para mais informa\u00e7\u00f5es como essa. At\u00e9 a pr\u00f3xima!<\/p>\n<blockquote>\n<h4>A educa\u00e7\u00e3o corporativa \u00e9 fundamental para as organiza\u00e7\u00f5es. Para saber mais sobre seus impactos, programas e estrat\u00e9gias, baixe o <a href=\"https:\/\/materiais.cesar.org.br\/educacao-corporativa-guia\" target=\"_blank\" rel=\"noopener\">eBook CESAR sobre Educa\u00e7\u00e3o Corporativa e Lifelong Learning<\/a>!<\/h4>\n<\/blockquote>\n<\/div>\n","protected":false},"featured_media":2311,"template":"","categories":[2],"tags":[],"formato_insights":[],"class_list":["post-2310","insight","type-insight","status-publish","has-post-thumbnail","hentry","category-educacao"],"acf":[],"_links":{"self":[{"href":"https:\/\/www.cesar.org.br\/painel\/wp-json\/wp\/v2\/insight\/2310","targetHints":{"allow":["GET"]}}],"collection":[{"href":"https:\/\/www.cesar.org.br\/painel\/wp-json\/wp\/v2\/insight"}],"about":[{"href":"https:\/\/www.cesar.org.br\/painel\/wp-json\/wp\/v2\/types\/insight"}],"wp:featuredmedia":[{"embeddable":true,"href":"https:\/\/www.cesar.org.br\/painel\/wp-json\/wp\/v2\/media\/2311"}],"wp:attachment":[{"href":"https:\/\/www.cesar.org.br\/painel\/wp-json\/wp\/v2\/media?parent=2310"}],"wp:term":[{"taxonomy":"category","embeddable":true,"href":"https:\/\/www.cesar.org.br\/painel\/wp-json\/wp\/v2\/categories?post=2310"},{"taxonomy":"post_tag","embeddable":true,"href":"https:\/\/www.cesar.org.br\/painel\/wp-json\/wp\/v2\/tags?post=2310"},{"taxonomy":"formato_insights","embeddable":true,"href":"https:\/\/www.cesar.org.br\/painel\/wp-json\/wp\/v2\/formato_insights?post=2310"}],"curies":[{"name":"wp","href":"https:\/\/api.w.org\/{rel}","templated":true}]}}